{"id":937,"date":"2021-09-18T22:41:30","date_gmt":"2021-09-18T20:41:30","guid":{"rendered":"https:\/\/torrensmoliner.com\/collection\/wine\/"},"modified":"2024-09-03T01:04:32","modified_gmt":"2024-09-02T23:04:32","slug":"wine","status":"publish","type":"page","link":"https:\/\/torrensmoliner.com\/en\/collection\/wine\/","title":{"rendered":"wine"},"content":{"rendered":"<p>[et_pb_section fb_built=&#8221;1&#8243; _builder_version=&#8221;4.16&#8243; _module_preset=&#8221;default&#8221; custom_padding=&#8221;||4px|||&#8221; global_colors_info=&#8221;{}&#8221;][et_pb_row _builder_version=&#8221;4.16&#8243; _module_preset=&#8221;default&#8221; global_colors_info=&#8221;{}&#8221;][et_pb_column type=&#8221;4_4&#8243; _builder_version=&#8221;4.16&#8243; _module_preset=&#8221;default&#8221; global_colors_info=&#8221;{}&#8221;][et_pb_post_title meta=&#8221;off&#8221; featured_image=&#8221;off&#8221; _builder_version=&#8221;4.16&#8243; _module_preset=&#8221;default&#8221; title_text_align=&#8221;center&#8221; title_font_size=&#8221;46px&#8221; custom_margin=&#8221;||0px||false|false&#8221; global_colors_info=&#8221;{}&#8221;][\/et_pb_post_title][et_pb_divider divider_weight=&#8221;2px&#8221; _builder_version=&#8221;4.16&#8243; _module_preset=&#8221;default&#8221; width=&#8221;200px&#8221; module_alignment=&#8221;center&#8221; global_colors_info=&#8221;{}&#8221;][\/et_pb_divider][\/et_pb_column][\/et_pb_row][\/et_pb_section][et_pb_section fb_built=&#8221;1&#8243; _builder_version=&#8221;4.16&#8243; _module_preset=&#8221;default&#8221; custom_padding=&#8221;3px|||||&#8221; global_colors_info=&#8221;{}&#8221;][et_pb_row column_structure=&#8221;1_2,1_2&#8243; use_custom_gutter=&#8221;on&#8221; gutter_width=&#8221;1&#8243; make_equal=&#8221;on&#8221; module_id=&#8221;gran-seleccio&#8221; _builder_version=&#8221;4.16&#8243; _module_preset=&#8221;default&#8221; custom_margin=&#8221;30px||30px||true|false&#8221; global_colors_info=&#8221;{}&#8221;][et_pb_column type=&#8221;1_2&#8243; _builder_version=&#8221;4.16&#8243; _module_preset=&#8221;default&#8221; global_colors_info=&#8221;{}&#8221;][et_pb_image src=&#8221;https:\/\/torrensmoliner.com\/wp-content\/uploads\/2022\/04\/Image_0071-02-copia.jpg&#8221; title_text=&#8221;Image_0071-02 copy&#8221; align=&#8221;center&#8221; _builder_version=&#8221;4.20.0&#8243; _module_preset=&#8221;default&#8221; width=&#8221;200px&#8221; global_colors_info=&#8221;{}&#8221;][\/et_pb_image][\/et_pb_column][et_pb_column type=&#8221;1_2&#8243; _builder_version=&#8221;4.16&#8243; _module_preset=&#8221;default&#8221; background_color=&#8221;#f4f4f4&#8243; custom_padding=&#8221;25px|25px|25px|25px|true|true&#8221; custom_css_main_element=&#8221;display: flex;||flex-direction: column;||justify-content: center;&#8221; border_radii=&#8221;on|25px|25px|25px|25px&#8221; global_colors_info=&#8221;{}&#8221;][et_pb_text _builder_version=&#8221;4.16&#8243; _module_preset=&#8221;default&#8221; header_3_font_size=&#8221;38px&#8221; custom_margin=&#8221;||0px||false|false&#8221; custom_padding=&#8221;||0px|||&#8221; global_colors_info=&#8221;{}&#8221;]<\/p>\n<h3>Reserve Red Wine 2014<\/h3>\n<p>[\/et_pb_text][et_pb_divider color=&#8221;#000000&#8243; divider_weight=&#8221;3px&#8221; _builder_version=&#8221;4.17.6&#8243; _module_preset=&#8221;default&#8221; width=&#8221;100%&#8221; custom_margin=&#8221;||3px|||&#8221; global_colors_info=&#8221;{}&#8221;][\/et_pb_divider][et_pb_text _builder_version=&#8221;4.17.6&#8243; _module_preset=&#8221;default&#8221; header_4_font=&#8221;Mulish|600|||||||&#8221; header_4_font_size=&#8221;19px&#8221; custom_margin=&#8221;-8px|||||&#8221; custom_padding=&#8221;||1px|||&#8221; global_colors_info=&#8221;{}&#8221;]<\/p>\n<h4>Cabernet Sauvignon and Merlot<\/h4>\n<p>[\/et_pb_text][et_pb_text _builder_version=&#8221;4.16&#8243; _module_preset=&#8221;default&#8221; global_colors_info=&#8221;{}&#8221;]<\/p>\n<div class=\"col-md-8\">\n<h5>Tasting Notes<\/h5>\n<p><span>Clear, bright with abundant tear. Aging in French oak barrels. Picota red color well covered. Intense aroma with hints of vanilla and coconut. Structured palate, elegant and with personality that gives it the character of our land.    <\/span><\/p>\n<h5>Variety &#8211; Harvest &#8211; Origin<\/h5>\n<p>Designation of origin Pened\u00e8s (DO PENEDES)<br \/> Fontrub\u00ed and El Pl\u00e0 del Pened\u00e8s (Alt Pened\u00e8s)<\/p>\n<p>Harvest 2013 Lot. 01-0114<br \/> 50% Merlot, 50% Cabernet Sauvignon. <\/p>\n<p>Manual harvest in 15 Kg boxes. Net. <\/p>\n<h5>Raising &#8211; Elaboration<\/h5>\n<p><span>Aging in French oak barrels for 10 months, and subsequent aging in bottle.<\/span><\/p>\n<\/div>\n<p>[\/et_pb_text][et_pb_button button_url=&#8221;https:\/\/torrensmoliner.com\/botiga\/cava\/gran-seleccio\/&#8221; button_text=&#8221;buy&#8221; button_alignment=&#8221;right&#8221; _builder_version=&#8221;4.16&#8243; _module_preset=&#8221;default&#8221; global_colors_info=&#8221;{}&#8221;][\/et_pb_button][\/et_pb_column][\/et_pb_row][et_pb_row column_structure=&#8221;1_2,1_2&#8243; use_custom_gutter=&#8221;on&#8221; gutter_width=&#8221;1&#8243; make_equal=&#8221;on&#8221; module_id=&#8221;gran-seleccio&#8221; _builder_version=&#8221;4.16&#8243; _module_preset=&#8221;default&#8221; custom_margin=&#8221;30px||30px||true|false&#8221; global_colors_info=&#8221;{}&#8221;][et_pb_column type=&#8221;1_2&#8243; _builder_version=&#8221;4.16&#8243; _module_preset=&#8221;default&#8221; background_color=&#8221;#f4f4f4&#8243; custom_padding=&#8221;25px|25px|25px|25px|true|true&#8221; custom_css_main_element=&#8221;display: flex;||flex-direction: column;||justify-content: center;&#8221; border_radii=&#8221;on|25px|25px|25px|25px&#8221; global_colors_info=&#8221;{}&#8221;][et_pb_text _builder_version=&#8221;4.16&#8243; _module_preset=&#8221;default&#8221; header_3_font_size=&#8221;38px&#8221; custom_margin=&#8221;||0px||false|false&#8221; custom_padding=&#8221;||0px|||&#8221; global_colors_info=&#8221;{}&#8221;]<\/p>\n<div class=\"et_pb_module et_pb_text et_pb_text_0 et_pb_text_align_left et_pb_bg_layout_light\">\n<div class=\"et_pb_text_inner\">\n<h3>Crian\u00e7a Red Wine 2015<\/h3>\n<\/div>\n<\/div>\n<p>[\/et_pb_text][et_pb_divider color=&#8221;#5A0C1C&#8221; divider_weight=&#8221;3px&#8221; _builder_version=&#8221;4.17.6&#8243; _module_preset=&#8221;default&#8221; width=&#8221;100%&#8221; custom_margin=&#8221;||3px|||&#8221; global_colors_info=&#8221;{}&#8221;][\/et_pb_divider][et_pb_text _builder_version=&#8221;4.17.6&#8243; _module_preset=&#8221;default&#8221; header_4_font=&#8221;Mulish|600|||||||&#8221; header_4_font_size=&#8221;19px&#8221; custom_margin=&#8221;-8px|||||&#8221; global_colors_info=&#8221;{}&#8221;]<\/p>\n<div class=\"et_pb_module et_pb_text et_pb_text_1 et_pb_text_align_left et_pb_bg_layout_light\">\n<div class=\"et_pb_text_inner\">\n<h4>Cabernet Sauvignon, Merlot and Syrah<\/h4>\n<\/div>\n<\/div>\n<p>[\/et_pb_text][et_pb_text _builder_version=&#8221;4.16&#8243; _module_preset=&#8221;default&#8221; global_colors_info=&#8221;{}&#8221;]<\/p>\n<div class=\"col-md-8\">\n<h5>Tasting Notes<\/h5>\n<p><span>Ruby red color. Sharp and intense aroma, with a very rich, round and highly evolved palate. Maceration of the grapes for 15 days. Aging in French oak barrels for 6 months, and then resting in bottle.   <\/span><\/p>\n<h5>Variety &#8211; Harvest &#8211; Origin<\/h5>\n<p>Designation of origin Pened\u00e8s (DO PENEDES)<br \/> Fontrub\u00ed and El Pl\u00e0 del Pened\u00e8s (Alt Pened\u00e8s)<\/p>\n<p>Harvest 2014 Lot. 01-0215<br \/> 25% Merlot, 25% Syrah, and 50% Cabernet Sauvignon. <\/p>\n<p>Manual harvest in 15 Kg boxes. Net. <\/p>\n<h5>Raising &#8211; Elaboration<\/h5>\n<p><span>Aging in French oak barrels for 6 months, and subsequent aging in bottle.<\/span><\/p>\n<\/div>\n<p>[\/et_pb_text][et_pb_button button_url=&#8221;https:\/\/torrensmoliner.com\/botiga\/cava\/gran-reserva\/&#8221; button_text=&#8221;buy&#8221; button_alignment=&#8221;right&#8221; _builder_version=&#8221;4.16&#8243; _module_preset=&#8221;default&#8221; global_colors_info=&#8221;{}&#8221;][\/et_pb_button][\/et_pb_column][et_pb_column type=&#8221;1_2&#8243; _builder_version=&#8221;4.16&#8243; _module_preset=&#8221;default&#8221; global_colors_info=&#8221;{}&#8221;][et_pb_image src=&#8221;https:\/\/torrensmoliner.com\/wp-content\/uploads\/2022\/04\/Image_0071-01-copia.jpg&#8221; title_text=&#8221;Image_0071-01 copy&#8221; align=&#8221;center&#8221; _builder_version=&#8221;4.20.0&#8243; _module_preset=&#8221;default&#8221; width=&#8221;200px&#8221; global_colors_info=&#8221;{}&#8221;][\/et_pb_image][\/et_pb_column][\/et_pb_row][et_pb_row column_structure=&#8221;1_2,1_2&#8243; use_custom_gutter=&#8221;on&#8221; gutter_width=&#8221;1&#8243; make_equal=&#8221;on&#8221; module_id=&#8221;gran-seleccio&#8221; _builder_version=&#8221;4.16&#8243; _module_preset=&#8221;default&#8221; custom_margin=&#8221;30px||30px||true|false&#8221; global_colors_info=&#8221;{}&#8221;][et_pb_column type=&#8221;1_2&#8243; _builder_version=&#8221;4.16&#8243; _module_preset=&#8221;default&#8221; global_colors_info=&#8221;{}&#8221;][et_pb_image src=&#8221;https:\/\/torrensmoliner.com\/wp-content\/uploads\/2022\/04\/Image_0091-01-copia.jpg&#8221; title_text=&#8221;Image_0091-01 copy&#8221; align=&#8221;center&#8221; _builder_version=&#8221;4.20.0&#8243; _module_preset=&#8221;default&#8221; width=&#8221;200px&#8221; global_colors_info=&#8221;{}&#8221;][\/et_pb_image][\/et_pb_column][et_pb_column type=&#8221;1_2&#8243; _builder_version=&#8221;4.16&#8243; _module_preset=&#8221;default&#8221; background_color=&#8221;#f4f4f4&#8243; custom_padding=&#8221;25px|25px|25px|25px|true|true&#8221; custom_css_main_element=&#8221;display: flex;||flex-direction: column;||justify-content: center;&#8221; border_radii=&#8221;on|25px|25px|25px|25px&#8221; global_colors_info=&#8221;{}&#8221;][et_pb_text _builder_version=&#8221;4.16&#8243; _module_preset=&#8221;default&#8221; header_3_font_size=&#8221;38px&#8221; custom_margin=&#8221;||0px||false|false&#8221; custom_padding=&#8221;||0px|||&#8221; global_colors_info=&#8221;{}&#8221;]<\/p>\n<h3>Blanc d&#8217;Anyada<\/h3>\n<p>[\/et_pb_text][et_pb_divider color=&#8221;#398263&#8243; divider_weight=&#8221;3px&#8221; _builder_version=&#8221;4.17.6&#8243; _module_preset=&#8221;default&#8221; width=&#8221;100%&#8221; custom_margin=&#8221;||3px|||&#8221; global_colors_info=&#8221;{}&#8221;][\/et_pb_divider][et_pb_text _builder_version=&#8221;4.16&#8243; _module_preset=&#8221;default&#8221; header_4_font=&#8221;Mulish|600|||||||&#8221; header_4_font_size=&#8221;19px&#8221; custom_margin=&#8221;-8px|||||&#8221; global_colors_info=&#8221;{}&#8221;]<\/p>\n<h4>Xarel.lo 100%<\/h4>\n<p>[\/et_pb_text][et_pb_text _builder_version=&#8221;4.16&#8243; _module_preset=&#8221;default&#8221; global_colors_info=&#8221;{}&#8221;]<\/p>\n<div class=\"col-md-8\">\n<h5>Tasting Notes<\/h5>\n<p><span>Young, fresh, with an interesting aroma and bouquet, dry and fresh cm corresponding to a vintage wine. Balanced, full and persistent in the mouth. <\/span><\/p>\n<h5>Variety &#8211; Harvest &#8211; Origin<\/h5>\n<p>Designation of origin Pened\u00e8s (DO PENEDES)<br \/> La Fortesa \u2013 Anoia (Alt Pened\u00e8s)<\/p>\n<p>Harvest 2021 Lot. 03-0222 <\/p>\n<p>100% Xarel.lo<\/p>\n<p><span>Manual harvest in 15 Kg boxes. Net. <\/span><\/p>\n<h5>Cultivation &#8211; Elaboration<\/h5>\n<p><span>Maceration in a press and later in the lees itself, finding a balance in freshness and aromatic potential.<\/span><\/p>\n<\/div>\n<p>[\/et_pb_text][et_pb_button button_url=&#8221;https:\/\/torrensmoliner.com\/botiga\/cava\/reserva\/&#8221; button_text=&#8221;buy&#8221; button_alignment=&#8221;right&#8221; _builder_version=&#8221;4.16&#8243; _module_preset=&#8221;default&#8221; global_colors_info=&#8221;{}&#8221;][\/et_pb_button][\/et_pb_column][\/et_pb_row][\/et_pb_section]<\/p>\n","protected":false},"excerpt":{"rendered":"<p>Reserve Red Wine 2014Cabernet Sauvignon and Merlot Tasting Notes Clear, bright with abundant tear. Aging in French oak barrels. Picota red color well covered. Intense aroma with hints of vanilla and coconut. Structured palate, elegant and with personality that gives it the character of our land. Variety &#8211; Harvest &#8211; Origin Designation of origin Pened\u00e8s [&hellip;]<\/p>\n","protected":false},"author":1,"featured_media":0,"parent":921,"menu_order":7,"comment_status":"closed","ping_status":"closed","template":"","meta":{"_acf_changed":false,"_et_pb_use_builder":"on","_et_pb_old_content":"","_et_gb_content_width":"","footnotes":""},"class_list":["post-937","page","type-page","status-publish","hentry"],"acf":[],"yoast_head":"<!-- This site is optimized with the Yoast SEO plugin v23.3 - https:\/\/yoast.com\/wordpress\/plugins\/seo\/ -->\n<title>wine - Torrens Moliner<\/title>\n<meta name=\"robots\" content=\"index, follow, max-snippet:-1, max-image-preview:large, max-video-preview:-1\" \/>\n<link rel=\"canonical\" href=\"https:\/\/torrensmoliner.com\/en\/collection\/wine\/\" \/>\n<meta property=\"og:locale\" content=\"en_US\" \/>\n<meta property=\"og:type\" content=\"article\" \/>\n<meta property=\"og:title\" content=\"wine - Torrens Moliner\" \/>\n<meta property=\"og:description\" content=\"Reserve Red Wine 2014Cabernet Sauvignon and Merlot Tasting Notes Clear, bright with abundant tear. Aging in French oak barrels. Picota red color well covered. Intense aroma with hints of vanilla and coconut. Structured palate, elegant and with personality that gives it the character of our land. Variety - Harvest - Origin Designation of origin Pened\u00e8s [&hellip;]\" \/>\n<meta property=\"og:url\" content=\"https:\/\/torrensmoliner.com\/en\/collection\/wine\/\" \/>\n<meta property=\"og:site_name\" content=\"Torrens Moliner\" \/>\n<meta property=\"article:modified_time\" content=\"2024-09-02T23:04:32+00:00\" \/>\n<meta name=\"twitter:card\" content=\"summary_large_image\" \/>\n<meta name=\"twitter:label1\" content=\"Est. reading time\" \/>\n\t<meta name=\"twitter:data1\" content=\"6 minutes\" \/>\n<script type=\"application\/ld+json\" class=\"yoast-schema-graph\">{\"@context\":\"https:\/\/schema.org\",\"@graph\":[{\"@type\":\"WebPage\",\"@id\":\"https:\/\/torrensmoliner.com\/en\/collection\/wine\/\",\"url\":\"https:\/\/torrensmoliner.com\/en\/collection\/wine\/\",\"name\":\"wine - Torrens Moliner\",\"isPartOf\":{\"@id\":\"https:\/\/torrensmoliner.com\/en\/#website\"},\"datePublished\":\"2021-09-18T20:41:30+00:00\",\"dateModified\":\"2024-09-02T23:04:32+00:00\",\"breadcrumb\":{\"@id\":\"https:\/\/torrensmoliner.com\/en\/collection\/wine\/#breadcrumb\"},\"inLanguage\":\"en-US\",\"potentialAction\":[{\"@type\":\"ReadAction\",\"target\":[\"https:\/\/torrensmoliner.com\/en\/collection\/wine\/\"]}]},{\"@type\":\"BreadcrumbList\",\"@id\":\"https:\/\/torrensmoliner.com\/en\/collection\/wine\/#breadcrumb\",\"itemListElement\":[{\"@type\":\"ListItem\",\"position\":1,\"name\":\"Portada\",\"item\":\"https:\/\/torrensmoliner.com\/en\/\"},{\"@type\":\"ListItem\",\"position\":2,\"name\":\"Collection\",\"item\":\"https:\/\/torrensmoliner.com\/en\/collection\/\"},{\"@type\":\"ListItem\",\"position\":3,\"name\":\"wine\"}]},{\"@type\":\"WebSite\",\"@id\":\"https:\/\/torrensmoliner.com\/en\/#website\",\"url\":\"https:\/\/torrensmoliner.com\/en\/\",\"name\":\"Torrens Moliner\",\"description\":\"Vins i Caves a la Fortesa\",\"potentialAction\":[{\"@type\":\"SearchAction\",\"target\":{\"@type\":\"EntryPoint\",\"urlTemplate\":\"https:\/\/torrensmoliner.com\/en\/?s={search_term_string}\"},\"query-input\":\"required name=search_term_string\"}],\"inLanguage\":\"en-US\"}]}<\/script>\n<!-- \/ Yoast SEO plugin. -->","yoast_head_json":{"title":"wine - Torrens Moliner","robots":{"index":"index","follow":"follow","max-snippet":"max-snippet:-1","max-image-preview":"max-image-preview:large","max-video-preview":"max-video-preview:-1"},"canonical":"https:\/\/torrensmoliner.com\/en\/collection\/wine\/","og_locale":"en_US","og_type":"article","og_title":"wine - Torrens Moliner","og_description":"Reserve Red Wine 2014Cabernet Sauvignon and Merlot Tasting Notes Clear, bright with abundant tear. Aging in French oak barrels. Picota red color well covered. Intense aroma with hints of vanilla and coconut. Structured palate, elegant and with personality that gives it the character of our land. Variety - Harvest - Origin Designation of origin Pened\u00e8s [&hellip;]","og_url":"https:\/\/torrensmoliner.com\/en\/collection\/wine\/","og_site_name":"Torrens Moliner","article_modified_time":"2024-09-02T23:04:32+00:00","twitter_card":"summary_large_image","twitter_misc":{"Est. reading time":"6 minutes"},"schema":{"@context":"https:\/\/schema.org","@graph":[{"@type":"WebPage","@id":"https:\/\/torrensmoliner.com\/en\/collection\/wine\/","url":"https:\/\/torrensmoliner.com\/en\/collection\/wine\/","name":"wine - Torrens Moliner","isPartOf":{"@id":"https:\/\/torrensmoliner.com\/en\/#website"},"datePublished":"2021-09-18T20:41:30+00:00","dateModified":"2024-09-02T23:04:32+00:00","breadcrumb":{"@id":"https:\/\/torrensmoliner.com\/en\/collection\/wine\/#breadcrumb"},"inLanguage":"en-US","potentialAction":[{"@type":"ReadAction","target":["https:\/\/torrensmoliner.com\/en\/collection\/wine\/"]}]},{"@type":"BreadcrumbList","@id":"https:\/\/torrensmoliner.com\/en\/collection\/wine\/#breadcrumb","itemListElement":[{"@type":"ListItem","position":1,"name":"Portada","item":"https:\/\/torrensmoliner.com\/en\/"},{"@type":"ListItem","position":2,"name":"Collection","item":"https:\/\/torrensmoliner.com\/en\/collection\/"},{"@type":"ListItem","position":3,"name":"wine"}]},{"@type":"WebSite","@id":"https:\/\/torrensmoliner.com\/en\/#website","url":"https:\/\/torrensmoliner.com\/en\/","name":"Torrens Moliner","description":"Vins i Caves a la Fortesa","potentialAction":[{"@type":"SearchAction","target":{"@type":"EntryPoint","urlTemplate":"https:\/\/torrensmoliner.com\/en\/?s={search_term_string}"},"query-input":"required name=search_term_string"}],"inLanguage":"en-US"}]}},"_links":{"self":[{"href":"https:\/\/torrensmoliner.com\/en\/wp-json\/wp\/v2\/pages\/937","targetHints":{"allow":["GET"]}}],"collection":[{"href":"https:\/\/torrensmoliner.com\/en\/wp-json\/wp\/v2\/pages"}],"about":[{"href":"https:\/\/torrensmoliner.com\/en\/wp-json\/wp\/v2\/types\/page"}],"author":[{"embeddable":true,"href":"https:\/\/torrensmoliner.com\/en\/wp-json\/wp\/v2\/users\/1"}],"replies":[{"embeddable":true,"href":"https:\/\/torrensmoliner.com\/en\/wp-json\/wp\/v2\/comments?post=937"}],"version-history":[{"count":2,"href":"https:\/\/torrensmoliner.com\/en\/wp-json\/wp\/v2\/pages\/937\/revisions"}],"predecessor-version":[{"id":984,"href":"https:\/\/torrensmoliner.com\/en\/wp-json\/wp\/v2\/pages\/937\/revisions\/984"}],"up":[{"embeddable":true,"href":"https:\/\/torrensmoliner.com\/en\/wp-json\/wp\/v2\/pages\/921"}],"wp:attachment":[{"href":"https:\/\/torrensmoliner.com\/en\/wp-json\/wp\/v2\/media?parent=937"}],"curies":[{"name":"wp","href":"https:\/\/api.w.org\/{rel}","templated":true}]}}