{"id":801,"date":"2021-09-18T22:41:29","date_gmt":"2021-09-18T20:41:29","guid":{"rendered":"https:\/\/torrensmoliner.com\/inicio\/"},"modified":"2024-09-03T00:19:52","modified_gmt":"2024-09-02T22:19:52","slug":"inicio","status":"publish","type":"page","link":"https:\/\/torrensmoliner.com\/es\/","title":{"rendered":"Inicio"},"content":{"rendered":"<p>[et_pb_section fb_built=\u00bb1&#8243; fullwidth=\u00bbon\u00bb _builder_version=\u00bb4.16&#8243; _module_preset=\u00bbdefault\u00bb global_colors_info=\u00bb{}\u00bb][et_pb_fullwidth_slider _builder_version=\u00bb4.16&#8243; _module_preset=\u00bbdefault\u00bb custom_padding=\u00bb||500px|||\u00bb global_colors_info=\u00bb{}\u00bb][et_pb_slide _builder_version=\u00bb4.16&#8243; _module_preset=\u00bbdefault\u00bb background_image=\u00bbhttps:\/\/torrensmoliner.com\/wp-content\/uploads\/2021\/09\/MG_2671_P.jpg\u00bb background_enable_image=\u00bbon\u00bb global_colors_info=\u00bb{}\u00bb sticky_transition=\u00bbon\u00bb][\/et_pb_slide][\/et_pb_fullwidth_slider][\/et_pb_section][et_pb_section fb_built=\u00bb1&#8243; _builder_version=\u00bb4.16&#8243; _module_preset=\u00bbdefault\u00bb custom_padding=\u00bb100px||100px||true|false\u00bb global_colors_info=\u00bb{}\u00bb][et_pb_row _builder_version=\u00bb4.16&#8243; _module_preset=\u00bbdefault\u00bb custom_padding=\u00bb0px||0px|||\u00bb global_colors_info=\u00bb{}\u00bb][et_pb_column type=\u00bb4_4&#8243; _builder_version=\u00bb4.16&#8243; _module_preset=\u00bbdefault\u00bb global_colors_info=\u00bb{}\u00bb][et_pb_text _builder_version=\u00bb4.16&#8243; _module_preset=\u00bbdefault\u00bb header_font=\u00bbLato|700||on|||||\u00bb header_text_align=\u00bbcenter\u00bb header_text_color=\u00bb#B0976D\u00bb header_font_size=\u00bb20px\u00bb header_letter_spacing=\u00bb3px\u00bb header_line_height=\u00bb1.6em\u00bb header_2_font=\u00bbAlegreya SC||||||||\u00bb header_2_text_align=\u00bbcenter\u00bb header_2_font_size=\u00bb34px\u00bb custom_margin=\u00bb||21px|||\u00bb global_colors_info=\u00bb{}\u00bb]<\/p>\n<h1>&#8211; Vinos y cavas Torrens Moliner &#8211;<\/h1>\n<p>&nbsp;<\/p>\n<h2><em>\u275d Calidad, tradici\u00f3n y una filosof\u00eda en el cuidado del producto y de la tierra son nuestros aliados para obtener nuestras elaboraciones\u275e<\/em><\/h2>\n<p>[\/et_pb_text][\/et_pb_column][\/et_pb_row][\/et_pb_section][et_pb_section fb_built=\u00bb1&#8243; _builder_version=\u00bb4.16&#8243; _module_preset=\u00bbdefault\u00bb custom_padding=\u00bb0px|||||\u00bb global_colors_info=\u00bb{}\u00bb][et_pb_row column_structure=\u00bb1_2,1_2&#8243; use_custom_gutter=\u00bbon\u00bb gutter_width=\u00bb1&#8243; make_equal=\u00bbon\u00bb _builder_version=\u00bb4.16&#8243; _module_preset=\u00bbdefault\u00bb width=\u00bb100%\u00bb max_width=\u00bb100%\u00bb custom_margin=\u00bb|-16px||-16px|false|true\u00bb custom_padding=\u00bb0px||0px||true|\u00bb global_colors_info=\u00bb{}\u00bb][et_pb_column type=\u00bb1_2&#8243; _builder_version=\u00bb4.16&#8243; _module_preset=\u00bbdefault\u00bb global_colors_info=\u00bb{}\u00bb][et_pb_image src=\u00bbhttps:\/\/torrensmoliner.com\/wp-content\/uploads\/2021\/12\/TORRENS-MOLINER-EXPERIENCIA-TRADICIO.jpg\u00bb title_text=\u00bbTORRENS-MOLINER-EXPERIENCIA-TRADICION\u00bb force_fullwidth=\u00bbon\u00bb _builder_version=\u00bb4.16&#8243; _module_preset=\u00bbdefault\u00bb global_colors_info=\u00bb{}\u00bb][\/et_pb_image][\/et_pb_column][et_pb_column type=\u00bb1_2&#8243; _builder_version=\u00bb4.16&#8243; _module_preset=\u00bbdefault\u00bb custom_padding=\u00bb|5em||5em|false|true\u00bb custom_padding_tablet=\u00bb\u00bb custom_padding_phone=\u00bb|3em||3em|false|true\u00bb custom_padding_last_edited=\u00bbon|desktop\u00bb custom_css_main_element=\u00bbdisplay: flex;||flex-direction: column;||justify-content: center;\u00bb global_colors_info=\u00bb{}\u00bb custom_css_main_element_last_edited=\u00bbon|phone\u00bb custom_css_main_element_tablet=\u00bbdisplay: flex;||flex-direction: column;||justify-content: center;\u00bb custom_css_main_element_phone=\u00bbdisplay: flex;||flex-direction: column;||justify-content: center;\u00bb][et_pb_text module_class=\u00bbtitols-home\u00bb _builder_version=\u00bb4.16&#8243; _module_preset=\u00bbdefault\u00bb header_font=\u00bbLato|700||on|||||\u00bb header_text_color=\u00bb#B0976D\u00bb header_font_size=\u00bb16px\u00bb header_letter_spacing=\u00bb3px\u00bb header_2_font=\u00bbAlegreya SC||||||||\u00bb custom_margin=\u00bb||0px||false|false\u00bb custom_padding=\u00bb||0px|||\u00bb global_colors_info=\u00bb{}\u00bb]<\/p>\n<h2 style=\"text-align: center\">Experiencia y tradici\u00f3n, los pilares de los nuestros<\/h2>\n<h2 style=\"text-align: center\">productos ecol\u00f3gicos, que reflejan sus or\u00edgenes:<\/h2>\n<h2 style=\"text-align: center\">la tierra<\/h2>\n<p>[\/et_pb_text][et_pb_divider divider_position=\u00bbcenter\u00bb divider_weight=\u00bb2px\u00bb _builder_version=\u00bb4.16&#8243; _module_preset=\u00bbdefault\u00bb width=\u00bb200px\u00bb module_alignment=\u00bbleft\u00bb custom_margin=\u00bb-7px||-7px||true|false\u00bb custom_padding=\u00bb0px||0px||true|false\u00bb global_colors_info=\u00bb{}\u00bb][\/et_pb_divider][et_pb_text module_class=\u00bbparagraf-home\u00bb _builder_version=\u00bb4.16&#8243; _module_preset=\u00bbdefault\u00bb text_font=\u00bbMulish||||||||\u00bb text_line_height=\u00bb2em\u00bb custom_margin=\u00bb2vh||||false|false\u00bb global_colors_info=\u00bb{}\u00bb]<\/p>\n<p><span>Despu\u00e9s de largos a\u00f1os de tradici\u00f3n en el cultivo de la vi\u00f1a y la elaboraci\u00f3n de vinos en La Fortesa (poblaci\u00f3n del Pened\u00e8s), la familia Torrens Moliner decide crear una nueva Bodega en Sant Sadurn\u00ed d&#8217;Anoia. Fue en 1986 y all\u00ed naci\u00f3 la marca TORRENS MOLINER.<\/span><\/p>\n<p><span>A lo largo de todos estos a\u00f1os, TORRENS MOLINER ha continuado fiel a su filosof\u00eda, combinando la mejor calidad en la producci\u00f3n artesanal, la tecnolog\u00eda m\u00e1s avanzada y el saber hacer de sus gentes.<\/span><span><\/span><\/p>\n<p>Nuestra misi\u00f3n es la elaboraci\u00f3n de Vinos y Cavas de primera calidad, posicionando los mismos en el segmento medio-alto del mercado, creando y potenciando una imagen de marca s\u00f3lida, independiente e identificada con el trabajo bien realizado.<\/p>\n<p>Controlamos todo el proceso de elaboraci\u00f3n, desde las Vi\u00f1as propias, vinificando las uvas de nuestra propiedad, y en nuestra Bodega de La Fortesa (Anoia).<\/p>\n<p>&nbsp;<\/p>\n<p>[\/et_pb_text][et_pb_button button_url=\u00bbhttps:\/\/torrensmoliner.com\/es\/origenes\/\u00bb button_text=\u00bbConoce nuestra historia\u00bb button_alignment=\u00bbright\u00bb module_class=\u00bbparagraf-home\u00bb _builder_version=\u00bb4.27.0&#8243; _module_preset=\u00bbdefault\u00bb custom_button=\u00bbon\u00bb button_text_size=\u00bb18px\u00bb button_bg_color=\u00bb#FFFFFF\u00bb button_border_width=\u00bb0px\u00bb button_border_color=\u00bb#FFFFFF\u00bb button_border_radius=\u00bb0px\u00bb button_font=\u00bbAlegreya||||||||\u00bb button_icon=\u00bb&#x24;||divi||400&#8243; custom_margin=\u00bb||||true|true\u00bb custom_padding=\u00bb||||false|false\u00bb hover_enabled=\u00bb0&#8243; button_bg_color_last_edited=\u00bboff|desktop\u00bb global_colors_info=\u00bb{}\u00bb button_bg_color__hover_enabled=\u00bbon|desktop\u00bb button_bg_color__hover=\u00bb#FFFFFF\u00bb sticky_enabled=\u00bb0&#8243;][\/et_pb_button][\/et_pb_column][\/et_pb_row][et_pb_row column_structure=\u00bb1_2,1_2&#8243; use_custom_gutter=\u00bbon\u00bb gutter_width=\u00bb1&#8243; make_equal=\u00bbon\u00bb _builder_version=\u00bb4.16&#8243; _module_preset=\u00bbdefault\u00bb width=\u00bb100%\u00bb max_width=\u00bb100%\u00bb custom_margin=\u00bb|-16px||-16px|false|true\u00bb custom_padding=\u00bb0px||0px||true|\u00bb custom_css_main_element=\u00bbalign-items:center;\u00bb global_colors_info=\u00bb{}\u00bb][et_pb_column type=\u00bb1_2&#8243; _builder_version=\u00bb4.16&#8243; _module_preset=\u00bbdefault\u00bb custom_padding=\u00bb|5em||5em|false|true\u00bb custom_padding_tablet=\u00bb\u00bb custom_padding_phone=\u00bb|3em||3em|false|true\u00bb custom_padding_last_edited=\u00bbon|desktop\u00bb global_colors_info=\u00bb{}\u00bb custom_css_main_element_last_edited=\u00bbon|phone\u00bb][et_pb_text module_class=\u00bbtitols-home\u00bb _builder_version=\u00bb4.16&#8243; _module_preset=\u00bbdefault\u00bb header_font=\u00bbLato|700||on|||||\u00bb header_text_color=\u00bb#B0976D\u00bb header_font_size=\u00bb16px\u00bb header_letter_spacing=\u00bb3px\u00bb header_2_font=\u00bbAlegreya SC||||||||\u00bb custom_margin=\u00bb||0px||false|false\u00bb global_colors_info=\u00bb{}\u00bb]<\/p>\n<h2>Nuestra tierra, el origen del car\u00e1cter de nuestros productos<\/h2>\n<p>[\/et_pb_text][et_pb_divider divider_position=\u00bbcenter\u00bb divider_weight=\u00bb2px\u00bb _builder_version=\u00bb4.16&#8243; _module_preset=\u00bbdefault\u00bb width=\u00bb200px\u00bb module_alignment=\u00bbleft\u00bb custom_margin=\u00bb0px||0px||true|false\u00bb custom_padding=\u00bb0px||0px||true|false\u00bb global_colors_info=\u00bb{}\u00bb][\/et_pb_divider][et_pb_text module_class=\u00bbparagraf-home\u00bb _builder_version=\u00bb4.16&#8243; _module_preset=\u00bbdefault\u00bb text_font=\u00bbMulish||||||||\u00bb text_font_size=\u00bb16px\u00bb text_line_height=\u00bb2em\u00bb custom_margin=\u00bb2vh||||false|false\u00bb global_colors_info=\u00bb{}\u00bb]<\/p>\n<p>Nuestros vi\u00f1edos de La Fortesa, una peque\u00f1a poblaci\u00f3n localizada cerca de Sant Sadurn\u00ed d&#8217;Anoia, son el origen de nuestra materia prima.<\/p>\n<p>El clima mediterr\u00e1neo, c\u00e1lido, suave y soleado favorece la buena maduraci\u00f3n de las clases de nuestras preciadas uvas: Macabeo, Xarel\u00b7lo y Parellada.<\/p>\n<p>La finca de \u00abLas planes de la Riba\u00bb es el principal valor, exponente y est\u00e1ndar de nuestros vinos y cavas. En esta finca podr\u00e1 encontrar nuestra bodega familiar, construida en 2007.<\/p>\n<p>[\/et_pb_text][et_pb_button button_url=\u00bbhttps:\/\/torrensmoliner.com\/es\/la-tierra\/\u00bb button_text=\u00bbConoce nuestra tierra\u00bb button_alignment=\u00bbright\u00bb module_class=\u00bbparagraf-home\u00bb _builder_version=\u00bb4.27.0&#8243; _module_preset=\u00bbdefault\u00bb custom_button=\u00bbon\u00bb button_text_size=\u00bb18px\u00bb button_bg_color=\u00bb#FFFFFF\u00bb button_border_width=\u00bb0px\u00bb button_border_color=\u00bb#FFFFFF\u00bb button_border_radius=\u00bb0px\u00bb button_font=\u00bbAlegreya||||||||\u00bb button_icon=\u00bb&#x24;||divi||400&#8243; custom_margin=\u00bb||||true|true\u00bb custom_padding=\u00bb||||false|false\u00bb hover_enabled=\u00bb0&#8243; button_bg_color_last_edited=\u00bboff|desktop\u00bb global_colors_info=\u00bb{}\u00bb button_bg_color__hover_enabled=\u00bbon|desktop\u00bb button_bg_color__hover=\u00bb#FFFFFF\u00bb sticky_enabled=\u00bb0&#8243;][\/et_pb_button][\/et_pb_column][et_pb_column type=\u00bb1_2&#8243; _builder_version=\u00bb4.16&#8243; _module_preset=\u00bbdefault\u00bb global_colors_info=\u00bb{}\u00bb][et_pb_image src=\u00bbhttps:\/\/torrensmoliner.com\/wp-content\/uploads\/2021\/12\/TORRENS-MOLINER-LA-NOSTRA-TERRA.jpg\u00bb title_text=\u00bbTORRENES-MOLINER-NUESTRA-TIERRA\u00bb force_fullwidth=\u00bbon\u00bb _builder_version=\u00bb4.16&#8243; _module_preset=\u00bbdefault\u00bb global_colors_info=\u00bb{}\u00bb][\/et_pb_image][\/et_pb_column][\/et_pb_row][et_pb_row column_structure=\u00bb1_2,1_2&#8243; use_custom_gutter=\u00bbon\u00bb gutter_width=\u00bb1&#8243; make_equal=\u00bbon\u00bb _builder_version=\u00bb4.16&#8243; _module_preset=\u00bbdefault\u00bb width=\u00bb100%\u00bb max_width=\u00bb100%\u00bb custom_margin=\u00bb|-16px||-16px|false|true\u00bb custom_padding=\u00bb0px||0px||true|\u00bb global_colors_info=\u00bb{}\u00bb][et_pb_column type=\u00bb1_2&#8243; _builder_version=\u00bb4.16&#8243; _module_preset=\u00bbdefault\u00bb global_colors_info=\u00bb{}\u00bb][et_pb_image src=\u00bbhttps:\/\/torrensmoliner.com\/wp-content\/uploads\/2021\/12\/TORRENS-MOLINER-ELABORACIO-TRADICIONAL-1.jpg\u00bb title_text=\u00bbTORRENES-MOLINER-ELABORACION-TRADICIONAL\u00bb force_fullwidth=\u00bbon\u00bb _builder_version=\u00bb4.16&#8243; _module_preset=\u00bbdefault\u00bb global_colors_info=\u00bb{}\u00bb][\/et_pb_image][\/et_pb_column][et_pb_column type=\u00bb1_2&#8243; _builder_version=\u00bb4.16&#8243; _module_preset=\u00bbdefault\u00bb custom_padding=\u00bb|5em||5em|false|true\u00bb custom_padding_tablet=\u00bb\u00bb custom_padding_phone=\u00bb|3em||3em|false|true\u00bb custom_padding_last_edited=\u00bbon|desktop\u00bb custom_css_main_element=\u00bbdisplay: flex;||flex-direction: column;||justify-content: center;\u00bb global_colors_info=\u00bb{}\u00bb custom_css_main_element_last_edited=\u00bbon|phone\u00bb custom_css_main_element_tablet=\u00bbdisplay: flex;||flex-direction: column;||justify-content: center;\u00bb custom_css_main_element_phone=\u00bbdisplay: flex;||flex-direction: column;||justify-content: center;\u00bb][et_pb_text module_class=\u00bbtitols-home\u00bb _builder_version=\u00bb4.16&#8243; _module_preset=\u00bbdefault\u00bb header_font=\u00bbLato|700||on|||||\u00bb header_text_color=\u00bb#B0976D\u00bb header_font_size=\u00bb16px\u00bb header_letter_spacing=\u00bb3px\u00bb header_2_font=\u00bbAlegreya SC||||||||\u00bb header_2_font_size=\u00bb34px\u00bb custom_margin=\u00bb||0px||false|false\u00bb custom_padding=\u00bb||0px|||\u00bb global_colors_info=\u00bb{}\u00bb]<\/p>\n<h2>Elaboraci\u00f3n tradicional con una personalidad muy especial<\/h2>\n<p>[\/et_pb_text][et_pb_divider divider_position=\u00bbcenter\u00bb divider_weight=\u00bb2px\u00bb _builder_version=\u00bb4.16&#8243; _module_preset=\u00bbdefault\u00bb width=\u00bb200px\u00bb module_alignment=\u00bbleft\u00bb custom_margin=\u00bb0px||0px||true|false\u00bb custom_padding=\u00bb0px||0px||true|false\u00bb global_colors_info=\u00bb{}\u00bb][\/et_pb_divider][et_pb_text module_class=\u00bbparagraf-home\u00bb _builder_version=\u00bb4.16&#8243; _module_preset=\u00bbdefault\u00bb text_font=\u00bbMulish||||||||\u00bb text_font_size=\u00bb16px\u00bb text_line_height=\u00bb2em\u00bb custom_margin=\u00bb2vh||||false|false\u00bb custom_padding=\u00bb||12px|||\u00bb global_colors_info=\u00bb{}\u00bb]<\/p>\n<p><span>Los m\u00e1s de 100 a\u00f1os como Viticultores, y de 40 a\u00f1os como Elaboradores de Vinos y Cavas, nos aportan un constante proceso din\u00e1mico de mejora continua, buscando la mejor calidad de la preciada Uva, para elaborar nuestros productos de Vinos y Cavas.  <\/span><\/p>\n<p>Combinamos el proceso artesanal, con la tecnolog\u00eda, siempre bajo el conocimiento adquirido durante los a\u00f1os de pasi\u00f3n por nuestro trabajo.<\/p>\n<p>Vinificar la propia Uva, nos diferencia del resto, y nos marca nuestra propia personalidad.<\/p>\n<p>&nbsp;<\/p>\n<p>[\/et_pb_text][et_pb_button button_url=\u00bbhttps:\/\/torrensmoliner.com\/es\/elaboracion\/\u00bb button_text=\u00bbConoce nuestro proceso de elaboraci\u00f3n\u00bb button_alignment=\u00bbright\u00bb module_class=\u00bbparagraf-home\u00bb _builder_version=\u00bb4.27.0&#8243; _module_preset=\u00bbdefault\u00bb custom_button=\u00bbon\u00bb button_text_size=\u00bb18px\u00bb button_bg_color=\u00bb#FFFFFF\u00bb button_border_width=\u00bb0px\u00bb button_border_color=\u00bb#FFFFFF\u00bb button_border_radius=\u00bb0px\u00bb button_font=\u00bbAlegreya||||||||\u00bb button_icon=\u00bb&#x24;||divi||400&#8243; custom_margin=\u00bb||||true|true\u00bb custom_padding=\u00bb||||false|false\u00bb hover_enabled=\u00bb0&#8243; button_bg_color_last_edited=\u00bboff|desktop\u00bb global_colors_info=\u00bb{}\u00bb button_bg_color__hover_enabled=\u00bbon|desktop\u00bb button_bg_color__hover=\u00bb#FFFFFF\u00bb sticky_enabled=\u00bb0&#8243;][\/et_pb_button][\/et_pb_column][\/et_pb_row][\/et_pb_section][et_pb_section fb_built=\u00bb1&#8243; _builder_version=\u00bb4.16&#8243; _module_preset=\u00bbdefault\u00bb global_colors_info=\u00bb{}\u00bb][et_pb_row _builder_version=\u00bb4.16&#8243; _module_preset=\u00bbdefault\u00bb custom_padding=\u00bb45px||45px||true|false\u00bb global_colors_info=\u00bb{}\u00bb][et_pb_column type=\u00bb4_4&#8243; _builder_version=\u00bb4.16&#8243; _module_preset=\u00bbdefault\u00bb global_colors_info=\u00bb{}\u00bb][et_pb_text _builder_version=\u00bb4.16&#8243; _module_preset=\u00bbdefault\u00bb header_2_font=\u00bbAlegreya SC||||||||\u00bb header_2_text_align=\u00bbcenter\u00bb header_2_font_size=\u00bb42px\u00bb custom_margin=\u00bb||-1px|||\u00bb global_colors_info=\u00bb{}\u00bb]<\/p>\n<h2>Nuestra colecci\u00f3n<\/h2>\n<p>[\/et_pb_text][et_pb_divider divider_position=\u00bbcenter\u00bb divider_weight=\u00bb2px\u00bb _builder_version=\u00bb4.16&#8243; _module_preset=\u00bbdefault\u00bb width=\u00bb200px\u00bb module_alignment=\u00bbcenter\u00bb custom_margin=\u00bb0px||0px||true|false\u00bb custom_padding=\u00bb0px||0px||true|false\u00bb global_colors_info=\u00bb{}\u00bb][\/et_pb_divider][\/et_pb_column][\/et_pb_row][et_pb_row column_structure=\u00bb1_4,1_4,1_4,1_4&#8243; use_custom_gutter=\u00bbon\u00bb gutter_width=\u00bb2&#8243; make_equal=\u00bbon\u00bb _builder_version=\u00bb4.16&#8243; _module_preset=\u00bbdefault\u00bb background_enable_color=\u00bboff\u00bb width=\u00bb100%\u00bb max_width=\u00bb80%\u00bb custom_padding=\u00bb0px||0px||true|false\u00bb global_colors_info=\u00bb{}\u00bb][et_pb_column type=\u00bb1_4&#8243; _builder_version=\u00bb4.16&#8243; _module_preset=\u00bbdefault\u00bb global_colors_info=\u00bb{}\u00bb][et_pb_image src=\u00bbhttps:\/\/torrensmoliner.com\/wp-content\/uploads\/2022\/04\/Image_0261-scaled.jpg\u00bb title_text=\u00bbImage_0261&#8243; force_fullwidth=\u00bbon\u00bb _builder_version=\u00bb4.16&#8243; _module_preset=\u00bbdefault\u00bb global_colors_info=\u00bb{}\u00bb][\/et_pb_image][\/et_pb_column][et_pb_column type=\u00bb1_4&#8243; _builder_version=\u00bb4.16&#8243; _module_preset=\u00bbdefault\u00bb custom_padding=\u00bb15px|15px|15px|15px|true|true\u00bb global_colors_info=\u00bb{}\u00bb][et_pb_text _builder_version=\u00bb4.16&#8243; _module_preset=\u00bbdefault\u00bb text_font_size=\u00bb1em\u00bb header_3_font=\u00bbAlegreya SC||||||||\u00bb header_3_font_size=\u00bb26px\u00bb global_colors_info=\u00bb{}\u00bb]<\/p>\n<h3>Nuestros cavas<\/h3>\n<p><span>El Xare.lo, es la variedad predominante en nuestro coupage del Cava, acompa\u00f1ado siempre del Macabeo y la Parellada. En largas crianzas, incorporamos la variedad Chardonnay. Apostamos por variedades aut\u00f3ctonas, como el Trepat, en nuestro preciado Rosado de Torrens Moliner.<\/span><span><\/span><\/p>\n<p><span><\/span><\/p>\n<p>[\/et_pb_text][et_pb_button button_url=\u00bbhttps:\/\/torrensmoliner.com\/es\/coleccion\/cavas\/\u00bb button_text=\u00bbTodos los cavas\u00bb button_alignment=\u00bbright\u00bb _builder_version=\u00bb4.27.0&#8243; _module_preset=\u00bbdefault\u00bb custom_button=\u00bbon\u00bb button_border_width=\u00bb1px\u00bb button_border_radius=\u00bb0px\u00bb button_font=\u00bbAlegreya SC||||||||\u00bb button_use_icon=\u00bboff\u00bb custom_padding=\u00bb10px|30px|10px|30px|true|true\u00bb hover_enabled=\u00bb0&#8243; global_colors_info=\u00bb{}\u00bb sticky_enabled=\u00bb0&#8243;][\/et_pb_button][\/et_pb_column][et_pb_column type=\u00bb1_4&#8243; _builder_version=\u00bb4.16&#8243; _module_preset=\u00bbdefault\u00bb global_colors_info=\u00bb{}\u00bb][et_pb_image src=\u00bbhttps:\/\/torrensmoliner.com\/wp-content\/uploads\/2022\/04\/Image_0286-scaled.jpg\u00bb title_text=\u00bbImage_0286&#8243; force_fullwidth=\u00bbon\u00bb _builder_version=\u00bb4.16&#8243; _module_preset=\u00bbdefault\u00bb global_colors_info=\u00bb{}\u00bb][\/et_pb_image][\/et_pb_column][et_pb_column type=\u00bb1_4&#8243; _builder_version=\u00bb4.16&#8243; _module_preset=\u00bbdefault\u00bb custom_padding=\u00bb15px||15px|15px|true|false\u00bb global_colors_info=\u00bb{}\u00bb][et_pb_text _builder_version=\u00bb4.16&#8243; _module_preset=\u00bbdefault\u00bb header_3_font=\u00bbAlegreya SC||||||||\u00bb header_3_font_size=\u00bb26px\u00bb global_colors_info=\u00bb{}\u00bb]<\/p>\n<h3>Nuestros vinos<\/h3>\n<p>Producciones limitadas, priorizando el producto, partiendo de uva de Vi\u00f1as viejas, en Vermea smepre maual, utilizando Macabeo, Xarel.lo y espor\u00e1dicamente, el Sauvignon Blanc. Maceramos y vinificamos con las propias pieles, incorporando puntualmente, la madera de roble franc\u00e9s.  <\/p>\n<p>[\/et_pb_text][et_pb_button button_url=\u00bbhttps:\/\/torrensmoliner.com\/es\/coleccion\/vinos\/\u00bb button_text=\u00bbTodos los vinos\u00bb button_alignment=\u00bbright\u00bb _builder_version=\u00bb4.27.0&#8243; _module_preset=\u00bbdefault\u00bb custom_button=\u00bbon\u00bb button_border_width=\u00bb1px\u00bb button_border_radius=\u00bb0px\u00bb button_font=\u00bbAlegreya SC||||||||\u00bb button_use_icon=\u00bboff\u00bb custom_padding=\u00bb10px|30px|10px|30px|true|true\u00bb hover_enabled=\u00bb0&#8243; global_colors_info=\u00bb{}\u00bb sticky_enabled=\u00bb0&#8243;][\/et_pb_button][\/et_pb_column][\/et_pb_row][\/et_pb_section][et_pb_section fb_built=\u00bb1&#8243; _builder_version=\u00bb4.16&#8243; _module_preset=\u00bbdefault\u00bb global_colors_info=\u00bb{}\u00bb][et_pb_row _builder_version=\u00bb4.16&#8243; _module_preset=\u00bbdefault\u00bb width=\u00bb90%\u00bb max_width=\u00bb90%\u00bb global_colors_info=\u00bb{}\u00bb][et_pb_column type=\u00bb4_4&#8243; _builder_version=\u00bb4.16&#8243; _module_preset=\u00bbdefault\u00bb global_colors_info=\u00bb{}\u00bb][et_pb_blurb title=\u00bbVen a conocer nuestra bodega\u00bb use_icon=\u00bbon\u00bb font_icon=\u00bb&#xe080;||divi||400&#8243; icon_color=\u00bb#FFFFFF\u00bb icon_placement=\u00bbleft\u00bb image_icon_width=\u00bb169px\u00bb content_max_width=\u00bb100%\u00bb disabled_on=\u00bbon|on|off\u00bb _builder_version=\u00bb4.27.0&#8243; _module_preset=\u00bbdefault\u00bb header_font=\u00bbAlegreya SC||||||||\u00bb header_font_size=\u00bb42px\u00bb body_font=\u00bbMulish||||||||\u00bb body_font_size=\u00bb22px\u00bb body_line_height=\u00bb1.9em\u00bb use_background_color_gradient=\u00bbon\u00bb background_color_gradient_stops=\u00bbrgba(0,0,0,0.75) 0%|rgba(10,10,10,0.55) 100%\u00bb background_color_gradient_overlays_image=\u00bbon\u00bb background_color_gradient_start=\u00bbrgba(0,0,0,0.75)\u00bb background_color_gradient_end=\u00bbrgba(10,10,10,0.55)\u00bb background_image=\u00bbhttps:\/\/torrensmoliner.com\/wp-content\/uploads\/2021\/09\/MG_2671_P.jpg\u00bb background_layout=\u00bbdark\u00bb custom_padding=\u00bb50px|50px|50px|50px|true|true\u00bb link_option_url=\u00bbhttps:\/\/torrensmoliner.com\/es\/enoturismo\/\u00bb hover_enabled=\u00bb0&#8243; custom_css_blurb_image=\u00bbpadding-right: 40px!important;\u00bb border_radii=\u00bbon|18px|18px|18px|18px\u00bb icon_font_size=\u00bb169px\u00bb global_colors_info=\u00bb{}\u00bb sticky_enabled=\u00bb0&#8243;]<\/p>\n<p>En Torrens Moliner nos gusta compartir nuestros secretos con los amantes del vino y el cava. Por eso las puertas de nuestra bodega est\u00e1n abiertas por vosotros. Ven a pasar un d\u00eda rodeado de naturaleza, conoce nuestros vi\u00f1edos y nuestra bodega y disfruta de nuestros mejores vinos y cavas acompa\u00f1ados de productos de la tierra.<\/p>\n<p>[\/et_pb_blurb][et_pb_blurb title=\u00bbVen a conocer nuestra bodega\u00bb use_icon=\u00bbon\u00bb font_icon=\u00bb&#xe080;||divi||400&#8243; icon_color=\u00bb#FFFFFF\u00bb image_icon_width=\u00bb169px\u00bb content_max_width=\u00bb100%\u00bb disabled_on=\u00bboff|off|on\u00bb _builder_version=\u00bb4.27.0&#8243; _module_preset=\u00bbdefault\u00bb header_font=\u00bbAlegreya SC||||||||\u00bb header_font_size=\u00bb33px\u00bb body_font=\u00bbMulish||||||||\u00bb body_font_size=\u00bb18px\u00bb body_line_height=\u00bb1.9em\u00bb use_background_color_gradient=\u00bbon\u00bb background_color_gradient_stops=\u00bbrgba(0,0,0,0.75) 0%|rgba(10,10,10,0.55) 100%\u00bb background_color_gradient_overlays_image=\u00bbon\u00bb background_color_gradient_start=\u00bbrgba(0,0,0,0.75)\u00bb background_color_gradient_end=\u00bbrgba(10,10,10,0.55)\u00bb background_image=\u00bbhttps:\/\/torrensmoliner.com\/wp-content\/uploads\/2021\/09\/MG_2671_P.jpg\u00bb background_layout=\u00bbdark\u00bb custom_padding=\u00bb50px|50px|50px|50px|true|true\u00bb link_option_url=\u00bbhttps:\/\/torrensmoliner.com\/es\/enoturismo\/\u00bb hover_enabled=\u00bb0&#8243; custom_css_blurb_image=\u00bbpadding-right: 40px!important;\u00bb border_radii=\u00bbon|18px|18px|18px|18px\u00bb icon_font_size=\u00bb169px\u00bb global_colors_info=\u00bb{}\u00bb sticky_enabled=\u00bb0&#8243;]<\/p>\n<p>En Torrens Moliner nos gusta compartir nuestros secretos con los amantes del vino y el cava. Por eso las puertas de nuestra bodega est\u00e1n abiertas por vosotros. Ven a pasar un d\u00eda rodeado de naturaleza, conoce nuestros vi\u00f1edos y nuestra bodega y disfruta de nuestros mejores vinos y cavas acompa\u00f1ados de productos de la tierra.<\/p>\n<p>[\/et_pb_blurb][\/et_pb_column][\/et_pb_row][\/et_pb_section][et_pb_section fb_built=\u00bb1&#8243; _builder_version=\u00bb4.16&#8243; _module_preset=\u00bbdefault\u00bb custom_margin=\u00bb1px|||||\u00bb global_colors_info=\u00bb{}\u00bb][\/et_pb_section]<\/p>\n","protected":false},"excerpt":{"rendered":"<p>&#8211; Vinos y cavas Torrens Moliner &#8211; &nbsp; \u275d Calidad, tradici\u00f3n y una filosof\u00eda en el cuidado del producto y de la tierra son nuestros aliados para obtener nuestras elaboraciones\u275eExperiencia y tradici\u00f3n, los pilares de los nuestros productos ecol\u00f3gicos, que reflejan sus or\u00edgenes: la tierraDespu\u00e9s de largos a\u00f1os de tradici\u00f3n en el cultivo de la [&hellip;]<\/p>\n","protected":false},"author":1,"featured_media":1008,"parent":0,"menu_order":1,"comment_status":"closed","ping_status":"closed","template":"","meta":{"_acf_changed":false,"_et_pb_use_builder":"on","_et_pb_old_content":"","_et_gb_content_width":"","footnotes":""},"class_list":["post-801","page","type-page","status-publish","has-post-thumbnail","hentry"],"acf":[],"yoast_head":"<!-- This site is optimized with the Yoast SEO plugin v27.5 - https:\/\/yoast.com\/product\/yoast-seo-wordpress\/ -->\n<title>Inicio - Torrens Moliner<\/title>\n<meta name=\"robots\" content=\"index, follow, max-snippet:-1, max-image-preview:large, max-video-preview:-1\" \/>\n<link rel=\"canonical\" href=\"https:\/\/torrensmoliner.com\/es\/\" \/>\n<meta property=\"og:locale\" content=\"es_ES\" \/>\n<meta property=\"og:type\" content=\"article\" \/>\n<meta property=\"og:title\" content=\"Inicio - Torrens Moliner\" \/>\n<meta property=\"og:description\" content=\"- Vinos y cavas Torrens Moliner - &nbsp; \u275d Calidad, tradici\u00f3n y una filosof\u00eda en el cuidado del producto y de la tierra son nuestros aliados para obtener nuestras elaboraciones\u275eExperiencia y tradici\u00f3n, los pilares de los nuestros productos ecol\u00f3gicos, que reflejan sus or\u00edgenes: la tierraDespu\u00e9s de largos a\u00f1os de tradici\u00f3n en el cultivo de la [&hellip;]\" \/>\n<meta property=\"og:url\" content=\"https:\/\/torrensmoliner.com\/es\/\" \/>\n<meta property=\"og:site_name\" content=\"Torrens Moliner\" \/>\n<meta property=\"article:modified_time\" content=\"2024-09-02T22:19:52+00:00\" \/>\n<meta name=\"twitter:card\" content=\"summary_large_image\" \/>\n<meta name=\"twitter:label1\" content=\"Tiempo de lectura\" \/>\n\t<meta name=\"twitter:data1\" content=\"13 minutos\" \/>\n<script type=\"application\/ld+json\" class=\"yoast-schema-graph\">{\"@context\":\"https:\\\/\\\/schema.org\",\"@graph\":[{\"@type\":\"WebPage\",\"@id\":\"https:\\\/\\\/torrensmoliner.com\\\/es\\\/\",\"url\":\"https:\\\/\\\/torrensmoliner.com\\\/es\\\/\",\"name\":\"Inicio - Torrens Moliner\",\"isPartOf\":{\"@id\":\"https:\\\/\\\/torrensmoliner.com\\\/es\\\/#website\"},\"primaryImageOfPage\":{\"@id\":\"https:\\\/\\\/torrensmoliner.com\\\/es\\\/#primaryimage\"},\"image\":{\"@id\":\"https:\\\/\\\/torrensmoliner.com\\\/es\\\/#primaryimage\"},\"thumbnailUrl\":\"https:\\\/\\\/torrensmoliner.com\\\/wp-content\\\/uploads\\\/2025\\\/04\\\/torrens-moliner_mar-2025_16_mid_res-scaled.jpg\",\"datePublished\":\"2021-09-18T20:41:29+00:00\",\"dateModified\":\"2024-09-02T22:19:52+00:00\",\"breadcrumb\":{\"@id\":\"https:\\\/\\\/torrensmoliner.com\\\/es\\\/#breadcrumb\"},\"inLanguage\":\"es\",\"potentialAction\":[{\"@type\":\"ReadAction\",\"target\":[\"https:\\\/\\\/torrensmoliner.com\\\/es\\\/\"]}]},{\"@type\":\"ImageObject\",\"inLanguage\":\"es\",\"@id\":\"https:\\\/\\\/torrensmoliner.com\\\/es\\\/#primaryimage\",\"url\":\"https:\\\/\\\/torrensmoliner.com\\\/wp-content\\\/uploads\\\/2025\\\/04\\\/torrens-moliner_mar-2025_16_mid_res-scaled.jpg\",\"contentUrl\":\"https:\\\/\\\/torrensmoliner.com\\\/wp-content\\\/uploads\\\/2025\\\/04\\\/torrens-moliner_mar-2025_16_mid_res-scaled.jpg\",\"width\":1707,\"height\":2560},{\"@type\":\"BreadcrumbList\",\"@id\":\"https:\\\/\\\/torrensmoliner.com\\\/es\\\/#breadcrumb\",\"itemListElement\":[{\"@type\":\"ListItem\",\"position\":1,\"name\":\"Portada\",\"item\":\"https:\\\/\\\/torrensmoliner.com\\\/es\\\/\"},{\"@type\":\"ListItem\",\"position\":2,\"name\":\"Inicio\"}]},{\"@type\":\"WebSite\",\"@id\":\"https:\\\/\\\/torrensmoliner.com\\\/es\\\/#website\",\"url\":\"https:\\\/\\\/torrensmoliner.com\\\/es\\\/\",\"name\":\"Torrens Moliner\",\"description\":\"Vins i Caves a la Fortesa\",\"potentialAction\":[{\"@type\":\"SearchAction\",\"target\":{\"@type\":\"EntryPoint\",\"urlTemplate\":\"https:\\\/\\\/torrensmoliner.com\\\/es\\\/?s={search_term_string}\"},\"query-input\":{\"@type\":\"PropertyValueSpecification\",\"valueRequired\":true,\"valueName\":\"search_term_string\"}}],\"inLanguage\":\"es\"}]}<\/script>\n<!-- \/ Yoast SEO plugin. -->","yoast_head_json":{"title":"Inicio - Torrens Moliner","robots":{"index":"index","follow":"follow","max-snippet":"max-snippet:-1","max-image-preview":"max-image-preview:large","max-video-preview":"max-video-preview:-1"},"canonical":"https:\/\/torrensmoliner.com\/es\/","og_locale":"es_ES","og_type":"article","og_title":"Inicio - Torrens Moliner","og_description":"- Vinos y cavas Torrens Moliner - &nbsp; \u275d Calidad, tradici\u00f3n y una filosof\u00eda en el cuidado del producto y de la tierra son nuestros aliados para obtener nuestras elaboraciones\u275eExperiencia y tradici\u00f3n, los pilares de los nuestros productos ecol\u00f3gicos, que reflejan sus or\u00edgenes: la tierraDespu\u00e9s de largos a\u00f1os de tradici\u00f3n en el cultivo de la [&hellip;]","og_url":"https:\/\/torrensmoliner.com\/es\/","og_site_name":"Torrens Moliner","article_modified_time":"2024-09-02T22:19:52+00:00","twitter_card":"summary_large_image","twitter_misc":{"Tiempo de lectura":"13 minutos"},"schema":{"@context":"https:\/\/schema.org","@graph":[{"@type":"WebPage","@id":"https:\/\/torrensmoliner.com\/es\/","url":"https:\/\/torrensmoliner.com\/es\/","name":"Inicio - Torrens Moliner","isPartOf":{"@id":"https:\/\/torrensmoliner.com\/es\/#website"},"primaryImageOfPage":{"@id":"https:\/\/torrensmoliner.com\/es\/#primaryimage"},"image":{"@id":"https:\/\/torrensmoliner.com\/es\/#primaryimage"},"thumbnailUrl":"https:\/\/torrensmoliner.com\/wp-content\/uploads\/2025\/04\/torrens-moliner_mar-2025_16_mid_res-scaled.jpg","datePublished":"2021-09-18T20:41:29+00:00","dateModified":"2024-09-02T22:19:52+00:00","breadcrumb":{"@id":"https:\/\/torrensmoliner.com\/es\/#breadcrumb"},"inLanguage":"es","potentialAction":[{"@type":"ReadAction","target":["https:\/\/torrensmoliner.com\/es\/"]}]},{"@type":"ImageObject","inLanguage":"es","@id":"https:\/\/torrensmoliner.com\/es\/#primaryimage","url":"https:\/\/torrensmoliner.com\/wp-content\/uploads\/2025\/04\/torrens-moliner_mar-2025_16_mid_res-scaled.jpg","contentUrl":"https:\/\/torrensmoliner.com\/wp-content\/uploads\/2025\/04\/torrens-moliner_mar-2025_16_mid_res-scaled.jpg","width":1707,"height":2560},{"@type":"BreadcrumbList","@id":"https:\/\/torrensmoliner.com\/es\/#breadcrumb","itemListElement":[{"@type":"ListItem","position":1,"name":"Portada","item":"https:\/\/torrensmoliner.com\/es\/"},{"@type":"ListItem","position":2,"name":"Inicio"}]},{"@type":"WebSite","@id":"https:\/\/torrensmoliner.com\/es\/#website","url":"https:\/\/torrensmoliner.com\/es\/","name":"Torrens Moliner","description":"Vins i Caves a la Fortesa","potentialAction":[{"@type":"SearchAction","target":{"@type":"EntryPoint","urlTemplate":"https:\/\/torrensmoliner.com\/es\/?s={search_term_string}"},"query-input":{"@type":"PropertyValueSpecification","valueRequired":true,"valueName":"search_term_string"}}],"inLanguage":"es"}]}},"_links":{"self":[{"href":"https:\/\/torrensmoliner.com\/es\/wp-json\/wp\/v2\/pages\/801","targetHints":{"allow":["GET"]}}],"collection":[{"href":"https:\/\/torrensmoliner.com\/es\/wp-json\/wp\/v2\/pages"}],"about":[{"href":"https:\/\/torrensmoliner.com\/es\/wp-json\/wp\/v2\/types\/page"}],"author":[{"embeddable":true,"href":"https:\/\/torrensmoliner.com\/es\/wp-json\/wp\/v2\/users\/1"}],"replies":[{"embeddable":true,"href":"https:\/\/torrensmoliner.com\/es\/wp-json\/wp\/v2\/comments?post=801"}],"version-history":[{"count":3,"href":"https:\/\/torrensmoliner.com\/es\/wp-json\/wp\/v2\/pages\/801\/revisions"}],"predecessor-version":[{"id":974,"href":"https:\/\/torrensmoliner.com\/es\/wp-json\/wp\/v2\/pages\/801\/revisions\/974"}],"wp:featuredmedia":[{"embeddable":true,"href":"https:\/\/torrensmoliner.com\/es\/wp-json\/wp\/v2\/media\/1008"}],"wp:attachment":[{"href":"https:\/\/torrensmoliner.com\/es\/wp-json\/wp\/v2\/media?parent=801"}],"curies":[{"name":"wp","href":"https:\/\/api.w.org\/{rel}","templated":true}]}}