{"id":811,"date":"2021-09-18T22:41:29","date_gmt":"2021-09-18T20:41:29","guid":{"rendered":"https:\/\/torrensmoliner.com\/la-tierra\/"},"modified":"2024-08-23T10:35:46","modified_gmt":"2024-08-23T08:35:46","slug":"la-tierra","status":"publish","type":"page","link":"https:\/\/torrensmoliner.com\/es\/la-tierra\/","title":{"rendered":"La Tierra"},"content":{"rendered":"<p>[et_pb_section fb_built=\u00bb1&#8243; admin_label=\u00bbHero\u00bb _builder_version=\u00bb4.14.7&#8243; use_background_color_gradient=\u00bbon\u00bb background_color_gradient_start=\u00bb#210b00&#8243; background_color_gradient_end=\u00bbrgba(33,25,21,0)\u00bb background_color_gradient_type=\u00bbradial\u00bb background_color_gradient_direction_radial=\u00bbtop right\u00bb background_color_gradient_start_position=\u00bb10%\u00bb background_color_gradient_overlays_image=\u00bbon\u00bb background_image=\u00bbhttps:\/\/torrensmoliner.com\/wp-content\/uploads\/2022\/02\/vinya_torrens__039-1.jpg\u00bb custom_padding=\u00bb80px|0|0||false|false\u00bb global_colors_info=\u00bb{}\u00bb][et_pb_row use_custom_gutter=\u00bbon\u00bb gutter_width=\u00bb1&#8243; make_equal=\u00bbon\u00bb padding_top_bottom_link_2=\u00bbtrue\u00bb padding_left_right_link_2=\u00bbtrue\u00bb _builder_version=\u00bb4.15&#8243; custom_margin=\u00bb|||\u00bb custom_padding=\u00bb27px|0px|0|0px|false|false\u00bb global_colors_info=\u00bb{}\u00bb][et_pb_column type=\u00bb4_4&#8243; _builder_version=\u00bb4.15&#8243; custom_padding=\u00bb|4%|80px|\u00bb custom_padding_tablet=\u00bb||40px|\u00bb custom_padding_phone=\u00bb||40px|\u00bb custom_padding_last_edited=\u00bbon|tablet\u00bb global_colors_info=\u00bb{}\u00bb padding_tablet=\u00bb||40px|\u00bb padding_last_edited=\u00bbon|tablet\u00bb custom_padding__hover=\u00bb|||\u00bb padding_phone=\u00bb||40px|\u00bb][et_pb_text _builder_version=\u00bb4.15&#8243; text_font=\u00bbMulish||||||||\u00bb text_font_size=\u00bb20px\u00bb text_line_height=\u00bb2em\u00bb header_font=\u00bbAlegreya SC|||||on|||\u00bb header_text_color=\u00bb#FFFFFF\u00bb header_font_size=\u00bb68px\u00bb header_line_height=\u00bb1.4em\u00bb background_layout=\u00bbdark\u00bb max_width=\u00bb782px\u00bb custom_margin=\u00bb|-35px||||\u00bb text_font_size_tablet=\u00bb\u00bb text_font_size_phone=\u00bb16px\u00bb text_font_size_last_edited=\u00bbon|phone\u00bb header_font_size_tablet=\u00bb44px\u00bb header_font_size_phone=\u00bb24px\u00bb header_font_size_last_edited=\u00bbon|desktop\u00bb header_line_height_tablet=\u00bb1.4em\u00bb header_line_height_phone=\u00bb1.4em\u00bb header_line_height_last_edited=\u00bbon|desktop\u00bb global_colors_info=\u00bb{}\u00bb]<\/p>\n<h1>La Tierra<\/h1>\n<p>El car\u00e1cter del vino lo da la tierra, la personalidad y el clima. La calidad la garantizan hombres y mujeres.<\/p>\n<p>[\/et_pb_text][\/et_pb_column][\/et_pb_row][\/et_pb_section][et_pb_section fb_built=\u00bb1&#8243; admin_label=\u00bbServices Header\u00bb _builder_version=\u00bb4.15&#8243; custom_padding=\u00bb0|0px|54px|0px|false|false\u00bb locked=\u00bboff\u00bb global_colors_info=\u00bb{}\u00bb][et_pb_row column_structure=\u00bb2_3,1_3&#8243; use_custom_gutter=\u00bbon\u00bb gutter_width=\u00bb1&#8243; padding_top_bottom_link_2=\u00bbtrue\u00bb padding_left_right_link_2=\u00bbtrue\u00bb _builder_version=\u00bb4.15&#8243; custom_margin=\u00bb|auto|-24px|auto||\u00bb custom_padding=\u00bb0|0px|27px|0px|false|false\u00bb animation_style=\u00bbslide\u00bb animation_direction=\u00bbtop\u00bb animation_intensity_slide=\u00bb20%\u00bb locked=\u00bboff\u00bb global_colors_info=\u00bb{}\u00bb][et_pb_column type=\u00bb2_3&#8243; _builder_version=\u00bb4.15&#8243; custom_padding=\u00bb|||\u00bb global_colors_info=\u00bb{}\u00bb custom_padding__hover=\u00bb|||\u00bb][et_pb_text _builder_version=\u00bb4.15&#8243; text_font=\u00bb||||||||\u00bb ul_font=\u00bb||||||||\u00bb ol_font=\u00bb||||||||\u00bb quote_font=\u00bb||||||||\u00bb header_font=\u00bb||||||||\u00bb header_2_font=\u00bb|800|||||||\u00bb header_2_font_size=\u00bb24px\u00bb header_2_line_height=\u00bb1.8em\u00bb header_3_font=\u00bb||||||||\u00bb header_4_font=\u00bbAlegreya SC|800||on|||||\u00bb header_4_text_color=\u00bb#b0976d\u00bb header_4_font_size=\u00bb19px\u00bb header_4_letter_spacing=\u00bb0.5px\u00bb header_4_line_height=\u00bb1.7em\u00bb header_5_font=\u00bb||||||||\u00bb header_6_font=\u00bb||||||||\u00bb background_color=\u00bb#efefef\u00bb padding_1_last_edited=\u00bbon|desktop\u00bb custom_padding=\u00bb30px|50px|30px|50px|true|true|20px|10%|20px|10%|true|true||on|desktop\u00bb custom_padding_tablet=\u00bb\u00bb custom_padding_phone=\u00bb20px|10%|20px|10%|true|true\u00bb custom_padding_last_edited=\u00bbon|phone\u00bb header_2_font_size_tablet=\u00bb\u00bb header_2_font_size_phone=\u00bb18px\u00bb header_2_font_size_last_edited=\u00bbon|phone\u00bb locked=\u00bboff\u00bb global_colors_info=\u00bb{}\u00bb]<\/p>\n<h4>Armon\u00eda, equilibrio y personalidad propia de los vi\u00f1edos<\/h4>\n<p>[\/et_pb_text][\/et_pb_column][et_pb_column type=\u00bb1_3&#8243; _builder_version=\u00bb4.15&#8243; custom_padding=\u00bb50px|50px|50px|50px\u00bb custom_padding_tablet=\u00bb50px|50px|50px|50px\u00bb custom_padding_phone=\u00bb20px|10%|20px|10%|true|true\u00bb custom_padding_last_edited=\u00bbon|phone\u00bb global_colors_info=\u00bb{}\u00bb padding_phone=\u00bb20px|10%|20px|10%|true|true\u00bb padding_last_edited=\u00bbon|phone\u00bb custom_padding__hover=\u00bb|||\u00bb][\/et_pb_column][\/et_pb_row][et_pb_row _builder_version=\u00bb4.15&#8243; custom_padding=\u00bb9px|||||\u00bb global_colors_info=\u00bb{}\u00bb][et_pb_column type=\u00bb4_4&#8243; _builder_version=\u00bb4.15&#8243; custom_padding=\u00bb|||\u00bb global_colors_info=\u00bb{}\u00bb custom_padding__hover=\u00bb|||\u00bb][et_pb_text _builder_version=\u00bb4.15&#8243; text_font=\u00bbMulish||||||||\u00bb text_font_size=\u00bb16px\u00bb text_line_height=\u00bb1.8em\u00bb header_font=\u00bb||||||||\u00bb header_3_font=\u00bbAlegreya SC|||on|||||\u00bb header_3_text_color=\u00bb#000000&#8243; header_3_font_size=\u00bb24px\u00bb header_3_line_height=\u00bb1.8em\u00bb custom_margin=\u00bb||-20px||false|false\u00bb header_3_font_size_tablet=\u00bb\u00bb header_3_font_size_phone=\u00bb18px\u00bb header_3_font_size_last_edited=\u00bbon|phone\u00bb locked=\u00bboff\u00bb global_colors_info=\u00bb{}\u00bb]<\/p>\n<h3>Los vi\u00f1edos<\/h3>\n<p>[\/et_pb_text][et_pb_divider divider_position=\u00bbcenter\u00bb divider_weight=\u00bb2px\u00bb _builder_version=\u00bb4.15&#8243; _module_preset=\u00bbdefault\u00bb width=\u00bb200px\u00bb module_alignment=\u00bbleft\u00bb custom_margin=\u00bb-7px||-7px||true|false\u00bb custom_padding=\u00bb0px||0px||true|false\u00bb global_colors_info=\u00bb{}\u00bb][\/et_pb_divider][et_pb_text _builder_version=\u00bb4.15&#8243; text_font=\u00bbMulish||||||||\u00bb text_font_size=\u00bb16px\u00bb text_line_height=\u00bb1.8em\u00bb header_font=\u00bb||||||||\u00bb header_3_font=\u00bbAlegreya SC|||on|||||\u00bb header_3_text_color=\u00bb#000000&#8243; header_3_font_size=\u00bb24px\u00bb header_3_line_height=\u00bb1.8em\u00bb custom_margin=\u00bb10px||||false|false\u00bb header_3_font_size_tablet=\u00bb\u00bb header_3_font_size_phone=\u00bb18px\u00bb header_3_font_size_last_edited=\u00bbon|phone\u00bb locked=\u00bboff\u00bb global_colors_info=\u00bb{}\u00bb]<\/p>\n<p>En la Fortesa, peque\u00f1a poblaci\u00f3n cercana a Sant Sadurn\u00ed d&#8217;Anoia, se encuentran nuestros vi\u00f1edos, siendo \u00abLes Planes de la Riba\u00bb el principal valor, exponente y estandarte de nuestros vinos y cavas.<\/p>\n<p>El clima mediterr\u00e1neo c\u00e1lido, suave y soleado favorece la buena maduraci\u00f3n de nuestras preciadas uvas.<\/p>\n<p>[\/et_pb_text][et_pb_image src=\u00bbhttps:\/\/torrensmoliner.com\/wp-content\/uploads\/2022\/02\/vinya_torrens__034nn.jpg\u00bb title_text=\u00bbvi\u00f1a_torrenos__034nn\u00bb _builder_version=\u00bb4.15.1&#8243; _module_preset=\u00bbdefault\u00bb hover_enabled=\u00bb0&#8243; global_colors_info=\u00bb{}\u00bb sticky_enabled=\u00bb0&#8243;][\/et_pb_image][\/et_pb_column][\/et_pb_row][et_pb_row column_structure=\u00bb1_2,1_2&#8243; _builder_version=\u00bb4.15&#8243; custom_padding=\u00bb27px|||||\u00bb global_colors_info=\u00bb{}\u00bb][et_pb_column type=\u00bb1_2&#8243; _builder_version=\u00bb4.15&#8243; custom_padding=\u00bb|||\u00bb global_colors_info=\u00bb{}\u00bb custom_padding__hover=\u00bb|||\u00bb][et_pb_text _builder_version=\u00bb4.15&#8243; text_font=\u00bbMulish||||||||\u00bb text_font_size=\u00bb16px\u00bb text_line_height=\u00bb1.8em\u00bb header_font=\u00bb||||||||\u00bb header_3_font=\u00bbAlegreya SC|||on|||||\u00bb header_3_text_color=\u00bb#000000&#8243; header_3_font_size=\u00bb24px\u00bb header_3_line_height=\u00bb1.8em\u00bb min_height=\u00bb30.2px\u00bb custom_margin=\u00bb||-20px||false|false\u00bb custom_padding=\u00bb||0px|||\u00bb header_3_font_size_tablet=\u00bb\u00bb header_3_font_size_phone=\u00bb18px\u00bb header_3_font_size_last_edited=\u00bbon|phone\u00bb locked=\u00bboff\u00bb global_colors_info=\u00bb{}\u00bb]<\/p>\n<h3>Nuestras uvas<\/h3>\n<p>[\/et_pb_text][et_pb_divider divider_position=\u00bbcenter\u00bb divider_weight=\u00bb2px\u00bb _builder_version=\u00bb4.15&#8243; _module_preset=\u00bbdefault\u00bb width=\u00bb200px\u00bb module_alignment=\u00bbleft\u00bb custom_margin=\u00bb-7px||-7px||true|false\u00bb custom_padding=\u00bb0px||0px||true|false\u00bb global_colors_info=\u00bb{}\u00bb][\/et_pb_divider][et_pb_text _builder_version=\u00bb4.15&#8243; text_font=\u00bbMulish||||||||\u00bb text_font_size=\u00bb16px\u00bb text_line_height=\u00bb1.8em\u00bb header_font=\u00bb||||||||\u00bb header_3_font=\u00bbAlegreya SC|||on|||||\u00bb header_3_text_color=\u00bb#000000&#8243; header_3_font_size=\u00bb24px\u00bb header_3_line_height=\u00bb1.8em\u00bb header_4_font=\u00bbAlegreya SC||||||||\u00bb header_4_font_size=\u00bb19px\u00bb custom_margin=\u00bb10px||||false|false\u00bb header_3_font_size_tablet=\u00bb\u00bb header_3_font_size_phone=\u00bb18px\u00bb header_3_font_size_last_edited=\u00bbon|phone\u00bb locked=\u00bboff\u00bb global_colors_info=\u00bb{}\u00bb]<\/p>\n<h4><\/h4>\n<h4><\/h4>\n<h4>Macabeo:<\/h4>\n<p>Produce vinos de aromas primarios, frutales y \u00e1cidos, siendo su piel delgada y de uvas compactas.<\/p>\n<h4>Xarel\u00b7lo:<\/h4>\n<p>Resistente, de elevada graduaci\u00f3n, aporta estructura y acidez.<\/p>\n<h4>Parejada:<\/h4>\n<p>Produce vinos blancos secos, frescos arom\u00e1ticos, de graduaci\u00f3n moderada y acidez afrutada.<\/p>\n<p>[\/et_pb_text][\/et_pb_column][et_pb_column type=\u00bb1_2&#8243; _builder_version=\u00bb4.15&#8243; custom_padding=\u00bb|||\u00bb global_colors_info=\u00bb{}\u00bb custom_padding__hover=\u00bb|||\u00bb][et_pb_image src=\u00bbhttps:\/\/torrensmoliner.com\/wp-content\/uploads\/2022\/02\/IMG_20170414_200433-1-scaled.jpg\u00bb title_text=\u00bbdav\u00bb _builder_version=\u00bb4.15.1&#8243; _module_preset=\u00bbdefault\u00bb hover_enabled=\u00bb0&#8243; global_colors_info=\u00bb{}\u00bb sticky_enabled=\u00bb0&#8243;][\/et_pb_image][\/et_pb_column][\/et_pb_row][et_pb_row column_structure=\u00bb2_5,3_5&#8243; _builder_version=\u00bb4.15&#8243; _module_preset=\u00bbdefault\u00bb global_colors_info=\u00bb{}\u00bb][et_pb_column type=\u00bb2_5&#8243; _builder_version=\u00bb4.15&#8243; _module_preset=\u00bbdefault\u00bb global_colors_info=\u00bb{}\u00bb][et_pb_image src=\u00bbhttps:\/\/torrensmoliner.com\/wp-content\/uploads\/2022\/02\/Image_0219-scaled.jpg\u00bb title_text=\u00bbImage_0219&#8243; _builder_version=\u00bb4.15.1&#8243; _module_preset=\u00bbdefault\u00bb hover_enabled=\u00bb0&#8243; global_colors_info=\u00bb{}\u00bb sticky_enabled=\u00bb0&#8243;][\/et_pb_image][\/et_pb_column][et_pb_column type=\u00bb3_5&#8243; _builder_version=\u00bb4.15&#8243; _module_preset=\u00bbdefault\u00bb global_colors_info=\u00bb{}\u00bb][et_pb_text _builder_version=\u00bb4.15&#8243; text_font=\u00bbMulish||||||||\u00bb text_font_size=\u00bb16px\u00bb text_line_height=\u00bb1.8em\u00bb header_font=\u00bb||||||||\u00bb header_3_font=\u00bbAlegreya SC|||on|||||\u00bb header_3_text_color=\u00bb#000000&#8243; header_3_font_size=\u00bb24px\u00bb header_3_line_height=\u00bb1.8em\u00bb min_height=\u00bb30.2px\u00bb custom_margin=\u00bb||-20px||false|false\u00bb custom_padding=\u00bb||0px|||\u00bb header_3_font_size_tablet=\u00bb\u00bb header_3_font_size_phone=\u00bb18px\u00bb header_3_font_size_last_edited=\u00bbon|phone\u00bb locked=\u00bboff\u00bb global_colors_info=\u00bb{}\u00bb]<\/p>\n<h3>la calidad de nuestros vinos<\/h3>\n<p>[\/et_pb_text][et_pb_divider divider_position=\u00bbcenter\u00bb divider_weight=\u00bb2px\u00bb _builder_version=\u00bb4.15&#8243; _module_preset=\u00bbdefault\u00bb width=\u00bb200px\u00bb module_alignment=\u00bbleft\u00bb custom_margin=\u00bb-7px||-7px||true|false\u00bb custom_padding=\u00bb0px||0px||true|false\u00bb global_colors_info=\u00bb{}\u00bb][\/et_pb_divider][et_pb_text _builder_version=\u00bb4.15&#8243; _module_preset=\u00bbdefault\u00bb text_font=\u00bbMulish||||||||\u00bb text_font_size=\u00bb16px\u00bb text_line_height=\u00bb2em\u00bb global_colors_info=\u00bb{}\u00bb]<\/p>\n<p>El car\u00e1cter del vino y del cava, es fruto de la tierra y el clima, y \u200b\u200bla calidad del mismo, la garantizan los hombres y mujeres.  <br \/>Siempre respetando el proceso productivo, conservando y potenciando los matices y cualidades que el propio producto inicial, la uva, nos proporciona.  <br \/>Siempre siente cuidadosos en la sostenibilidad del entorno que nos rodea.<\/p>\n<p>[\/et_pb_text][\/et_pb_column][\/et_pb_row][\/et_pb_section]<\/p>\n","protected":false},"excerpt":{"rendered":"<p>La Tierra El car\u00e1cter del vino lo da la tierra, la personalidad y el clima. La calidad la garantizan hombres y mujeres.Armon\u00eda, equilibrio y personalidad propia de los vi\u00f1edosLos vi\u00f1edosEn la Fortesa, peque\u00f1a poblaci\u00f3n cercana a Sant Sadurn\u00ed d&#8217;Anoia, se encuentran nuestros vi\u00f1edos, siendo \u00abLes Planes de la Riba\u00bb el principal valor, exponente y estandarte [&hellip;]<\/p>\n","protected":false},"author":1,"featured_media":0,"parent":0,"menu_order":3,"comment_status":"closed","ping_status":"closed","template":"","meta":{"_acf_changed":false,"_et_pb_use_builder":"on","_et_pb_old_content":"","_et_gb_content_width":"","footnotes":""},"class_list":["post-811","page","type-page","status-publish","hentry"],"acf":[],"yoast_head":"<!-- This site is optimized with the Yoast SEO plugin v23.3 - https:\/\/yoast.com\/wordpress\/plugins\/seo\/ -->\n<title>La Tierra - Torrens Moliner<\/title>\n<meta name=\"robots\" content=\"index, follow, max-snippet:-1, max-image-preview:large, max-video-preview:-1\" \/>\n<link rel=\"canonical\" href=\"https:\/\/torrensmoliner.com\/es\/la-tierra\/\" \/>\n<meta property=\"og:locale\" content=\"es_ES\" \/>\n<meta property=\"og:type\" content=\"article\" \/>\n<meta property=\"og:title\" content=\"La Tierra - Torrens Moliner\" \/>\n<meta property=\"og:description\" content=\"La Tierra El car\u00e1cter del vino lo da la tierra, la personalidad y el clima. La calidad la garantizan hombres y mujeres.Armon\u00eda, equilibrio y personalidad propia de los vi\u00f1edosLos vi\u00f1edosEn la Fortesa, peque\u00f1a poblaci\u00f3n cercana a Sant Sadurn\u00ed d&#039;Anoia, se encuentran nuestros vi\u00f1edos, siendo &quot;Les Planes de la Riba&quot; el principal valor, exponente y estandarte [&hellip;]\" \/>\n<meta property=\"og:url\" content=\"https:\/\/torrensmoliner.com\/es\/la-tierra\/\" \/>\n<meta property=\"og:site_name\" content=\"Torrens Moliner\" \/>\n<meta property=\"article:modified_time\" content=\"2024-08-23T08:35:46+00:00\" \/>\n<meta name=\"twitter:card\" content=\"summary_large_image\" \/>\n<meta name=\"twitter:label1\" content=\"Tiempo de lectura\" \/>\n\t<meta name=\"twitter:data1\" content=\"7 minutos\" \/>\n<script type=\"application\/ld+json\" class=\"yoast-schema-graph\">{\"@context\":\"https:\/\/schema.org\",\"@graph\":[{\"@type\":\"WebPage\",\"@id\":\"https:\/\/torrensmoliner.com\/es\/la-tierra\/\",\"url\":\"https:\/\/torrensmoliner.com\/es\/la-tierra\/\",\"name\":\"La Tierra - Torrens Moliner\",\"isPartOf\":{\"@id\":\"https:\/\/torrensmoliner.com\/es\/#website\"},\"datePublished\":\"2021-09-18T20:41:29+00:00\",\"dateModified\":\"2024-08-23T08:35:46+00:00\",\"breadcrumb\":{\"@id\":\"https:\/\/torrensmoliner.com\/es\/la-tierra\/#breadcrumb\"},\"inLanguage\":\"es\",\"potentialAction\":[{\"@type\":\"ReadAction\",\"target\":[\"https:\/\/torrensmoliner.com\/es\/la-tierra\/\"]}]},{\"@type\":\"BreadcrumbList\",\"@id\":\"https:\/\/torrensmoliner.com\/es\/la-tierra\/#breadcrumb\",\"itemListElement\":[{\"@type\":\"ListItem\",\"position\":1,\"name\":\"Portada\",\"item\":\"https:\/\/torrensmoliner.com\/es\/\"},{\"@type\":\"ListItem\",\"position\":2,\"name\":\"La Tierra\"}]},{\"@type\":\"WebSite\",\"@id\":\"https:\/\/torrensmoliner.com\/es\/#website\",\"url\":\"https:\/\/torrensmoliner.com\/es\/\",\"name\":\"Torrens Moliner\",\"description\":\"Vins i Caves a la Fortesa\",\"potentialAction\":[{\"@type\":\"SearchAction\",\"target\":{\"@type\":\"EntryPoint\",\"urlTemplate\":\"https:\/\/torrensmoliner.com\/es\/?s={search_term_string}\"},\"query-input\":\"required name=search_term_string\"}],\"inLanguage\":\"es\"}]}<\/script>\n<!-- \/ Yoast SEO plugin. -->","yoast_head_json":{"title":"La Tierra - Torrens Moliner","robots":{"index":"index","follow":"follow","max-snippet":"max-snippet:-1","max-image-preview":"max-image-preview:large","max-video-preview":"max-video-preview:-1"},"canonical":"https:\/\/torrensmoliner.com\/es\/la-tierra\/","og_locale":"es_ES","og_type":"article","og_title":"La Tierra - Torrens Moliner","og_description":"La Tierra El car\u00e1cter del vino lo da la tierra, la personalidad y el clima. La calidad la garantizan hombres y mujeres.Armon\u00eda, equilibrio y personalidad propia de los vi\u00f1edosLos vi\u00f1edosEn la Fortesa, peque\u00f1a poblaci\u00f3n cercana a Sant Sadurn\u00ed d'Anoia, se encuentran nuestros vi\u00f1edos, siendo \"Les Planes de la Riba\" el principal valor, exponente y estandarte [&hellip;]","og_url":"https:\/\/torrensmoliner.com\/es\/la-tierra\/","og_site_name":"Torrens Moliner","article_modified_time":"2024-08-23T08:35:46+00:00","twitter_card":"summary_large_image","twitter_misc":{"Tiempo de lectura":"7 minutos"},"schema":{"@context":"https:\/\/schema.org","@graph":[{"@type":"WebPage","@id":"https:\/\/torrensmoliner.com\/es\/la-tierra\/","url":"https:\/\/torrensmoliner.com\/es\/la-tierra\/","name":"La Tierra - Torrens Moliner","isPartOf":{"@id":"https:\/\/torrensmoliner.com\/es\/#website"},"datePublished":"2021-09-18T20:41:29+00:00","dateModified":"2024-08-23T08:35:46+00:00","breadcrumb":{"@id":"https:\/\/torrensmoliner.com\/es\/la-tierra\/#breadcrumb"},"inLanguage":"es","potentialAction":[{"@type":"ReadAction","target":["https:\/\/torrensmoliner.com\/es\/la-tierra\/"]}]},{"@type":"BreadcrumbList","@id":"https:\/\/torrensmoliner.com\/es\/la-tierra\/#breadcrumb","itemListElement":[{"@type":"ListItem","position":1,"name":"Portada","item":"https:\/\/torrensmoliner.com\/es\/"},{"@type":"ListItem","position":2,"name":"La Tierra"}]},{"@type":"WebSite","@id":"https:\/\/torrensmoliner.com\/es\/#website","url":"https:\/\/torrensmoliner.com\/es\/","name":"Torrens Moliner","description":"Vins i Caves a la Fortesa","potentialAction":[{"@type":"SearchAction","target":{"@type":"EntryPoint","urlTemplate":"https:\/\/torrensmoliner.com\/es\/?s={search_term_string}"},"query-input":"required name=search_term_string"}],"inLanguage":"es"}]}},"_links":{"self":[{"href":"https:\/\/torrensmoliner.com\/es\/wp-json\/wp\/v2\/pages\/811","targetHints":{"allow":["GET"]}}],"collection":[{"href":"https:\/\/torrensmoliner.com\/es\/wp-json\/wp\/v2\/pages"}],"about":[{"href":"https:\/\/torrensmoliner.com\/es\/wp-json\/wp\/v2\/types\/page"}],"author":[{"embeddable":true,"href":"https:\/\/torrensmoliner.com\/es\/wp-json\/wp\/v2\/users\/1"}],"replies":[{"embeddable":true,"href":"https:\/\/torrensmoliner.com\/es\/wp-json\/wp\/v2\/comments?post=811"}],"version-history":[{"count":2,"href":"https:\/\/torrensmoliner.com\/es\/wp-json\/wp\/v2\/pages\/811\/revisions"}],"predecessor-version":[{"id":813,"href":"https:\/\/torrensmoliner.com\/es\/wp-json\/wp\/v2\/pages\/811\/revisions\/813"}],"wp:attachment":[{"href":"https:\/\/torrensmoliner.com\/es\/wp-json\/wp\/v2\/media?parent=811"}],"curies":[{"name":"wp","href":"https:\/\/api.w.org\/{rel}","templated":true}]}}