{"id":817,"date":"2021-09-18T22:41:29","date_gmt":"2021-09-18T20:41:29","guid":{"rendered":"https:\/\/torrensmoliner.com\/origenes\/"},"modified":"2024-08-23T10:35:56","modified_gmt":"2024-08-23T08:35:56","slug":"origenes","status":"publish","type":"page","link":"https:\/\/torrensmoliner.com\/es\/origenes\/","title":{"rendered":"Origenes"},"content":{"rendered":"<p>[et_pb_section fb_built=\u00bb1&#8243; admin_label=\u00bbHero\u00bb _builder_version=\u00bb4.14.7&#8243; use_background_color_gradient=\u00bbon\u00bb background_color_gradient_start=\u00bb#210b00&#8243; background_color_gradient_end=\u00bbrgba(33,25,21,0)\u00bb background_color_gradient_type=\u00bbradial\u00bb background_color_gradient_direction_radial=\u00bbtop right\u00bb background_color_gradient_start_position=\u00bb10%\u00bb background_color_gradient_overlays_image=\u00bbon\u00bb background_image=\u00bbhttps:\/\/torrensmoliner.com\/wp-content\/uploads\/2022\/02\/MG_6417-scaled.jpg\u00bb custom_padding=\u00bb80px|0|0||false|false\u00bb global_colors_info=\u00bb{}\u00bb][et_pb_row use_custom_gutter=\u00bbon\u00bb gutter_width=\u00bb1&#8243; make_equal=\u00bbon\u00bb padding_top_bottom_link_2=\u00bbtrue\u00bb padding_left_right_link_2=\u00bbtrue\u00bb _builder_version=\u00bb4.15&#8243; custom_margin=\u00bb|||\u00bb custom_padding=\u00bb27px|0px|0|0px|false|false\u00bb global_colors_info=\u00bb{}\u00bb][et_pb_column type=\u00bb4_4&#8243; _builder_version=\u00bb4.15&#8243; custom_padding=\u00bb|4%|80px|\u00bb custom_padding_tablet=\u00bb||40px|\u00bb custom_padding_phone=\u00bb||40px|\u00bb custom_padding_last_edited=\u00bbon|tablet\u00bb global_colors_info=\u00bb{}\u00bb padding_tablet=\u00bb||40px|\u00bb padding_last_edited=\u00bbon|tablet\u00bb custom_padding__hover=\u00bb|||\u00bb padding_phone=\u00bb||40px|\u00bb][et_pb_text _builder_version=\u00bb4.15&#8243; text_font=\u00bbMulish||||||||\u00bb text_font_size=\u00bb20px\u00bb text_line_height=\u00bb2em\u00bb header_font=\u00bbAlegreya SC|||||on|||\u00bb header_text_color=\u00bb#FFFFFF\u00bb header_font_size=\u00bb68px\u00bb header_line_height=\u00bb1.4em\u00bb background_layout=\u00bbdark\u00bb max_width=\u00bb782px\u00bb custom_margin=\u00bb|-35px||||\u00bb text_font_size_tablet=\u00bb\u00bb text_font_size_phone=\u00bb16px\u00bb text_font_size_last_edited=\u00bbon|phone\u00bb header_font_size_tablet=\u00bb44px\u00bb header_font_size_phone=\u00bb24px\u00bb header_font_size_last_edited=\u00bbon|desktop\u00bb header_line_height_tablet=\u00bb1.4em\u00bb header_line_height_phone=\u00bb1.4em\u00bb header_line_height_last_edited=\u00bbon|desktop\u00bb global_colors_info=\u00bb{}\u00bb]<\/p>\n<h1>Or\u00edgenes<\/h1>\n<p>La medida combinaci\u00f3n de la producci\u00f3n artesanal, el know-how de nuestra gente y la tecnolog\u00eda m\u00e1s avanzada, originan la excelencia de nuestros vinos y cavas&#8230;<\/p>\n<p>[\/et_pb_text][\/et_pb_column][\/et_pb_row][\/et_pb_section][et_pb_section fb_built=\u00bb1&#8243; admin_label=\u00bbServices Header\u00bb _builder_version=\u00bb4.15&#8243; custom_padding=\u00bb0|0px|54px|0px|false|false\u00bb locked=\u00bboff\u00bb global_colors_info=\u00bb{}\u00bb][et_pb_row column_structure=\u00bb2_3,1_3&#8243; use_custom_gutter=\u00bbon\u00bb gutter_width=\u00bb1&#8243; padding_top_bottom_link_2=\u00bbtrue\u00bb padding_left_right_link_2=\u00bbtrue\u00bb _builder_version=\u00bb4.15&#8243; custom_margin=\u00bb|auto|-24px|auto||\u00bb custom_padding=\u00bb0|0px|27px|0px|false|false\u00bb animation_style=\u00bbslide\u00bb animation_direction=\u00bbtop\u00bb animation_intensity_slide=\u00bb20%\u00bb locked=\u00bboff\u00bb global_colors_info=\u00bb{}\u00bb][et_pb_column type=\u00bb2_3&#8243; _builder_version=\u00bb4.15&#8243; custom_padding=\u00bb|||\u00bb global_colors_info=\u00bb{}\u00bb custom_padding__hover=\u00bb|||\u00bb][et_pb_text _builder_version=\u00bb4.15&#8243; text_font=\u00bb||||||||\u00bb ul_font=\u00bb||||||||\u00bb ol_font=\u00bb||||||||\u00bb quote_font=\u00bb||||||||\u00bb header_font=\u00bb||||||||\u00bb header_2_font=\u00bb|800|||||||\u00bb header_2_font_size=\u00bb24px\u00bb header_2_line_height=\u00bb1.8em\u00bb header_3_font=\u00bb||||||||\u00bb header_4_font=\u00bbAlegreya SC|800||on|||||\u00bb header_4_text_color=\u00bb#b0976d\u00bb header_4_font_size=\u00bb19px\u00bb header_4_letter_spacing=\u00bb0.5px\u00bb header_4_line_height=\u00bb1.7em\u00bb header_5_font=\u00bb||||||||\u00bb header_6_font=\u00bb||||||||\u00bb background_color=\u00bb#efefef\u00bb padding_1_last_edited=\u00bbon|desktop\u00bb custom_padding=\u00bb30px|50px|30px|50px|true|true|20px|10%|20px|10%|true|true||on|desktop\u00bb custom_padding_tablet=\u00bb\u00bb custom_padding_phone=\u00bb20px|10%|20px|10%|true|true\u00bb custom_padding_last_edited=\u00bbon|phone\u00bb header_2_font_size_tablet=\u00bb\u00bb header_2_font_size_phone=\u00bb18px\u00bb header_2_font_size_last_edited=\u00bbon|phone\u00bb locked=\u00bboff\u00bb global_colors_info=\u00bb{}\u00bb]<\/p>\n<h4>Elaboramos vinos y cavas desde el a\u00f1o 1981<\/h4>\n<p>[\/et_pb_text][\/et_pb_column][et_pb_column type=\u00bb1_3&#8243; _builder_version=\u00bb4.15&#8243; custom_padding=\u00bb50px|50px|50px|50px\u00bb custom_padding_tablet=\u00bb50px|50px|50px|50px\u00bb custom_padding_phone=\u00bb20px|10%|20px|10%|true|true\u00bb custom_padding_last_edited=\u00bbon|phone\u00bb global_colors_info=\u00bb{}\u00bb padding_phone=\u00bb20px|10%|20px|10%|true|true\u00bb padding_last_edited=\u00bbon|phone\u00bb custom_padding__hover=\u00bb|||\u00bb][\/et_pb_column][\/et_pb_row][et_pb_row column_structure=\u00bb1_2,1_2&#8243; _builder_version=\u00bb4.15&#8243; custom_padding=\u00bb27px|||||\u00bb global_colors_info=\u00bb{}\u00bb][et_pb_column type=\u00bb1_2&#8243; _builder_version=\u00bb4.15&#8243; custom_padding=\u00bb|||\u00bb global_colors_info=\u00bb{}\u00bb custom_padding__hover=\u00bb|||\u00bb][et_pb_text _builder_version=\u00bb4.15&#8243; text_font=\u00bbMulish||||||||\u00bb text_font_size=\u00bb16px\u00bb text_line_height=\u00bb1.8em\u00bb header_font=\u00bb||||||||\u00bb header_3_font=\u00bbAlegreya SC|||on|||||\u00bb header_3_text_color=\u00bb#000000&#8243; header_3_font_size=\u00bb24px\u00bb header_3_line_height=\u00bb1.8em\u00bb min_height=\u00bb30.2px\u00bb custom_margin=\u00bb||-20px||false|false\u00bb custom_padding=\u00bb||0px|||\u00bb header_3_font_size_tablet=\u00bb\u00bb header_3_font_size_phone=\u00bb18px\u00bb header_3_font_size_last_edited=\u00bbon|phone\u00bb locked=\u00bboff\u00bb global_colors_info=\u00bb{}\u00bb]<\/p>\n<h3>Or\u00edgenes, historia y tradici\u00f3n<\/h3>\n<p>[\/et_pb_text][et_pb_divider divider_position=\u00bbcenter\u00bb divider_weight=\u00bb2px\u00bb _builder_version=\u00bb4.15&#8243; _module_preset=\u00bbdefault\u00bb width=\u00bb200px\u00bb module_alignment=\u00bbleft\u00bb custom_margin=\u00bb-7px||-7px||true|false\u00bb custom_padding=\u00bb0px||0px||true|false\u00bb global_colors_info=\u00bb{}\u00bb][\/et_pb_divider][et_pb_text _builder_version=\u00bb4.15&#8243; text_font=\u00bbMulish||||||||\u00bb text_font_size=\u00bb16px\u00bb text_line_height=\u00bb1.8em\u00bb header_font=\u00bb||||||||\u00bb header_3_font=\u00bbAlegreya SC|||on|||||\u00bb header_3_text_color=\u00bb#000000&#8243; header_3_font_size=\u00bb24px\u00bb header_3_line_height=\u00bb1.8em\u00bb custom_margin=\u00bb10px||||false|false\u00bb header_3_font_size_tablet=\u00bb\u00bb header_3_font_size_phone=\u00bb18px\u00bb header_3_font_size_last_edited=\u00bbon|phone\u00bb locked=\u00bboff\u00bb global_colors_info=\u00bb{}\u00bb]<\/p>\n<p>Despu\u00e9s de largos a\u00f1os de tradici\u00f3n en el cultivo de la vi\u00f1a y la elaboraci\u00f3n de vinos en La Fortesa, peque\u00f1a poblaci\u00f3n de la comarca del Anoia, muy pr\u00f3xima a Sant Sadurn\u00ed d&#8217;Anoia (Alt Pened\u00e8s), la familia Torrens Moliner, en 1981, elabora la primera botella de la marca Torrens Moliner.<\/p>\n<p>A lo largo de todos estos a\u00f1os, TORRENS MOLINER ha continuado fiel a su filosof\u00eda, combinando la mejor calidad en la producci\u00f3n artesanal, la tecnolog\u00eda m\u00e1s avanzada y el saber hacer de sus gentes.<\/p>\n<p>Controlamos todo el proceso productivo, desde la Vi\u00f1a hasta el producto final, prensando y vinificando nuestra propia uva de la propiedad Heretat La Fortesa.<\/p>\n<p>[\/et_pb_text][\/et_pb_column][et_pb_column type=\u00bb1_2&#8243; _builder_version=\u00bb4.15&#8243; custom_padding=\u00bb|||\u00bb global_colors_info=\u00bb{}\u00bb custom_padding__hover=\u00bb|||\u00bb][et_pb_image src=\u00bbhttps:\/\/torrensmoliner.com\/wp-content\/uploads\/2022\/02\/MG_6417-scaled.jpg\u00bb title_text=\u00bb_MG_6417&#8243; _builder_version=\u00bb4.15.1&#8243; _module_preset=\u00bbdefault\u00bb hover_enabled=\u00bb0&#8243; global_colors_info=\u00bb{}\u00bb sticky_enabled=\u00bb0&#8243;][\/et_pb_image][\/et_pb_column][\/et_pb_row][et_pb_row _builder_version=\u00bb4.15&#8243; custom_padding=\u00bb27px|||||\u00bb global_colors_info=\u00bb{}\u00bb][et_pb_column type=\u00bb4_4&#8243; _builder_version=\u00bb4.15&#8243; custom_padding=\u00bb|||\u00bb global_colors_info=\u00bb{}\u00bb custom_padding__hover=\u00bb|||\u00bb][et_pb_text _builder_version=\u00bb4.15&#8243; text_font=\u00bbMulish||||||||\u00bb text_font_size=\u00bb16px\u00bb text_line_height=\u00bb1.8em\u00bb header_font=\u00bb||||||||\u00bb header_3_font=\u00bbAlegreya SC|||on|||||\u00bb header_3_text_color=\u00bb#000000&#8243; header_3_font_size=\u00bb24px\u00bb header_3_line_height=\u00bb1.8em\u00bb custom_margin=\u00bb||-20px||false|false\u00bb header_3_font_size_tablet=\u00bb\u00bb header_3_font_size_phone=\u00bb18px\u00bb header_3_font_size_last_edited=\u00bbon|phone\u00bb locked=\u00bboff\u00bb global_colors_info=\u00bb{}\u00bb]<\/p>\n<h3>Nuestra filosof\u00eda<\/h3>\n<p>[\/et_pb_text][et_pb_divider divider_position=\u00bbcenter\u00bb divider_weight=\u00bb2px\u00bb _builder_version=\u00bb4.15&#8243; _module_preset=\u00bbdefault\u00bb width=\u00bb200px\u00bb module_alignment=\u00bbleft\u00bb custom_margin=\u00bb-7px||-7px||true|false\u00bb custom_padding=\u00bb0px||0px||true|false\u00bb global_colors_info=\u00bb{}\u00bb][\/et_pb_divider][et_pb_text _builder_version=\u00bb4.15&#8243; text_font=\u00bbMulish||||||||\u00bb text_font_size=\u00bb16px\u00bb text_line_height=\u00bb1.8em\u00bb header_font=\u00bb||||||||\u00bb header_3_font=\u00bbAlegreya SC|||on|||||\u00bb header_3_text_color=\u00bb#000000&#8243; header_3_font_size=\u00bb24px\u00bb header_3_line_height=\u00bb1.8em\u00bb custom_margin=\u00bb10px||||false|false\u00bb header_3_font_size_tablet=\u00bb\u00bb header_3_font_size_phone=\u00bb18px\u00bb header_3_font_size_last_edited=\u00bbon|phone\u00bb locked=\u00bboff\u00bb global_colors_info=\u00bb{}\u00bb]<\/p>\n<p>Nuestra misi\u00f3n es la elaboraci\u00f3n de Vinos y Cavas de primera calidad, posicionando los mismos en el segmento adecuado de mercado, creando y potenciando una imagen de marca s\u00f3lida, din\u00e1mica e identificada con el trabajo bien hecho, conservando en todo momento la adecuada y necesaria aportaci\u00f3n a la sostenibilidad del medio en el que interactuamos.<\/p>\n<p>[\/et_pb_text][et_pb_image src=\u00bbhttps:\/\/torrensmoliner.com\/wp-content\/uploads\/2022\/02\/vinya_torrens__034.jpg\u00bb title_text=\u00bbvi\u00f1a_torrenos__034&#8243; _builder_version=\u00bb4.15&#8243; _module_preset=\u00bbdefault\u00bb global_colors_info=\u00bb{}\u00bb][\/et_pb_image][\/et_pb_column][\/et_pb_row][et_pb_row _builder_version=\u00bb4.15&#8243; _module_preset=\u00bbdefault\u00bb animation_style=\u00bbfade\u00bb global_colors_info=\u00bb{}\u00bb][et_pb_column type=\u00bb4_4&#8243; _builder_version=\u00bb4.15&#8243; _module_preset=\u00bbdefault\u00bb global_colors_info=\u00bb{}\u00bb][et_pb_text _builder_version=\u00bb4.15&#8243; _module_preset=\u00bbdefault\u00bb text_font=\u00bbMulish||||||||\u00bb text_font_size=\u00bb16px\u00bb text_line_height=\u00bb1.8em\u00bb header_text_align=\u00bbcenter\u00bb header_3_font=\u00bbAlegreya SC|||on|||||\u00bb header_3_text_align=\u00bbcenter\u00bb header_3_text_color=\u00bb#000000&#8243; header_3_font_size=\u00bb24px\u00bb text_orientation=\u00bbcenter\u00bb custom_margin=\u00bb||-12px||false|false\u00bb global_colors_info=\u00bb{}\u00bb]<\/p>\n<h3>Certificaci\u00f3n ecol\u00f3gica<\/h3>\n<p>[\/et_pb_text][et_pb_divider divider_position=\u00bbcenter\u00bb divider_weight=\u00bb2px\u00bb _builder_version=\u00bb4.15&#8243; _module_preset=\u00bbdefault\u00bb width=\u00bb200px\u00bb module_alignment=\u00bbcenter\u00bb custom_margin=\u00bb-7px||-7px||true|false\u00bb custom_padding=\u00bb0px||0px||true|false\u00bb global_colors_info=\u00bb{}\u00bb][\/et_pb_divider][et_pb_text _builder_version=\u00bb4.15&#8243; _module_preset=\u00bbdefault\u00bb text_font=\u00bbMulish||||||||\u00bb text_font_size=\u00bb16px\u00bb text_line_height=\u00bb1.8em\u00bb header_3_font=\u00bbAlegreya SC|||on|||||\u00bb header_3_text_color=\u00bb#000000&#8243; header_3_font_size=\u00bb24px\u00bb text_orientation=\u00bbcenter\u00bb custom_margin=\u00bb10px||||false|false\u00bb global_colors_info=\u00bb{}\u00bb]<\/p>\n<p>Nos basamos en elaborar productos de calidad, certificados bajo el sello ecol\u00f3gico:<\/p>\n<p>CCPAE SE-ECO-019-CT. de Agricultura Ecol\u00f3gica.<\/p>\n<p>[\/et_pb_text][et_pb_image src=\u00bbhttps:\/\/torrensmoliner.com\/wp-content\/uploads\/2022\/02\/eu-organic-logo-600&#215;400-copia-2.jpg\u00bb title_text=\u00bbeu-organic-logo-600&#215;400&#8212;copia\u00bb align=\u00bbcenter\u00bb _builder_version=\u00bb4.15&#8243; _module_preset=\u00bbdefault\u00bb custom_margin=\u00bb-23px|||||\u00bb custom_padding=\u00bb3px|||||\u00bb global_colors_info=\u00bb{}\u00bb][\/et_pb_image][\/et_pb_column][\/et_pb_row][\/et_pb_section]<\/p>\n","protected":false},"excerpt":{"rendered":"<p>Or\u00edgenes La medida combinaci\u00f3n de la producci\u00f3n artesanal, el know-how de nuestra gente y la tecnolog\u00eda m\u00e1s avanzada, originan la excelencia de nuestros vinos y cavas&#8230;Elaboramos vinos y cavas desde el a\u00f1o 1981Or\u00edgenes, historia y tradici\u00f3nDespu\u00e9s de largos a\u00f1os de tradici\u00f3n en el cultivo de la vi\u00f1a y la elaboraci\u00f3n de vinos en La Fortesa, [&hellip;]<\/p>\n","protected":false},"author":1,"featured_media":0,"parent":0,"menu_order":2,"comment_status":"closed","ping_status":"closed","template":"","meta":{"_acf_changed":false,"_et_pb_use_builder":"on","_et_pb_old_content":"","_et_gb_content_width":"","footnotes":""},"class_list":["post-817","page","type-page","status-publish","hentry"],"acf":[],"yoast_head":"<!-- This site is optimized with the Yoast SEO plugin v23.3 - https:\/\/yoast.com\/wordpress\/plugins\/seo\/ -->\n<title>Origenes - Torrens Moliner<\/title>\n<meta name=\"robots\" content=\"index, follow, max-snippet:-1, max-image-preview:large, max-video-preview:-1\" \/>\n<link rel=\"canonical\" href=\"https:\/\/torrensmoliner.com\/es\/origenes\/\" \/>\n<meta property=\"og:locale\" content=\"es_ES\" \/>\n<meta property=\"og:type\" content=\"article\" \/>\n<meta property=\"og:title\" content=\"Origenes - Torrens Moliner\" \/>\n<meta property=\"og:description\" content=\"Or\u00edgenes La medida combinaci\u00f3n de la producci\u00f3n artesanal, el know-how de nuestra gente y la tecnolog\u00eda m\u00e1s avanzada, originan la excelencia de nuestros vinos y cavas...Elaboramos vinos y cavas desde el a\u00f1o 1981Or\u00edgenes, historia y tradici\u00f3nDespu\u00e9s de largos a\u00f1os de tradici\u00f3n en el cultivo de la vi\u00f1a y la elaboraci\u00f3n de vinos en La Fortesa, [&hellip;]\" \/>\n<meta property=\"og:url\" content=\"https:\/\/torrensmoliner.com\/es\/origenes\/\" \/>\n<meta property=\"og:site_name\" content=\"Torrens Moliner\" \/>\n<meta property=\"article:modified_time\" content=\"2024-08-23T08:35:56+00:00\" \/>\n<meta name=\"twitter:card\" content=\"summary_large_image\" \/>\n<meta name=\"twitter:label1\" content=\"Tiempo de lectura\" \/>\n\t<meta name=\"twitter:data1\" content=\"7 minutos\" \/>\n<script type=\"application\/ld+json\" class=\"yoast-schema-graph\">{\"@context\":\"https:\/\/schema.org\",\"@graph\":[{\"@type\":\"WebPage\",\"@id\":\"https:\/\/torrensmoliner.com\/es\/origenes\/\",\"url\":\"https:\/\/torrensmoliner.com\/es\/origenes\/\",\"name\":\"Origenes - Torrens Moliner\",\"isPartOf\":{\"@id\":\"https:\/\/torrensmoliner.com\/es\/#website\"},\"datePublished\":\"2021-09-18T20:41:29+00:00\",\"dateModified\":\"2024-08-23T08:35:56+00:00\",\"breadcrumb\":{\"@id\":\"https:\/\/torrensmoliner.com\/es\/origenes\/#breadcrumb\"},\"inLanguage\":\"es\",\"potentialAction\":[{\"@type\":\"ReadAction\",\"target\":[\"https:\/\/torrensmoliner.com\/es\/origenes\/\"]}]},{\"@type\":\"BreadcrumbList\",\"@id\":\"https:\/\/torrensmoliner.com\/es\/origenes\/#breadcrumb\",\"itemListElement\":[{\"@type\":\"ListItem\",\"position\":1,\"name\":\"Portada\",\"item\":\"https:\/\/torrensmoliner.com\/es\/\"},{\"@type\":\"ListItem\",\"position\":2,\"name\":\"Origenes\"}]},{\"@type\":\"WebSite\",\"@id\":\"https:\/\/torrensmoliner.com\/es\/#website\",\"url\":\"https:\/\/torrensmoliner.com\/es\/\",\"name\":\"Torrens Moliner\",\"description\":\"Vins i Caves a la Fortesa\",\"potentialAction\":[{\"@type\":\"SearchAction\",\"target\":{\"@type\":\"EntryPoint\",\"urlTemplate\":\"https:\/\/torrensmoliner.com\/es\/?s={search_term_string}\"},\"query-input\":\"required name=search_term_string\"}],\"inLanguage\":\"es\"}]}<\/script>\n<!-- \/ Yoast SEO plugin. -->","yoast_head_json":{"title":"Origenes - Torrens Moliner","robots":{"index":"index","follow":"follow","max-snippet":"max-snippet:-1","max-image-preview":"max-image-preview:large","max-video-preview":"max-video-preview:-1"},"canonical":"https:\/\/torrensmoliner.com\/es\/origenes\/","og_locale":"es_ES","og_type":"article","og_title":"Origenes - Torrens Moliner","og_description":"Or\u00edgenes La medida combinaci\u00f3n de la producci\u00f3n artesanal, el know-how de nuestra gente y la tecnolog\u00eda m\u00e1s avanzada, originan la excelencia de nuestros vinos y cavas...Elaboramos vinos y cavas desde el a\u00f1o 1981Or\u00edgenes, historia y tradici\u00f3nDespu\u00e9s de largos a\u00f1os de tradici\u00f3n en el cultivo de la vi\u00f1a y la elaboraci\u00f3n de vinos en La Fortesa, [&hellip;]","og_url":"https:\/\/torrensmoliner.com\/es\/origenes\/","og_site_name":"Torrens Moliner","article_modified_time":"2024-08-23T08:35:56+00:00","twitter_card":"summary_large_image","twitter_misc":{"Tiempo de lectura":"7 minutos"},"schema":{"@context":"https:\/\/schema.org","@graph":[{"@type":"WebPage","@id":"https:\/\/torrensmoliner.com\/es\/origenes\/","url":"https:\/\/torrensmoliner.com\/es\/origenes\/","name":"Origenes - Torrens Moliner","isPartOf":{"@id":"https:\/\/torrensmoliner.com\/es\/#website"},"datePublished":"2021-09-18T20:41:29+00:00","dateModified":"2024-08-23T08:35:56+00:00","breadcrumb":{"@id":"https:\/\/torrensmoliner.com\/es\/origenes\/#breadcrumb"},"inLanguage":"es","potentialAction":[{"@type":"ReadAction","target":["https:\/\/torrensmoliner.com\/es\/origenes\/"]}]},{"@type":"BreadcrumbList","@id":"https:\/\/torrensmoliner.com\/es\/origenes\/#breadcrumb","itemListElement":[{"@type":"ListItem","position":1,"name":"Portada","item":"https:\/\/torrensmoliner.com\/es\/"},{"@type":"ListItem","position":2,"name":"Origenes"}]},{"@type":"WebSite","@id":"https:\/\/torrensmoliner.com\/es\/#website","url":"https:\/\/torrensmoliner.com\/es\/","name":"Torrens Moliner","description":"Vins i Caves a la Fortesa","potentialAction":[{"@type":"SearchAction","target":{"@type":"EntryPoint","urlTemplate":"https:\/\/torrensmoliner.com\/es\/?s={search_term_string}"},"query-input":"required name=search_term_string"}],"inLanguage":"es"}]}},"_links":{"self":[{"href":"https:\/\/torrensmoliner.com\/es\/wp-json\/wp\/v2\/pages\/817","targetHints":{"allow":["GET"]}}],"collection":[{"href":"https:\/\/torrensmoliner.com\/es\/wp-json\/wp\/v2\/pages"}],"about":[{"href":"https:\/\/torrensmoliner.com\/es\/wp-json\/wp\/v2\/types\/page"}],"author":[{"embeddable":true,"href":"https:\/\/torrensmoliner.com\/es\/wp-json\/wp\/v2\/users\/1"}],"replies":[{"embeddable":true,"href":"https:\/\/torrensmoliner.com\/es\/wp-json\/wp\/v2\/comments?post=817"}],"version-history":[{"count":8,"href":"https:\/\/torrensmoliner.com\/es\/wp-json\/wp\/v2\/pages\/817\/revisions"}],"predecessor-version":[{"id":839,"href":"https:\/\/torrensmoliner.com\/es\/wp-json\/wp\/v2\/pages\/817\/revisions\/839"}],"wp:attachment":[{"href":"https:\/\/torrensmoliner.com\/es\/wp-json\/wp\/v2\/media?parent=817"}],"curies":[{"name":"wp","href":"https:\/\/api.w.org\/{rel}","templated":true}]}}