{"id":864,"date":"2021-09-18T22:41:29","date_gmt":"2021-09-18T20:41:29","guid":{"rendered":"https:\/\/torrensmoliner.com\/elaboracion\/"},"modified":"2024-08-23T10:36:32","modified_gmt":"2024-08-23T08:36:32","slug":"elaboracion","status":"publish","type":"page","link":"https:\/\/torrensmoliner.com\/es\/elaboracion\/","title":{"rendered":"Elaboraci\u00f3n"},"content":{"rendered":"<p>[et_pb_section fb_built=\u00bb1&#8243; admin_label=\u00bbHero\u00bb _builder_version=\u00bb4.14.7&#8243; use_background_color_gradient=\u00bbon\u00bb background_color_gradient_start=\u00bb#210b00&#8243; background_color_gradient_end=\u00bbrgba(33,25,21,0)\u00bb background_color_gradient_type=\u00bbradial\u00bb background_color_gradient_direction_radial=\u00bbtop right\u00bb background_color_gradient_start_position=\u00bb10%\u00bb background_color_gradient_overlays_image=\u00bbon\u00bb background_image=\u00bbhttps:\/\/torrensmoliner.com\/wp-content\/uploads\/2022\/02\/MG_6097-67.jpg\u00bb custom_padding=\u00bb80px|0|0||false|false\u00bb global_colors_info=\u00bb{}\u00bb][et_pb_row use_custom_gutter=\u00bbon\u00bb gutter_width=\u00bb1&#8243; make_equal=\u00bbon\u00bb padding_top_bottom_link_2=\u00bbtrue\u00bb padding_left_right_link_2=\u00bbtrue\u00bb _builder_version=\u00bb4.15&#8243; custom_margin=\u00bb|||\u00bb custom_padding=\u00bb27px|0px|0|0px|false|false\u00bb global_colors_info=\u00bb{}\u00bb][et_pb_column type=\u00bb4_4&#8243; _builder_version=\u00bb4.15&#8243; custom_padding=\u00bb|4%|80px|\u00bb custom_padding_tablet=\u00bb||40px|\u00bb custom_padding_phone=\u00bb||40px|\u00bb custom_padding_last_edited=\u00bbon|tablet\u00bb global_colors_info=\u00bb{}\u00bb padding_tablet=\u00bb||40px|\u00bb padding_last_edited=\u00bbon|tablet\u00bb custom_padding__hover=\u00bb|||\u00bb padding_phone=\u00bb||40px|\u00bb][et_pb_text _builder_version=\u00bb4.15&#8243; text_font=\u00bbMulish||||||||\u00bb text_font_size=\u00bb20px\u00bb text_line_height=\u00bb2em\u00bb header_font=\u00bbAlegreya SC|||||on|||\u00bb header_text_color=\u00bb#FFFFFF\u00bb header_font_size=\u00bb68px\u00bb header_line_height=\u00bb1.4em\u00bb background_layout=\u00bbdark\u00bb max_width=\u00bb782px\u00bb custom_margin=\u00bb|-35px||||\u00bb text_font_size_tablet=\u00bb\u00bb text_font_size_phone=\u00bb16px\u00bb text_font_size_last_edited=\u00bbon|phone\u00bb header_font_size_tablet=\u00bb44px\u00bb header_font_size_phone=\u00bb24px\u00bb header_font_size_last_edited=\u00bbon|desktop\u00bb header_line_height_tablet=\u00bb1.4em\u00bb header_line_height_phone=\u00bb1.4em\u00bb header_line_height_last_edited=\u00bbon|desktop\u00bb global_colors_info=\u00bb{}\u00bb]<\/p>\n<h1>Elaboraci\u00f3n<\/h1>\n<p>El paso del tiempo, en reposo y silencio, en espera del momento ideal para nuestros vinos y cavas&#8230;  <\/p>\n<p>[\/et_pb_text][\/et_pb_column][\/et_pb_row][\/et_pb_section][et_pb_section fb_built=\u00bb1&#8243; admin_label=\u00bbServices Header\u00bb _builder_version=\u00bb4.15&#8243; custom_padding=\u00bb0|0px|54px|0px|false|false\u00bb locked=\u00bboff\u00bb global_colors_info=\u00bb{}\u00bb][et_pb_row column_structure=\u00bb2_3,1_3&#8243; use_custom_gutter=\u00bbon\u00bb gutter_width=\u00bb1&#8243; padding_top_bottom_link_2=\u00bbtrue\u00bb padding_left_right_link_2=\u00bbtrue\u00bb _builder_version=\u00bb4.15&#8243; custom_margin=\u00bb|auto|-24px|auto||\u00bb custom_padding=\u00bb0|0px|27px|0px|false|false\u00bb animation_style=\u00bbslide\u00bb animation_direction=\u00bbtop\u00bb animation_intensity_slide=\u00bb20%\u00bb locked=\u00bboff\u00bb global_colors_info=\u00bb{}\u00bb][et_pb_column type=\u00bb2_3&#8243; _builder_version=\u00bb4.15&#8243; custom_padding=\u00bb|||\u00bb global_colors_info=\u00bb{}\u00bb custom_padding__hover=\u00bb|||\u00bb][et_pb_text _builder_version=\u00bb4.15&#8243; text_font=\u00bb||||||||\u00bb ul_font=\u00bb||||||||\u00bb ol_font=\u00bb||||||||\u00bb quote_font=\u00bb||||||||\u00bb header_font=\u00bb||||||||\u00bb header_2_font=\u00bb|800|||||||\u00bb header_2_font_size=\u00bb24px\u00bb header_2_line_height=\u00bb1.8em\u00bb header_3_font=\u00bb||||||||\u00bb header_4_font=\u00bbAlegreya SC|800||on|||||\u00bb header_4_text_color=\u00bb#b0976d\u00bb header_4_font_size=\u00bb19px\u00bb header_4_letter_spacing=\u00bb0.5px\u00bb header_4_line_height=\u00bb1.7em\u00bb header_5_font=\u00bb||||||||\u00bb header_6_font=\u00bb||||||||\u00bb background_color=\u00bb#efefef\u00bb padding_1_last_edited=\u00bbon|desktop\u00bb custom_padding=\u00bb30px|50px|30px|50px|true|true|20px|10%|20px|10%|true|true||on|desktop\u00bb custom_padding_tablet=\u00bb\u00bb custom_padding_phone=\u00bb20px|10%|20px|10%|true|true\u00bb custom_padding_last_edited=\u00bbon|phone\u00bb header_2_font_size_tablet=\u00bb\u00bb header_2_font_size_phone=\u00bb18px\u00bb header_2_font_size_last_edited=\u00bbon|phone\u00bb locked=\u00bboff\u00bb global_colors_info=\u00bb{}\u00bb]<\/p>\n<h4>Elaboraci\u00f3n tradicional con mucha personalidad<\/h4>\n<p>[\/et_pb_text][\/et_pb_column][et_pb_column type=\u00bb1_3&#8243; _builder_version=\u00bb4.15&#8243; custom_padding=\u00bb50px|50px|50px|50px\u00bb custom_padding_tablet=\u00bb50px|50px|50px|50px\u00bb custom_padding_phone=\u00bb20px|10%|20px|10%|true|true\u00bb custom_padding_last_edited=\u00bbon|phone\u00bb global_colors_info=\u00bb{}\u00bb padding_phone=\u00bb20px|10%|20px|10%|true|true\u00bb padding_last_edited=\u00bbon|phone\u00bb custom_padding__hover=\u00bb|||\u00bb][\/et_pb_column][\/et_pb_row][et_pb_row _builder_version=\u00bb4.15&#8243; custom_padding=\u00bb9px|||||\u00bb global_colors_info=\u00bb{}\u00bb][et_pb_column type=\u00bb4_4&#8243; _builder_version=\u00bb4.15&#8243; custom_padding=\u00bb|||\u00bb global_colors_info=\u00bb{}\u00bb custom_padding__hover=\u00bb|||\u00bb][et_pb_text _builder_version=\u00bb4.15&#8243; text_font=\u00bbMulish||||||||\u00bb text_font_size=\u00bb16px\u00bb text_line_height=\u00bb1.8em\u00bb header_font=\u00bb||||||||\u00bb header_3_font=\u00bbAlegreya SC|||on|||||\u00bb header_3_text_color=\u00bb#000000&#8243; header_3_font_size=\u00bb24px\u00bb header_3_line_height=\u00bb1.8em\u00bb custom_margin=\u00bb-7px||-20px||false|false\u00bb header_3_font_size_tablet=\u00bb\u00bb header_3_font_size_phone=\u00bb18px\u00bb header_3_font_size_last_edited=\u00bbon|phone\u00bb locked=\u00bboff\u00bb global_colors_info=\u00bb{}\u00bb]<\/p>\n<h3>Proceso de elaboraci\u00f3n<\/h3>\n<p>[\/et_pb_text][et_pb_divider divider_position=\u00bbcenter\u00bb divider_weight=\u00bb2px\u00bb _builder_version=\u00bb4.15&#8243; _module_preset=\u00bbdefault\u00bb width=\u00bb200px\u00bb module_alignment=\u00bbleft\u00bb custom_margin=\u00bb-7px||-7px||true|false\u00bb custom_padding=\u00bb0px||0px||true|false\u00bb global_colors_info=\u00bb{}\u00bb][\/et_pb_divider][et_pb_text _builder_version=\u00bb4.15&#8243; text_font=\u00bbMulish||||||||\u00bb text_font_size=\u00bb16px\u00bb text_line_height=\u00bb1.8em\u00bb header_font=\u00bb||||||||\u00bb header_3_font=\u00bbAlegreya SC|||on|||||\u00bb header_3_text_color=\u00bb#000000&#8243; header_3_font_size=\u00bb24px\u00bb header_3_line_height=\u00bb1.8em\u00bb custom_margin=\u00bb10px||||false|false\u00bb header_3_font_size_tablet=\u00bb\u00bb header_3_font_size_phone=\u00bb18px\u00bb header_3_font_size_last_edited=\u00bbon|phone\u00bb locked=\u00bboff\u00bb global_colors_info=\u00bb{}\u00bb]<\/p>\n<p>Torrens Moliner, fiel a su esp\u00edritu de superaci\u00f3n y mejora, apuesta por el control integral del proceso de elaboraci\u00f3n, volviendo a sus ra\u00edces originales.<\/p>\n<p>VINIFICACI\u00d3N PROPIA HEREDAD LA FORTESA : Vi\u00f1edos propios, Uva propia, Vinificaci\u00f3n en la propia Heredad.  <\/p>\n<p>Elaboramos nuestros productos con procedimientos 100% ecol\u00f3gicos en viticultura, tanto en el proceso de prensado de la propia preciada uva, como en la posterior vinificaci\u00f3n del mosto inicial obtenido.<\/p>\n<p>[\/et_pb_text][et_pb_gallery gallery_ids=\u00bb780,782,784,786&#8243; db_images_per_row=\u00bb4&#8243; dbdb_version=\u00bb3.8.0&#8243; show_title_and_caption=\u00bboff\u00bb show_pagination=\u00bboff\u00bb _builder_version=\u00bb4.15&#8243; _module_preset=\u00bbdefault\u00bb global_colors_info=\u00bb{}\u00bb][\/et_pb_gallery][\/et_pb_column][\/et_pb_row][et_pb_row _builder_version=\u00bb4.15&#8243; custom_padding=\u00bb9px|||||\u00bb global_colors_info=\u00bb{}\u00bb][et_pb_column type=\u00bb4_4&#8243; _builder_version=\u00bb4.15&#8243; custom_padding=\u00bb|||\u00bb global_colors_info=\u00bb{}\u00bb custom_padding__hover=\u00bb|||\u00bb][et_pb_text _builder_version=\u00bb4.15&#8243; text_font=\u00bbMulish||||||||\u00bb text_font_size=\u00bb16px\u00bb text_line_height=\u00bb1.8em\u00bb header_font=\u00bb||||||||\u00bb header_3_font=\u00bbAlegreya SC|||on|||||\u00bb header_3_text_color=\u00bb#000000&#8243; header_3_font_size=\u00bb24px\u00bb header_3_line_height=\u00bb1.8em\u00bb custom_margin=\u00bb-12px||-20px||false|false\u00bb header_3_font_size_tablet=\u00bb\u00bb header_3_font_size_phone=\u00bb18px\u00bb header_3_font_size_last_edited=\u00bbon|phone\u00bb locked=\u00bboff\u00bb global_colors_info=\u00bb{}\u00bb]<\/p>\n<h3>La Bodega<\/h3>\n<p>[\/et_pb_text][et_pb_divider divider_position=\u00bbcenter\u00bb divider_weight=\u00bb2px\u00bb _builder_version=\u00bb4.15&#8243; _module_preset=\u00bbdefault\u00bb width=\u00bb200px\u00bb module_alignment=\u00bbleft\u00bb custom_margin=\u00bb-7px||-7px||true|false\u00bb custom_padding=\u00bb0px||0px||true|false\u00bb global_colors_info=\u00bb{}\u00bb][\/et_pb_divider][et_pb_text _builder_version=\u00bb4.15&#8243; text_font=\u00bbMulish||||||||\u00bb text_font_size=\u00bb16px\u00bb text_line_height=\u00bb1.8em\u00bb header_font=\u00bb||||||||\u00bb header_3_font=\u00bbAlegreya SC|||on|||||\u00bb header_3_text_color=\u00bb#000000&#8243; header_3_font_size=\u00bb24px\u00bb header_3_line_height=\u00bb1.8em\u00bb custom_margin=\u00bb10px||||false|false\u00bb header_3_font_size_tablet=\u00bb\u00bb header_3_font_size_phone=\u00bb18px\u00bb header_3_font_size_last_edited=\u00bbon|phone\u00bb locked=\u00bboff\u00bb global_colors_info=\u00bb{}\u00bb]<\/p>\n<p>En nuestra bodega elaboramos de forma artesanal nuestros vinos y cavas, siempre teniendo en cuenta el tiempo de reposo necesario para conseguir la m\u00e1xima calidad.<\/p>\n<p>Para potenciar y conservar todos los matices de aroma y sabor, realizamos la primera fermentaci\u00f3n a temperatura constante.  <\/p>\n<p>[\/et_pb_text][et_pb_image src=\u00bbhttps:\/\/torrensmoliner.com\/wp-content\/uploads\/2022\/02\/celler.jpg\u00bb title_text=\u00bbbodega\u00bb _builder_version=\u00bb4.15&#8243; _module_preset=\u00bbdefault\u00bb global_colors_info=\u00bb{}\u00bb][\/et_pb_image][\/et_pb_column][\/et_pb_row][et_pb_row column_structure=\u00bb1_2,1_2&#8243; _builder_version=\u00bb4.15&#8243; _module_preset=\u00bbdefault\u00bb global_colors_info=\u00bb{}\u00bb][et_pb_column type=\u00bb1_2&#8243; _builder_version=\u00bb4.15&#8243; _module_preset=\u00bbdefault\u00bb global_colors_info=\u00bb{}\u00bb][et_pb_text _builder_version=\u00bb4.15&#8243; _module_preset=\u00bbdefault\u00bb text_font=\u00bbMulish||||||||\u00bb text_font_size=\u00bb16px\u00bb global_colors_info=\u00bb{}\u00bb]<\/p>\n<p>  En Torrens Moliner estamos comprometidos con la constante investigaci\u00f3n para mejorar nuestros productos d\u00eda a d\u00eda.<br \/> Junto con la innovaci\u00f3n y el trabajo bien hecho, en procedimientos de contante mejora y control, obtenemos productos de calidad contrastada y constante en el tiempo.<\/p>\n<p>Nuestros valores m\u00e1s importantes:<\/p>\n<ul>\n<li style=\"list-style-type: none\">\n<ul>\n<li style=\"list-style-type: none\">\n<ul>\n<li>La calidad<\/li>\n<li>El Equilibrio<\/li>\n<li>La personalidad<\/li>\n<\/ul>\n<\/li>\n<\/ul>\n<\/li>\n<\/ul>\n<p>&nbsp;<\/p>\n<p>&nbsp;<\/p>\n<p>[\/et_pb_text][\/et_pb_column][et_pb_column type=\u00bb1_2&#8243; _builder_version=\u00bb4.15&#8243; _module_preset=\u00bbdefault\u00bb global_colors_info=\u00bb{}\u00bb][et_pb_image src=\u00bbhttps:\/\/torrensmoliner.com\/wp-content\/uploads\/2022\/02\/MG_6087-59.jpg\u00bb title_text=\u00bb_MG_6087-59&#8243; _builder_version=\u00bb4.15&#8243; _module_preset=\u00bbdefault\u00bb global_colors_info=\u00bb{}\u00bb][\/et_pb_image][\/et_pb_column][\/et_pb_row][et_pb_row _builder_version=\u00bb4.15&#8243; custom_padding=\u00bb9px|||||\u00bb global_colors_info=\u00bb{}\u00bb][et_pb_column type=\u00bb4_4&#8243; _builder_version=\u00bb4.15&#8243; custom_padding=\u00bb|||\u00bb global_colors_info=\u00bb{}\u00bb custom_padding__hover=\u00bb|||\u00bb][et_pb_text _builder_version=\u00bb4.15&#8243; text_font=\u00bbMulish||||||||\u00bb text_font_size=\u00bb16px\u00bb text_line_height=\u00bb1.8em\u00bb header_font=\u00bb||||||||\u00bb header_3_font=\u00bbAlegreya SC|||on|||||\u00bb header_3_text_color=\u00bb#000000&#8243; header_3_font_size=\u00bb24px\u00bb header_3_line_height=\u00bb1.8em\u00bb custom_margin=\u00bb||-20px||false|false\u00bb header_3_font_size_tablet=\u00bb\u00bb header_3_font_size_phone=\u00bb18px\u00bb header_3_font_size_last_edited=\u00bbon|phone\u00bb locked=\u00bboff\u00bb global_colors_info=\u00bb{}\u00bb]<\/p>\n<h3>La vendimia<\/h3>\n<p>[\/et_pb_text][et_pb_divider divider_position=\u00bbcenter\u00bb divider_weight=\u00bb2px\u00bb _builder_version=\u00bb4.15&#8243; _module_preset=\u00bbdefault\u00bb width=\u00bb200px\u00bb module_alignment=\u00bbleft\u00bb custom_margin=\u00bb-7px||-7px||true|false\u00bb custom_padding=\u00bb0px||0px||true|false\u00bb global_colors_info=\u00bb{}\u00bb][\/et_pb_divider][et_pb_text _builder_version=\u00bb4.15&#8243; text_font=\u00bbMulish||||||||\u00bb text_font_size=\u00bb16px\u00bb text_line_height=\u00bb1.8em\u00bb header_font=\u00bb||||||||\u00bb header_3_font=\u00bbAlegreya SC|||on|||||\u00bb header_3_text_color=\u00bb#000000&#8243; header_3_font_size=\u00bb24px\u00bb header_3_line_height=\u00bb1.8em\u00bb custom_margin=\u00bb10px||||false|false\u00bb header_3_font_size_tablet=\u00bb\u00bb header_3_font_size_phone=\u00bb18px\u00bb header_3_font_size_last_edited=\u00bbon|phone\u00bb locked=\u00bboff\u00bb global_colors_info=\u00bb{}\u00bb]<\/p>\n<p>Con el objetivo de preservar el entorno, y asegurar la excelente calidad de la uva, siempre hacemos la Vendimia a mano, con una caja de 15 kg limpios. As\u00ed conseguimos conservar en excelente estado sanitario las uvas en la entrada al Celler de La Fortesa.<\/p>\n<p>[\/et_pb_text][et_pb_image src=\u00bbhttps:\/\/torrensmoliner.com\/wp-content\/uploads\/2022\/02\/collita.jpg\u00bb title_text=\u00bbcosecha\u00bb _builder_version=\u00bb4.15&#8243; _module_preset=\u00bbdefault\u00bb global_colors_info=\u00bb{}\u00bb][\/et_pb_image][\/et_pb_column][\/et_pb_row][et_pb_row column_structure=\u00bb2_5,3_5&#8243; _builder_version=\u00bb4.15&#8243; _module_preset=\u00bbdefault\u00bb global_colors_info=\u00bb{}\u00bb][et_pb_column type=\u00bb2_5&#8243; _builder_version=\u00bb4.15&#8243; _module_preset=\u00bbdefault\u00bb global_colors_info=\u00bb{}\u00bb][et_pb_slider _builder_version=\u00bb4.15.1&#8243; _module_preset=\u00bbdefault\u00bb background_color=\u00bb#FFFFFF\u00bb background_image=\u00bbhttps:\/\/torrensmoliner.com\/wp-content\/uploads\/2022\/02\/Image_0219-scaled.jpg\u00bb width=\u00bb100%\u00bb height=\u00bb300px\u00bb custom_margin=\u00bb||72px|||\u00bb custom_padding=\u00bb||0px|||\u00bb hover_enabled=\u00bb0&#8243; global_colors_info=\u00bb{}\u00bb use_bg_overlay=\u00bbon\u00bb bg_overlay_color=\u00bb#FFFFFF\u00bb sticky_enabled=\u00bb0&#8243;][et_pb_slide heading=\u00bbSu t\u00edtulo va aqu\u00ed\u00bb button_text=\u00bbClics\u00bb image=\u00bbhttps:\/\/torrensmoliner.com\/wp-content\/uploads\/2022\/04\/IMG_20170817_103242-scaled.jpg\u00bb _builder_version=\u00bb4.15.1&#8243; _module_preset=\u00bbdefault\u00bb global_colors_info=\u00bb{}\u00bb sticky_transition=\u00bbon\u00bb]<\/p>\n<p>Your contento goes here. Editar or remove este texto inline or in modulo Content settings. Usted puede tambi\u00e9n stylo para ver este contenido en el m\u00f3dulo Design settings y hasta apply custom CSS para este texto en el m\u00f3dulo Advanced settings.<\/p>\n<p>[\/et_pb_slide][et_pb_slide heading=\u00bbSu t\u00edtulo va aqu\u00ed\u00bb button_text=\u00bbClics\u00bb image=\u00bbhttps:\/\/torrensmoliner.com\/wp-content\/uploads\/2022\/04\/IMG_20170817_103559-2-scaled.jpg\u00bb _builder_version=\u00bb4.15.1&#8243; _module_preset=\u00bbdefault\u00bb global_colors_info=\u00bb{}\u00bb sticky_transition=\u00bbon\u00bb]<\/p>\n<p>Your contento goes here. Editar or remove este texto inline or in modulo Content settings. Usted puede tambi\u00e9n stylo para ver este contenido en el m\u00f3dulo Design settings y hasta apply custom CSS para este texto en el m\u00f3dulo Advanced settings.<\/p>\n<p>[\/et_pb_slide][\/et_pb_slider][\/et_pb_column][et_pb_column type=\u00bb3_5&#8243; _builder_version=\u00bb4.15&#8243; _module_preset=\u00bbdefault\u00bb global_colors_info=\u00bb{}\u00bb][et_pb_text _builder_version=\u00bb4.15&#8243; text_font=\u00bbMulish||||||||\u00bb text_font_size=\u00bb16px\u00bb text_line_height=\u00bb1.8em\u00bb header_font=\u00bb||||||||\u00bb header_3_font=\u00bbAlegreya SC|||on|||||\u00bb header_3_text_color=\u00bb#000000&#8243; header_3_font_size=\u00bb24px\u00bb header_3_line_height=\u00bb1.8em\u00bb min_height=\u00bb30.2px\u00bb custom_margin=\u00bb||-20px||false|false\u00bb custom_padding=\u00bb||0px|||\u00bb header_3_font_size_tablet=\u00bb\u00bb header_3_font_size_phone=\u00bb18px\u00bb header_3_font_size_last_edited=\u00bbon|phone\u00bb locked=\u00bboff\u00bb global_colors_info=\u00bb{}\u00bb]<\/p>\n<h3>Viticultura ecol\u00f3gica<\/h3>\n<p>[\/et_pb_text][et_pb_divider divider_position=\u00bbcenter\u00bb divider_weight=\u00bb2px\u00bb _builder_version=\u00bb4.15&#8243; _module_preset=\u00bbdefault\u00bb width=\u00bb200px\u00bb module_alignment=\u00bbleft\u00bb custom_margin=\u00bb-7px||-7px||true|false\u00bb custom_padding=\u00bb0px||0px||true|false\u00bb global_colors_info=\u00bb{}\u00bb][\/et_pb_divider][et_pb_text _builder_version=\u00bb4.15&#8243; _module_preset=\u00bbdefault\u00bb text_font=\u00bbMulish||||||||\u00bb text_font_size=\u00bb16px\u00bb text_line_height=\u00bb2em\u00bb custom_padding=\u00bb||0px|||\u00bb global_colors_info=\u00bb{}\u00bb]<\/p>\n<p>Elaboramos Vinos ecol\u00f3gicos bajo la DO Pened\u00e8s y la DO Catalunya. Tambi\u00e9n elaboramos espumosos ecol\u00f3gicos con la DO Cava.<\/p>\n<p>En Torrens Moliner le damos mucha importancia a la viticultura ecol\u00f3gica y de precisi\u00f3n, que nos permite obtener productos de elevada calidad.<\/p>\n<p>Apostamos siempre por las variedades aut\u00f3ctonas de nuestra tierra: Xarel\u00b7lo, Macabeo, Parellada y Trepat.<\/p>\n<p>[\/et_pb_text][\/et_pb_column][\/et_pb_row][\/et_pb_section]<\/p>\n","protected":false},"excerpt":{"rendered":"<p>Elaboraci\u00f3n El paso del tiempo, en reposo y silencio, en espera del momento ideal para nuestros vinos y cavas&#8230; Elaboraci\u00f3n tradicional con mucha personalidadProceso de elaboraci\u00f3nTorrens Moliner, fiel a su esp\u00edritu de superaci\u00f3n y mejora, apuesta por el control integral del proceso de elaboraci\u00f3n, volviendo a sus ra\u00edces originales. VINIFICACI\u00d3N PROPIA HEREDAD LA FORTESA : [&hellip;]<\/p>\n","protected":false},"author":1,"featured_media":0,"parent":0,"menu_order":4,"comment_status":"closed","ping_status":"closed","template":"","meta":{"_acf_changed":false,"_et_pb_use_builder":"on","_et_pb_old_content":"","_et_gb_content_width":"","footnotes":""},"class_list":["post-864","page","type-page","status-publish","hentry"],"acf":[],"yoast_head":"<!-- This site is optimized with the Yoast SEO plugin v23.3 - https:\/\/yoast.com\/wordpress\/plugins\/seo\/ -->\n<title>Elaboraci\u00f3n - Torrens Moliner<\/title>\n<meta name=\"robots\" content=\"index, follow, max-snippet:-1, max-image-preview:large, max-video-preview:-1\" \/>\n<link rel=\"canonical\" href=\"https:\/\/torrensmoliner.com\/es\/elaboracion\/\" \/>\n<meta property=\"og:locale\" content=\"es_ES\" \/>\n<meta property=\"og:type\" content=\"article\" \/>\n<meta property=\"og:title\" content=\"Elaboraci\u00f3n - Torrens Moliner\" \/>\n<meta property=\"og:description\" content=\"Elaboraci\u00f3n El paso del tiempo, en reposo y silencio, en espera del momento ideal para nuestros vinos y cavas... Elaboraci\u00f3n tradicional con mucha personalidadProceso de elaboraci\u00f3nTorrens Moliner, fiel a su esp\u00edritu de superaci\u00f3n y mejora, apuesta por el control integral del proceso de elaboraci\u00f3n, volviendo a sus ra\u00edces originales. VINIFICACI\u00d3N PROPIA HEREDAD LA FORTESA : [&hellip;]\" \/>\n<meta property=\"og:url\" content=\"https:\/\/torrensmoliner.com\/es\/elaboracion\/\" \/>\n<meta property=\"og:site_name\" content=\"Torrens Moliner\" \/>\n<meta property=\"article:modified_time\" content=\"2024-08-23T08:36:32+00:00\" \/>\n<meta name=\"twitter:card\" content=\"summary_large_image\" \/>\n<meta name=\"twitter:label1\" content=\"Tiempo de lectura\" \/>\n\t<meta name=\"twitter:data1\" content=\"10 minutos\" \/>\n<script type=\"application\/ld+json\" class=\"yoast-schema-graph\">{\"@context\":\"https:\/\/schema.org\",\"@graph\":[{\"@type\":\"WebPage\",\"@id\":\"https:\/\/torrensmoliner.com\/es\/elaboracion\/\",\"url\":\"https:\/\/torrensmoliner.com\/es\/elaboracion\/\",\"name\":\"Elaboraci\u00f3n - Torrens Moliner\",\"isPartOf\":{\"@id\":\"https:\/\/torrensmoliner.com\/es\/#website\"},\"datePublished\":\"2021-09-18T20:41:29+00:00\",\"dateModified\":\"2024-08-23T08:36:32+00:00\",\"breadcrumb\":{\"@id\":\"https:\/\/torrensmoliner.com\/es\/elaboracion\/#breadcrumb\"},\"inLanguage\":\"es\",\"potentialAction\":[{\"@type\":\"ReadAction\",\"target\":[\"https:\/\/torrensmoliner.com\/es\/elaboracion\/\"]}]},{\"@type\":\"BreadcrumbList\",\"@id\":\"https:\/\/torrensmoliner.com\/es\/elaboracion\/#breadcrumb\",\"itemListElement\":[{\"@type\":\"ListItem\",\"position\":1,\"name\":\"Portada\",\"item\":\"https:\/\/torrensmoliner.com\/es\/\"},{\"@type\":\"ListItem\",\"position\":2,\"name\":\"Elaboraci\u00f3n\"}]},{\"@type\":\"WebSite\",\"@id\":\"https:\/\/torrensmoliner.com\/es\/#website\",\"url\":\"https:\/\/torrensmoliner.com\/es\/\",\"name\":\"Torrens Moliner\",\"description\":\"Vins i Caves a la Fortesa\",\"potentialAction\":[{\"@type\":\"SearchAction\",\"target\":{\"@type\":\"EntryPoint\",\"urlTemplate\":\"https:\/\/torrensmoliner.com\/es\/?s={search_term_string}\"},\"query-input\":\"required name=search_term_string\"}],\"inLanguage\":\"es\"}]}<\/script>\n<!-- \/ Yoast SEO plugin. -->","yoast_head_json":{"title":"Elaboraci\u00f3n - Torrens Moliner","robots":{"index":"index","follow":"follow","max-snippet":"max-snippet:-1","max-image-preview":"max-image-preview:large","max-video-preview":"max-video-preview:-1"},"canonical":"https:\/\/torrensmoliner.com\/es\/elaboracion\/","og_locale":"es_ES","og_type":"article","og_title":"Elaboraci\u00f3n - Torrens Moliner","og_description":"Elaboraci\u00f3n El paso del tiempo, en reposo y silencio, en espera del momento ideal para nuestros vinos y cavas... Elaboraci\u00f3n tradicional con mucha personalidadProceso de elaboraci\u00f3nTorrens Moliner, fiel a su esp\u00edritu de superaci\u00f3n y mejora, apuesta por el control integral del proceso de elaboraci\u00f3n, volviendo a sus ra\u00edces originales. VINIFICACI\u00d3N PROPIA HEREDAD LA FORTESA : [&hellip;]","og_url":"https:\/\/torrensmoliner.com\/es\/elaboracion\/","og_site_name":"Torrens Moliner","article_modified_time":"2024-08-23T08:36:32+00:00","twitter_card":"summary_large_image","twitter_misc":{"Tiempo de lectura":"10 minutos"},"schema":{"@context":"https:\/\/schema.org","@graph":[{"@type":"WebPage","@id":"https:\/\/torrensmoliner.com\/es\/elaboracion\/","url":"https:\/\/torrensmoliner.com\/es\/elaboracion\/","name":"Elaboraci\u00f3n - Torrens Moliner","isPartOf":{"@id":"https:\/\/torrensmoliner.com\/es\/#website"},"datePublished":"2021-09-18T20:41:29+00:00","dateModified":"2024-08-23T08:36:32+00:00","breadcrumb":{"@id":"https:\/\/torrensmoliner.com\/es\/elaboracion\/#breadcrumb"},"inLanguage":"es","potentialAction":[{"@type":"ReadAction","target":["https:\/\/torrensmoliner.com\/es\/elaboracion\/"]}]},{"@type":"BreadcrumbList","@id":"https:\/\/torrensmoliner.com\/es\/elaboracion\/#breadcrumb","itemListElement":[{"@type":"ListItem","position":1,"name":"Portada","item":"https:\/\/torrensmoliner.com\/es\/"},{"@type":"ListItem","position":2,"name":"Elaboraci\u00f3n"}]},{"@type":"WebSite","@id":"https:\/\/torrensmoliner.com\/es\/#website","url":"https:\/\/torrensmoliner.com\/es\/","name":"Torrens Moliner","description":"Vins i Caves a la Fortesa","potentialAction":[{"@type":"SearchAction","target":{"@type":"EntryPoint","urlTemplate":"https:\/\/torrensmoliner.com\/es\/?s={search_term_string}"},"query-input":"required name=search_term_string"}],"inLanguage":"es"}]}},"_links":{"self":[{"href":"https:\/\/torrensmoliner.com\/es\/wp-json\/wp\/v2\/pages\/864","targetHints":{"allow":["GET"]}}],"collection":[{"href":"https:\/\/torrensmoliner.com\/es\/wp-json\/wp\/v2\/pages"}],"about":[{"href":"https:\/\/torrensmoliner.com\/es\/wp-json\/wp\/v2\/types\/page"}],"author":[{"embeddable":true,"href":"https:\/\/torrensmoliner.com\/es\/wp-json\/wp\/v2\/users\/1"}],"replies":[{"embeddable":true,"href":"https:\/\/torrensmoliner.com\/es\/wp-json\/wp\/v2\/comments?post=864"}],"version-history":[{"count":3,"href":"https:\/\/torrensmoliner.com\/es\/wp-json\/wp\/v2\/pages\/864\/revisions"}],"predecessor-version":[{"id":920,"href":"https:\/\/torrensmoliner.com\/es\/wp-json\/wp\/v2\/pages\/864\/revisions\/920"}],"wp:attachment":[{"href":"https:\/\/torrensmoliner.com\/es\/wp-json\/wp\/v2\/media?parent=864"}],"curies":[{"name":"wp","href":"https:\/\/api.w.org\/{rel}","templated":true}]}}