{"id":927,"date":"2021-09-18T22:41:30","date_gmt":"2021-09-18T20:41:30","guid":{"rendered":"https:\/\/torrensmoliner.com\/coleccion\/cavas\/"},"modified":"2024-09-03T00:23:31","modified_gmt":"2024-09-02T22:23:31","slug":"cavas","status":"publish","type":"page","link":"https:\/\/torrensmoliner.com\/es\/coleccion\/cavas\/","title":{"rendered":"Cavas"},"content":{"rendered":"<p>[et_pb_section fb_built=\u00bb1&#8243; _builder_version=\u00bb4.16&#8243; _module_preset=\u00bbdefault\u00bb global_colors_info=\u00bb{}\u00bb][et_pb_row _builder_version=\u00bb4.16&#8243; _module_preset=\u00bbdefault\u00bb global_colors_info=\u00bb{}\u00bb][et_pb_column type=\u00bb4_4&#8243; _builder_version=\u00bb4.16&#8243; _module_preset=\u00bbdefault\u00bb global_colors_info=\u00bb{}\u00bb][et_pb_post_title meta=\u00bboff\u00bb featured_image=\u00bboff\u00bb _builder_version=\u00bb4.16&#8243; _module_preset=\u00bbdefault\u00bb title_text_align=\u00bbcenter\u00bb title_font_size=\u00bb46px\u00bb custom_margin=\u00bb||0px||false|false\u00bb global_colors_info=\u00bb{}\u00bb][\/et_pb_post_title][et_pb_divider divider_weight=\u00bb2px\u00bb _builder_version=\u00bb4.16&#8243; _module_preset=\u00bbdefault\u00bb width=\u00bb200px\u00bb module_alignment=\u00bbcenter\u00bb global_colors_info=\u00bb{}\u00bb][\/et_pb_divider][\/et_pb_column][\/et_pb_row][et_pb_row column_structure=\u00bb1_2,1_2&#8243; use_custom_gutter=\u00bbon\u00bb gutter_width=\u00bb1&#8243; make_equal=\u00bbon\u00bb module_id=\u00bbgran-seleccio\u00bb _builder_version=\u00bb4.16&#8243; _module_preset=\u00bbdefault\u00bb custom_margin=\u00bb30px||30px||true|false\u00bb global_colors_info=\u00bb{}\u00bb][et_pb_column type=\u00bb1_2&#8243; _builder_version=\u00bb4.16&#8243; _module_preset=\u00bbdefault\u00bb global_colors_info=\u00bb{}\u00bb][et_pb_image src=\u00bbhttps:\/\/torrensmoliner.com\/wp-content\/uploads\/2021\/12\/TORRENS-MOLINER-GRAN-SELECCIO-FRONT-1.jpg\u00bb title_text=\u00bbTORRENES-MOLINER-GRAN-SELECCION-FRENTE\u00bb align=\u00bbcenter\u00bb _builder_version=\u00bb4.16&#8243; _module_preset=\u00bbdefault\u00bb global_colors_info=\u00bb{}\u00bb][\/et_pb_image][\/et_pb_column][et_pb_column type=\u00bb1_2&#8243; _builder_version=\u00bb4.16&#8243; _module_preset=\u00bbdefault\u00bb background_color=\u00bb#f4f4f4&#8243; custom_padding=\u00bb25px|25px|25px|25px|true|true\u00bb custom_css_main_element=\u00bbdisplay: flex;||flex-direction: column;||justify-content: center;\u00bb border_radii=\u00bbon|25px|25px|25px|25px\u00bb global_colors_info=\u00bb{}\u00bb][et_pb_text _builder_version=\u00bb4.16&#8243; _module_preset=\u00bbdefault\u00bb header_3_font_size=\u00bb38px\u00bb custom_margin=\u00bb||0px||false|false\u00bb custom_padding=\u00bb||0px|||\u00bb global_colors_info=\u00bb{}\u00bb]<\/p>\n<h3>Gran Selecci\u00f3<\/h3>\n<p>[\/et_pb_text][et_pb_divider color=\u00bb#cf8840&#8243; divider_weight=\u00bb3px\u00bb _builder_version=\u00bb4.16&#8243; _module_preset=\u00bbdefault\u00bb width=\u00bb100%\u00bb custom_margin=\u00bb||3px|||\u00bb global_colors_info=\u00bb{}\u00bb][\/et_pb_divider][et_pb_text _builder_version=\u00bb4.16&#8243; _module_preset=\u00bbdefault\u00bb header_4_font=\u00bbMulish|600|||||||\u00bb header_4_font_size=\u00bb19px\u00bb custom_margin=\u00bb-8px|||||\u00bb global_colors_info=\u00bb{}\u00bb]<\/p>\n<h4>Brut Nature Gran Reserva<\/h4>\n<p>[\/et_pb_text][et_pb_text _builder_version=\u00bb4.16&#8243; _module_preset=\u00bbdefault\u00bb global_colors_info=\u00bb{}\u00bb]<\/p>\n<div class=\"col-md-8\">\n<h5>Notas de Cata<\/h5>\n<p>Elegante, ligero y equilibrado. Color amarillo p\u00e1lido con un buen desprendimiento de finas burbujas, con un aroma de larga evoluci\u00f3n en contacto con levaduras.<br \/> Perfecto equilibrio en boca entre dulzura y acidez.<br \/> Bouquet especial, fresco, elegante y armonioso <\/p>\n<h5>Variedad &#8211; Cosecha &#8211; Origen<\/h5>\n<p>Denominaci\u00f3n de origen Cava (DO CAVA)<br \/> La Fortesa &#8211; San Sadurn\u00ed de Anoia (Alt Pened\u00e8s)<\/p>\n<p>Cosecha 2020 Lote. 09-0321<br \/> 47% Xarel-lo, 53% Chardonay. <\/p>\n<p>Vendimia manual en Cajas de 15 Kg. Neto. <\/p>\n<h5>Crianza &#8211; Elaboraci\u00f3n<\/h5>\n<p>Crianza en botella superior a 30 meses.<\/p>\n<\/div>\n<p>[\/et_pb_text][et_pb_button button_url=\u00bbhttps:\/\/torrensmoliner.com\/botiga\/cava\/gran-seleccio\/\u00bb button_text=\u00bbComprar\u00bb button_alignment=\u00bbright\u00bb _builder_version=\u00bb4.16&#8243; _module_preset=\u00bbdefault\u00bb global_colors_info=\u00bb{}\u00bb][\/et_pb_button][\/et_pb_column][\/et_pb_row][et_pb_row column_structure=\u00bb1_2,1_2&#8243; use_custom_gutter=\u00bbon\u00bb gutter_width=\u00bb1&#8243; make_equal=\u00bbon\u00bb module_id=\u00bbgran-seleccio\u00bb _builder_version=\u00bb4.16&#8243; _module_preset=\u00bbdefault\u00bb custom_margin=\u00bb30px||30px||true|false\u00bb global_colors_info=\u00bb{}\u00bb][et_pb_column type=\u00bb1_2&#8243; _builder_version=\u00bb4.16&#8243; _module_preset=\u00bbdefault\u00bb background_color=\u00bb#f4f4f4&#8243; custom_padding=\u00bb25px|25px|25px|25px|true|true\u00bb custom_css_main_element=\u00bbdisplay: flex;||flex-direction: column;||justify-content: center;\u00bb border_radii=\u00bbon|25px|25px|25px|25px\u00bb global_colors_info=\u00bb{}\u00bb][et_pb_text _builder_version=\u00bb4.16&#8243; _module_preset=\u00bbdefault\u00bb header_3_font_size=\u00bb38px\u00bb custom_margin=\u00bb||0px||false|false\u00bb custom_padding=\u00bb||0px|||\u00bb global_colors_info=\u00bb{}\u00bb]<\/p>\n<h3>Gran Reserva<\/h3>\n<p>[\/et_pb_text][et_pb_divider color=\u00bb#000000&#8243; divider_weight=\u00bb3px\u00bb _builder_version=\u00bb4.16&#8243; _module_preset=\u00bbdefault\u00bb width=\u00bb100%\u00bb custom_margin=\u00bb||3px|||\u00bb global_colors_info=\u00bb{}\u00bb][\/et_pb_divider][et_pb_text _builder_version=\u00bb4.16&#8243; _module_preset=\u00bbdefault\u00bb header_4_font=\u00bbMulish|600|||||||\u00bb header_4_font_size=\u00bb19px\u00bb custom_margin=\u00bb-8px|||||\u00bb global_colors_info=\u00bb{}\u00bb]<\/p>\n<h4>Brut Nature<\/h4>\n<p>[\/et_pb_text][et_pb_text _builder_version=\u00bb4.16&#8243; _module_preset=\u00bbdefault\u00bb global_colors_info=\u00bb{}\u00bb]<\/p>\n<div class=\"col-md-8\">\n<h5>Notas de Cata<\/h5>\n<p>Burbujas refinadas y elegantes, de exquisito sabor y muy bien equilibrado. Sabia combinaci\u00f3n de Macabeo, Xarel-lo, Perellada y Chardonay. Xarello procedente de nuestra Vi\u00f1a de \u00abLas Planas de la Riba\u00bb La Fortesa. Su crianza en botella de m\u00e1s de 30 meses le confiere excelencia y honorabilidad.   <\/p>\n<h5>Variedad &#8211; Cosecha &#8211; Origen<\/h5>\n<p>Denominaci\u00f3n de origen Cava (DO CAVA)<br \/> La Fortesa &#8211; San Sadurn\u00ed de Anoia (Alt Pened\u00e8s)<\/p>\n<p>Cosecha de 2019 Lote. 08-0120<br \/> 70% Xarel-lo, 30% Chardonay. <\/p>\n<p>Vendimia manual en Cajas de 15 Kg. Neto. <\/p>\n<h5>Crianza &#8211; Elaboraci\u00f3n<\/h5>\n<p>Crianza en botella superiror de 30 meses.<\/p>\n<\/div>\n<p>[\/et_pb_text][et_pb_button button_url=\u00bbhttps:\/\/torrensmoliner.com\/botiga\/cava\/gran-reserva\/\u00bb button_text=\u00bbComprar\u00bb button_alignment=\u00bbright\u00bb _builder_version=\u00bb4.16&#8243; _module_preset=\u00bbdefault\u00bb global_colors_info=\u00bb{}\u00bb][\/et_pb_button][\/et_pb_column][et_pb_column type=\u00bb1_2&#8243; _builder_version=\u00bb4.16&#8243; _module_preset=\u00bbdefault\u00bb global_colors_info=\u00bb{}\u00bb][et_pb_image src=\u00bbhttps:\/\/torrensmoliner.com\/wp-content\/uploads\/2021\/12\/TORRENS-MOLINER-GRAN-RESERVA-FRONT.jpg\u00bb title_text=\u00bbTORRENES-MOLINER-GRAN-RESERVA-FRENTE\u00bb align=\u00bbcenter\u00bb _builder_version=\u00bb4.16&#8243; _module_preset=\u00bbdefault\u00bb global_colors_info=\u00bb{}\u00bb][\/et_pb_image][\/et_pb_column][\/et_pb_row][et_pb_row column_structure=\u00bb1_2,1_2&#8243; use_custom_gutter=\u00bbon\u00bb gutter_width=\u00bb1&#8243; make_equal=\u00bbon\u00bb module_id=\u00bbgran-seleccio\u00bb _builder_version=\u00bb4.16&#8243; _module_preset=\u00bbdefault\u00bb custom_margin=\u00bb30px||30px||true|false\u00bb global_colors_info=\u00bb{}\u00bb][et_pb_column type=\u00bb1_2&#8243; _builder_version=\u00bb4.16&#8243; _module_preset=\u00bbdefault\u00bb global_colors_info=\u00bb{}\u00bb][et_pb_image src=\u00bbhttps:\/\/torrensmoliner.com\/wp-content\/uploads\/2021\/12\/TORRENS-MOLINER-RESERVA-FRONT.jpg\u00bb title_text=\u00bbTORRENES-MOLINER-RESERVA-FRENTE\u00bb align=\u00bbcenter\u00bb _builder_version=\u00bb4.16&#8243; _module_preset=\u00bbdefault\u00bb global_colors_info=\u00bb{}\u00bb][\/et_pb_image][\/et_pb_column][et_pb_column type=\u00bb1_2&#8243; _builder_version=\u00bb4.16&#8243; _module_preset=\u00bbdefault\u00bb background_color=\u00bb#f4f4f4&#8243; custom_padding=\u00bb25px|25px|25px|25px|true|true\u00bb custom_css_main_element=\u00bbdisplay: flex;||flex-direction: column;||justify-content: center;\u00bb border_radii=\u00bbon|25px|25px|25px|25px\u00bb global_colors_info=\u00bb{}\u00bb][et_pb_text _builder_version=\u00bb4.16&#8243; _module_preset=\u00bbdefault\u00bb header_3_font_size=\u00bb38px\u00bb custom_margin=\u00bb||0px||false|false\u00bb custom_padding=\u00bb||0px|||\u00bb global_colors_info=\u00bb{}\u00bb]<\/p>\n<h3>Reserva<\/h3>\n<p>[\/et_pb_text][et_pb_divider color=\u00bb#9b4449&#8243; divider_weight=\u00bb3px\u00bb _builder_version=\u00bb4.16&#8243; _module_preset=\u00bbdefault\u00bb width=\u00bb100%\u00bb custom_margin=\u00bb||3px|||\u00bb global_colors_info=\u00bb{}\u00bb][\/et_pb_divider][et_pb_text _builder_version=\u00bb4.16&#8243; _module_preset=\u00bbdefault\u00bb header_4_font=\u00bbMulish|600|||||||\u00bb header_4_font_size=\u00bb19px\u00bb custom_margin=\u00bb-8px|||||\u00bb global_colors_info=\u00bb{}\u00bb]<\/p>\n<h4>Brut Nature<\/h4>\n<p>[\/et_pb_text][et_pb_text _builder_version=\u00bb4.16&#8243; _module_preset=\u00bbdefault\u00bb global_colors_info=\u00bb{}\u00bb]<\/p>\n<div class=\"col-md-8\">\n<h5>Notas de Cata<\/h5>\n<p>De color brillante, destacado paladar y equilibrado. Crianza m\u00ednima de 15 meses siguiendo el m\u00e9todo tradicinal. Elaborado con las m\u00e1s preciadas y selectas variedades aut\u00f3ctonas del Pened\u00e8s y con un gran % de Xarel\u00b7lo de nuestra Vi\u00f1a de \u00abLes Planes de la Riba\u00bb La Fortesa.  <\/p>\n<h5>Variedad &#8211; Cosecha &#8211; Origen<\/h5>\n<p>Denominaci\u00f3n de origen Cava (DO CAVA)<br \/> La Fortesa &#8211; San Sadurn\u00ed de Anoia (Alt Pened\u00e8s)<\/p>\n<p>Cosecha de 2019 Lote. 07-0120<br \/> 40% Xarel\u00b7lo, 20% Macabeo, 20% Parellada, 20% Chardonnay.<br \/> Vendimia manual en Cajas de 15 Kg. Neto.  <\/p>\n<h5>Crianza &#8211; Elaboraci\u00f3n<\/h5>\n<p>Crianza en botella superiror de 24 meses.<\/p>\n<\/div>\n<p>[\/et_pb_text][et_pb_button button_url=\u00bbhttps:\/\/torrensmoliner.com\/botiga\/cava\/reserva\/\u00bb button_text=\u00bbComprar\u00bb button_alignment=\u00bbright\u00bb _builder_version=\u00bb4.16&#8243; _module_preset=\u00bbdefault\u00bb global_colors_info=\u00bb{}\u00bb][\/et_pb_button][\/et_pb_column][\/et_pb_row][et_pb_row column_structure=\u00bb1_2,1_2&#8243; use_custom_gutter=\u00bbon\u00bb gutter_width=\u00bb1&#8243; make_equal=\u00bbon\u00bb module_id=\u00bbparticular\u00bb _builder_version=\u00bb4.16&#8243; _module_preset=\u00bbdefault\u00bb custom_margin=\u00bb30px||30px||false|false\u00bb global_colors_info=\u00bb{}\u00bb][et_pb_column type=\u00bb1_2&#8243; _builder_version=\u00bb4.16&#8243; _module_preset=\u00bbdefault\u00bb background_color=\u00bb#f4f4f4&#8243; custom_padding=\u00bb25px|25px|25px|25px|true|true\u00bb custom_css_main_element=\u00bbdisplay: flex;||flex-direction: column;||justify-content: center;\u00bb border_radii=\u00bbon|25px|25px|25px|25px\u00bb global_colors_info=\u00bb{}\u00bb][et_pb_text _builder_version=\u00bb4.16&#8243; _module_preset=\u00bbdefault\u00bb header_3_font_size=\u00bb38px\u00bb custom_margin=\u00bb||0px||false|false\u00bb custom_padding=\u00bb||0px|||\u00bb global_colors_info=\u00bb{}\u00bb]<\/p>\n<h3>Particular<\/h3>\n<p>[\/et_pb_text][et_pb_divider color=\u00bb#db7c2c\u00bb divider_weight=\u00bb3px\u00bb _builder_version=\u00bb4.16&#8243; _module_preset=\u00bbdefault\u00bb width=\u00bb100%\u00bb custom_margin=\u00bb||3px|||\u00bb global_colors_info=\u00bb{}\u00bb][\/et_pb_divider][et_pb_text _builder_version=\u00bb4.16&#8243; _module_preset=\u00bbdefault\u00bb header_4_font=\u00bbMulish|600|||||||\u00bb header_4_font_size=\u00bb19px\u00bb custom_margin=\u00bb-8px|||||\u00bb global_colors_info=\u00bb{}\u00bb]<\/p>\n<h4>Brut Nature<\/h4>\n<p>[\/et_pb_text][et_pb_text _builder_version=\u00bb4.16&#8243; _module_preset=\u00bbdefault\u00bb global_colors_info=\u00bb{}\u00bb]<\/p>\n<div class=\"col-md-8\">\n<h5>Notas de Cata<\/h5>\n<p>Equilibrio, armon\u00eda y frescura, conservando todos los matices de las variedades Macabeo, Xarel\u00b7lo y Parellada. Brillante con persistente burbuja. Crianza m\u00ednima de 12 meses que le confiere una marcada personalidad.  <\/p>\n<h5>Variedad &#8211; Cosecha &#8211; Origen<\/h5>\n<p>Denominaci\u00f3n de origen Cava (DO CAVA)<br \/> La Fortesa &#8211; San Sadurn\u00ed de Anoia (Alt Pened\u00e8s)<\/p>\n<p>Cosecha de 2021 Lote. 03-0122<br \/> 22% Macabeo, 73% Xarel\u00b7lo, 5% Perellada Vendimia manual en Cajas de 15 Kg. Neto.  <\/p>\n<h5>Crianza &#8211; Elaboraci\u00f3n<\/h5>\n<p>Crianza en botella superior de 16 meses.<\/p>\n<\/div>\n<p>[\/et_pb_text][et_pb_button button_url=\u00bbhttps:\/\/torrensmoliner.com\/botiga\/cava\/particular\/\u00bb button_text=\u00bbComprar\u00bb button_alignment=\u00bbright\u00bb _builder_version=\u00bb4.16&#8243; _module_preset=\u00bbdefault\u00bb global_colors_info=\u00bb{}\u00bb][\/et_pb_button][\/et_pb_column][et_pb_column type=\u00bb1_2&#8243; _builder_version=\u00bb4.16&#8243; _module_preset=\u00bbdefault\u00bb global_colors_info=\u00bb{}\u00bb][et_pb_image src=\u00bbhttps:\/\/torrensmoliner.com\/wp-content\/uploads\/2021\/12\/TORRENS-MOLINER-PARTICULAR-FRONT.jpg\u00bb title_text=\u00bbTORRENES-MOLINER-PARTICULAR-FRENTE\u00bb align=\u00bbcenter\u00bb _builder_version=\u00bb4.16&#8243; _module_preset=\u00bbdefault\u00bb global_colors_info=\u00bb{}\u00bb][\/et_pb_image][\/et_pb_column][\/et_pb_row][et_pb_row column_structure=\u00bb1_2,1_2&#8243; use_custom_gutter=\u00bbon\u00bb gutter_width=\u00bb1&#8243; make_equal=\u00bbon\u00bb module_id=\u00bbgran-seleccio\u00bb _builder_version=\u00bb4.16&#8243; _module_preset=\u00bbdefault\u00bb custom_margin=\u00bb30px||30px||true|false\u00bb global_colors_info=\u00bb{}\u00bb][et_pb_column type=\u00bb1_2&#8243; _builder_version=\u00bb4.16&#8243; _module_preset=\u00bbdefault\u00bb global_colors_info=\u00bb{}\u00bb][et_pb_image src=\u00bbhttps:\/\/torrensmoliner.com\/wp-content\/uploads\/2021\/12\/TORRENS-MOLINER-XARELLO-FRONT.jpg\u00bb title_text=\u00bbTORRENES-MOLINER-XARELLO-FRENTE\u00bb align=\u00bbcenter\u00bb _builder_version=\u00bb4.16&#8243; _module_preset=\u00bbdefault\u00bb global_colors_info=\u00bb{}\u00bb][\/et_pb_image][\/et_pb_column][et_pb_column type=\u00bb1_2&#8243; _builder_version=\u00bb4.16&#8243; _module_preset=\u00bbdefault\u00bb background_color=\u00bb#f4f4f4&#8243; custom_padding=\u00bb25px|25px|25px|25px|true|true\u00bb custom_css_main_element=\u00bbdisplay: flex;||flex-direction: column;||justify-content: center;\u00bb border_radii=\u00bbon|25px|25px|25px|25px\u00bb global_colors_info=\u00bb{}\u00bb][et_pb_text _builder_version=\u00bb4.16&#8243; _module_preset=\u00bbdefault\u00bb header_3_font_size=\u00bb38px\u00bb custom_margin=\u00bb||0px||false|false\u00bb custom_padding=\u00bb||0px|||\u00bb global_colors_info=\u00bb{}\u00bb]<\/p>\n<h3>Xarel\u00b7lo<\/h3>\n<p>[\/et_pb_text][et_pb_divider color=\u00bb#68a236&#8243; divider_weight=\u00bb3px\u00bb _builder_version=\u00bb4.16&#8243; _module_preset=\u00bbdefault\u00bb width=\u00bb100%\u00bb custom_margin=\u00bb||3px|||\u00bb global_colors_info=\u00bb{}\u00bb][\/et_pb_divider][et_pb_text _builder_version=\u00bb4.16&#8243; _module_preset=\u00bbdefault\u00bb header_4_font=\u00bbMulish|600|||||||\u00bb header_4_font_size=\u00bb19px\u00bb custom_margin=\u00bb-8px|||||\u00bb global_colors_info=\u00bb{}\u00bb]<\/p>\n<h4>Brut Nature<\/h4>\n<p>[\/et_pb_text][et_pb_text _builder_version=\u00bb4.16&#8243; _module_preset=\u00bbdefault\u00bb global_colors_info=\u00bb{}\u00bb]<\/p>\n<div class=\"col-md-8\">\n<h5>Notas de Cata<\/h5>\n<p>Burbujas refinadas y elegantes, de exquisito sabor y muy bien equilibrado. Xarello procedente de nuestra Vi\u00f1a de \u00abLes Planes de la Riba\u00bb La Fortesa Su crianza en botella de m\u00e1s de 16 meses, le confiere excelencia y honorabilidad. <\/p>\n<h5>Variedad &#8211; Cosecha &#8211; Origen<\/h5>\n<p>Denominaci\u00f3n de origen Cava (DO CAVA)<br \/> La Fortesa &#8211; San Sadurn\u00ed de Anoia (Alt Pened\u00e8s)<\/p>\n<p>Cosecha de 2019 Lote. 09-0120<br \/> 100% Xarel-lo<br \/> Varema manual en cajas de 15 Kg. Neto.  <\/p>\n<h5>Crianza &#8211; Elaboraci\u00f3n<\/h5>\n<p>Crianza en botella superior de 18 meses.<\/p>\n<\/div>\n<p>[\/et_pb_text][et_pb_button button_url=\u00bbhttps:\/\/torrensmoliner.com\/botiga\/cava\/xarel%c2%b7lo\/\u00bb button_text=\u00bbComprar\u00bb button_alignment=\u00bbright\u00bb _builder_version=\u00bb4.16&#8243; _module_preset=\u00bbdefault\u00bb global_colors_info=\u00bb{}\u00bb][\/et_pb_button][\/et_pb_column][\/et_pb_row][et_pb_row column_structure=\u00bb1_2,1_2&#8243; use_custom_gutter=\u00bbon\u00bb gutter_width=\u00bb1&#8243; make_equal=\u00bbon\u00bb module_id=\u00bbgran-seleccio\u00bb _builder_version=\u00bb4.16&#8243; _module_preset=\u00bbdefault\u00bb custom_margin=\u00bb30px||30px||true|false\u00bb global_colors_info=\u00bb{}\u00bb][et_pb_column type=\u00bb1_2&#8243; _builder_version=\u00bb4.16&#8243; _module_preset=\u00bbdefault\u00bb background_color=\u00bb#f4f4f4&#8243; custom_padding=\u00bb25px|25px|25px|25px|true|true\u00bb custom_css_main_element=\u00bbdisplay: flex;||flex-direction: column;||justify-content: center;\u00bb border_radii=\u00bbon|25px|25px|25px|25px\u00bb global_colors_info=\u00bb{}\u00bb][et_pb_text _builder_version=\u00bb4.27.0&#8243; _module_preset=\u00bbdefault\u00bb header_3_font_size=\u00bb38px\u00bb custom_margin=\u00bb||0px||false|false\u00bb custom_padding=\u00bb||0px|||\u00bb hover_enabled=\u00bb0&#8243; global_colors_info=\u00bb{}\u00bb sticky_enabled=\u00bb0&#8243;]<\/p>\n<h3>Rosat<\/h3>\n<p>[\/et_pb_text][et_pb_divider color=\u00bb#d4a29f\u00bb divider_weight=\u00bb3px\u00bb _builder_version=\u00bb4.16&#8243; _module_preset=\u00bbdefault\u00bb width=\u00bb100%\u00bb custom_margin=\u00bb||3px|||\u00bb global_colors_info=\u00bb{}\u00bb][\/et_pb_divider][et_pb_text _builder_version=\u00bb4.16&#8243; _module_preset=\u00bbdefault\u00bb header_4_font=\u00bbMulish|600|||||||\u00bb header_4_font_size=\u00bb19px\u00bb custom_margin=\u00bb-8px|||||\u00bb global_colors_info=\u00bb{}\u00bb]<\/p>\n<h4>M\u00e9todo Tradicional<\/h4>\n<p>[\/et_pb_text][et_pb_text _builder_version=\u00bb4.16&#8243; _module_preset=\u00bbdefault\u00bb global_colors_info=\u00bb{}\u00bb]<\/p>\n<div class=\"col-md-8\">\n<h5>  y Xarel.loNotes de Cata<\/h5>\n<p>Equilibrio, armon\u00eda y frescura, conservando todos los matices de las variedades Macabeo, Xarel\u00b7lo de nuestra propiedad, Parellada y Trepat, brillante con persistente burbuja. Crianza m\u00ednima de 12 meses en botella que le confiere una marcada personalidad. Color p\u00e1lido tirando a cebolla.  <\/p>\n<h5>Variedad &#8211; Cosecha &#8211; Origen<\/h5>\n<p>Denominaci\u00f3n de origen Cava (DO CAVA)<br \/> La Fortesa &#8211; San Sadurn\u00ed de Anoia (Alt Pened\u00e8s)<\/p>\n<p>Cosecha de 2018 Lote. 03-0120<br \/> Coupage de Trepat y Xarel.lo.<br \/> Vendimia manual en Cajas de 15 Kg. Neto.  <\/p>\n<h5>Crianza &#8211; Elaboraci\u00f3n<\/h5>\n<p>Crianza en botella superior de 12 meses.<\/p>\n<\/div>\n<p>[\/et_pb_text][et_pb_button button_url=\u00bbhttps:\/\/torrensmoliner.com\/botiga\/cava\/rosat\/\u00bb button_text=\u00bbComprar\u00bb button_alignment=\u00bbright\u00bb _builder_version=\u00bb4.16&#8243; _module_preset=\u00bbdefault\u00bb global_colors_info=\u00bb{}\u00bb][\/et_pb_button][\/et_pb_column][et_pb_column type=\u00bb1_2&#8243; _builder_version=\u00bb4.16&#8243; _module_preset=\u00bbdefault\u00bb global_colors_info=\u00bb{}\u00bb][et_pb_image src=\u00bbhttps:\/\/torrensmoliner.com\/wp-content\/uploads\/2021\/12\/TORRENS-MOLINER-ROSAT-FRONT.jpg\u00bb title_text=\u00bbTORRENES-MOLINER-ROSADO-FRENTE\u00bb align=\u00bbcenter\u00bb _builder_version=\u00bb4.16&#8243; _module_preset=\u00bbdefault\u00bb global_colors_info=\u00bb{}\u00bb][\/et_pb_image][\/et_pb_column][\/et_pb_row][\/et_pb_section]<\/p>\n","protected":false},"excerpt":{"rendered":"<p>Gran Selecci\u00f3Brut Nature Gran Reserva Notas de Cata Elegante, ligero y equilibrado. Color amarillo p\u00e1lido con un buen desprendimiento de finas burbujas, con un aroma de larga evoluci\u00f3n en contacto con levaduras. Perfecto equilibrio en boca entre dulzura y acidez. Bouquet especial, fresco, elegante y armonioso Variedad &#8211; Cosecha &#8211; Origen Denominaci\u00f3n de origen Cava [&hellip;]<\/p>\n","protected":false},"author":1,"featured_media":0,"parent":922,"menu_order":6,"comment_status":"closed","ping_status":"closed","template":"","meta":{"_acf_changed":false,"_et_pb_use_builder":"on","_et_pb_old_content":"","_et_gb_content_width":"","footnotes":""},"class_list":["post-927","page","type-page","status-publish","hentry"],"acf":[],"yoast_head":"<!-- This site is optimized with the Yoast SEO plugin v23.3 - https:\/\/yoast.com\/wordpress\/plugins\/seo\/ -->\n<title>Cavas - Torrens Moliner<\/title>\n<meta name=\"robots\" content=\"index, follow, max-snippet:-1, max-image-preview:large, max-video-preview:-1\" \/>\n<link rel=\"canonical\" href=\"https:\/\/torrensmoliner.com\/es\/coleccion\/cavas\/\" \/>\n<meta property=\"og:locale\" content=\"es_ES\" \/>\n<meta property=\"og:type\" content=\"article\" \/>\n<meta property=\"og:title\" content=\"Cavas - Torrens Moliner\" \/>\n<meta property=\"og:description\" content=\"Gran Selecci\u00f3Brut Nature Gran Reserva Notas de Cata Elegante, ligero y equilibrado. Color amarillo p\u00e1lido con un buen desprendimiento de finas burbujas, con un aroma de larga evoluci\u00f3n en contacto con levaduras. Perfecto equilibrio en boca entre dulzura y acidez. Bouquet especial, fresco, elegante y armonioso Variedad - Cosecha - Origen Denominaci\u00f3n de origen Cava [&hellip;]\" \/>\n<meta property=\"og:url\" content=\"https:\/\/torrensmoliner.com\/es\/coleccion\/cavas\/\" \/>\n<meta property=\"og:site_name\" content=\"Torrens Moliner\" \/>\n<meta property=\"article:modified_time\" content=\"2024-09-02T22:23:31+00:00\" \/>\n<meta name=\"twitter:card\" content=\"summary_large_image\" \/>\n<meta name=\"twitter:label1\" content=\"Tiempo de lectura\" \/>\n\t<meta name=\"twitter:data1\" content=\"11 minutos\" \/>\n<script type=\"application\/ld+json\" class=\"yoast-schema-graph\">{\"@context\":\"https:\/\/schema.org\",\"@graph\":[{\"@type\":\"WebPage\",\"@id\":\"https:\/\/torrensmoliner.com\/es\/coleccion\/cavas\/\",\"url\":\"https:\/\/torrensmoliner.com\/es\/coleccion\/cavas\/\",\"name\":\"Cavas - Torrens Moliner\",\"isPartOf\":{\"@id\":\"https:\/\/torrensmoliner.com\/es\/#website\"},\"datePublished\":\"2021-09-18T20:41:30+00:00\",\"dateModified\":\"2024-09-02T22:23:31+00:00\",\"breadcrumb\":{\"@id\":\"https:\/\/torrensmoliner.com\/es\/coleccion\/cavas\/#breadcrumb\"},\"inLanguage\":\"es\",\"potentialAction\":[{\"@type\":\"ReadAction\",\"target\":[\"https:\/\/torrensmoliner.com\/es\/coleccion\/cavas\/\"]}]},{\"@type\":\"BreadcrumbList\",\"@id\":\"https:\/\/torrensmoliner.com\/es\/coleccion\/cavas\/#breadcrumb\",\"itemListElement\":[{\"@type\":\"ListItem\",\"position\":1,\"name\":\"Portada\",\"item\":\"https:\/\/torrensmoliner.com\/es\/\"},{\"@type\":\"ListItem\",\"position\":2,\"name\":\"Colecci\u00f3n\",\"item\":\"https:\/\/torrensmoliner.com\/es\/coleccion\/\"},{\"@type\":\"ListItem\",\"position\":3,\"name\":\"Cavas\"}]},{\"@type\":\"WebSite\",\"@id\":\"https:\/\/torrensmoliner.com\/es\/#website\",\"url\":\"https:\/\/torrensmoliner.com\/es\/\",\"name\":\"Torrens Moliner\",\"description\":\"Vins i Caves a la Fortesa\",\"potentialAction\":[{\"@type\":\"SearchAction\",\"target\":{\"@type\":\"EntryPoint\",\"urlTemplate\":\"https:\/\/torrensmoliner.com\/es\/?s={search_term_string}\"},\"query-input\":\"required name=search_term_string\"}],\"inLanguage\":\"es\"}]}<\/script>\n<!-- \/ Yoast SEO plugin. -->","yoast_head_json":{"title":"Cavas - Torrens Moliner","robots":{"index":"index","follow":"follow","max-snippet":"max-snippet:-1","max-image-preview":"max-image-preview:large","max-video-preview":"max-video-preview:-1"},"canonical":"https:\/\/torrensmoliner.com\/es\/coleccion\/cavas\/","og_locale":"es_ES","og_type":"article","og_title":"Cavas - Torrens Moliner","og_description":"Gran Selecci\u00f3Brut Nature Gran Reserva Notas de Cata Elegante, ligero y equilibrado. Color amarillo p\u00e1lido con un buen desprendimiento de finas burbujas, con un aroma de larga evoluci\u00f3n en contacto con levaduras. Perfecto equilibrio en boca entre dulzura y acidez. Bouquet especial, fresco, elegante y armonioso Variedad - Cosecha - Origen Denominaci\u00f3n de origen Cava [&hellip;]","og_url":"https:\/\/torrensmoliner.com\/es\/coleccion\/cavas\/","og_site_name":"Torrens Moliner","article_modified_time":"2024-09-02T22:23:31+00:00","twitter_card":"summary_large_image","twitter_misc":{"Tiempo de lectura":"11 minutos"},"schema":{"@context":"https:\/\/schema.org","@graph":[{"@type":"WebPage","@id":"https:\/\/torrensmoliner.com\/es\/coleccion\/cavas\/","url":"https:\/\/torrensmoliner.com\/es\/coleccion\/cavas\/","name":"Cavas - Torrens Moliner","isPartOf":{"@id":"https:\/\/torrensmoliner.com\/es\/#website"},"datePublished":"2021-09-18T20:41:30+00:00","dateModified":"2024-09-02T22:23:31+00:00","breadcrumb":{"@id":"https:\/\/torrensmoliner.com\/es\/coleccion\/cavas\/#breadcrumb"},"inLanguage":"es","potentialAction":[{"@type":"ReadAction","target":["https:\/\/torrensmoliner.com\/es\/coleccion\/cavas\/"]}]},{"@type":"BreadcrumbList","@id":"https:\/\/torrensmoliner.com\/es\/coleccion\/cavas\/#breadcrumb","itemListElement":[{"@type":"ListItem","position":1,"name":"Portada","item":"https:\/\/torrensmoliner.com\/es\/"},{"@type":"ListItem","position":2,"name":"Colecci\u00f3n","item":"https:\/\/torrensmoliner.com\/es\/coleccion\/"},{"@type":"ListItem","position":3,"name":"Cavas"}]},{"@type":"WebSite","@id":"https:\/\/torrensmoliner.com\/es\/#website","url":"https:\/\/torrensmoliner.com\/es\/","name":"Torrens Moliner","description":"Vins i Caves a la Fortesa","potentialAction":[{"@type":"SearchAction","target":{"@type":"EntryPoint","urlTemplate":"https:\/\/torrensmoliner.com\/es\/?s={search_term_string}"},"query-input":"required name=search_term_string"}],"inLanguage":"es"}]}},"_links":{"self":[{"href":"https:\/\/torrensmoliner.com\/es\/wp-json\/wp\/v2\/pages\/927","targetHints":{"allow":["GET"]}}],"collection":[{"href":"https:\/\/torrensmoliner.com\/es\/wp-json\/wp\/v2\/pages"}],"about":[{"href":"https:\/\/torrensmoliner.com\/es\/wp-json\/wp\/v2\/types\/page"}],"author":[{"embeddable":true,"href":"https:\/\/torrensmoliner.com\/es\/wp-json\/wp\/v2\/users\/1"}],"replies":[{"embeddable":true,"href":"https:\/\/torrensmoliner.com\/es\/wp-json\/wp\/v2\/comments?post=927"}],"version-history":[{"count":3,"href":"https:\/\/torrensmoliner.com\/es\/wp-json\/wp\/v2\/pages\/927\/revisions"}],"predecessor-version":[{"id":976,"href":"https:\/\/torrensmoliner.com\/es\/wp-json\/wp\/v2\/pages\/927\/revisions\/976"}],"up":[{"embeddable":true,"href":"https:\/\/torrensmoliner.com\/es\/wp-json\/wp\/v2\/pages\/922"}],"wp:attachment":[{"href":"https:\/\/torrensmoliner.com\/es\/wp-json\/wp\/v2\/media?parent=927"}],"curies":[{"name":"wp","href":"https:\/\/api.w.org\/{rel}","templated":true}]}}