{"id":933,"date":"2021-09-18T22:41:30","date_gmt":"2021-09-18T20:41:30","guid":{"rendered":"https:\/\/torrensmoliner.com\/coleccion\/vinos\/"},"modified":"2024-09-03T00:24:33","modified_gmt":"2024-09-02T22:24:33","slug":"vinos","status":"publish","type":"page","link":"https:\/\/torrensmoliner.com\/es\/coleccion\/vinos\/","title":{"rendered":"Vinos"},"content":{"rendered":"<p>[et_pb_section fb_built=\u00bb1&#8243; _builder_version=\u00bb4.16&#8243; _module_preset=\u00bbdefault\u00bb custom_padding=\u00bb||4px|||\u00bb global_colors_info=\u00bb{}\u00bb][et_pb_row _builder_version=\u00bb4.16&#8243; _module_preset=\u00bbdefault\u00bb global_colors_info=\u00bb{}\u00bb][et_pb_column type=\u00bb4_4&#8243; _builder_version=\u00bb4.16&#8243; _module_preset=\u00bbdefault\u00bb global_colors_info=\u00bb{}\u00bb][et_pb_post_title meta=\u00bboff\u00bb featured_image=\u00bboff\u00bb _builder_version=\u00bb4.16&#8243; _module_preset=\u00bbdefault\u00bb title_text_align=\u00bbcenter\u00bb title_font_size=\u00bb46px\u00bb custom_margin=\u00bb||0px||false|false\u00bb global_colors_info=\u00bb{}\u00bb][\/et_pb_post_title][et_pb_divider divider_weight=\u00bb2px\u00bb _builder_version=\u00bb4.16&#8243; _module_preset=\u00bbdefault\u00bb width=\u00bb200px\u00bb module_alignment=\u00bbcenter\u00bb global_colors_info=\u00bb{}\u00bb][\/et_pb_divider][\/et_pb_column][\/et_pb_row][\/et_pb_section][et_pb_section fb_built=\u00bb1&#8243; _builder_version=\u00bb4.16&#8243; _module_preset=\u00bbdefault\u00bb custom_padding=\u00bb3px|||||\u00bb global_colors_info=\u00bb{}\u00bb][et_pb_row column_structure=\u00bb1_2,1_2&#8243; use_custom_gutter=\u00bbon\u00bb gutter_width=\u00bb1&#8243; make_equal=\u00bbon\u00bb module_id=\u00bbgran-seleccio\u00bb _builder_version=\u00bb4.16&#8243; _module_preset=\u00bbdefault\u00bb custom_margin=\u00bb30px||30px||true|false\u00bb global_colors_info=\u00bb{}\u00bb][et_pb_column type=\u00bb1_2&#8243; _builder_version=\u00bb4.16&#8243; _module_preset=\u00bbdefault\u00bb global_colors_info=\u00bb{}\u00bb][et_pb_image src=\u00bbhttps:\/\/torrensmoliner.com\/wp-content\/uploads\/2022\/04\/Image_0071-02-copia.jpg\u00bb title_text=\u00bbImage_0071-02 copia\u00bb align=\u00bbcenter\u00bb _builder_version=\u00bb4.20.0&#8243; _module_preset=\u00bbdefault\u00bb width=\u00bb200px\u00bb global_colors_info=\u00bb{}\u00bb][\/et_pb_image][\/et_pb_column][et_pb_column type=\u00bb1_2&#8243; _builder_version=\u00bb4.16&#8243; _module_preset=\u00bbdefault\u00bb background_color=\u00bb#f4f4f4&#8243; custom_padding=\u00bb25px|25px|25px|25px|true|true\u00bb custom_css_main_element=\u00bbdisplay: flex;||flex-direction: column;||justify-content: center;\u00bb border_radii=\u00bbon|25px|25px|25px|25px\u00bb global_colors_info=\u00bb{}\u00bb][et_pb_text _builder_version=\u00bb4.16&#8243; _module_preset=\u00bbdefault\u00bb header_3_font_size=\u00bb38px\u00bb custom_margin=\u00bb||0px||false|false\u00bb custom_padding=\u00bb||0px|||\u00bb global_colors_info=\u00bb{}\u00bb]<\/p>\n<h3>Vino Tinto Reserva 2014<\/h3>\n<p>[\/et_pb_text][et_pb_divider color=\u00bb#000000&#8243; divider_weight=\u00bb3px\u00bb _builder_version=\u00bb4.17.6&#8243; _module_preset=\u00bbdefault\u00bb width=\u00bb100%\u00bb custom_margin=\u00bb||3px|||\u00bb global_colors_info=\u00bb{}\u00bb][\/et_pb_divider][et_pb_text _builder_version=\u00bb4.17.6&#8243; _module_preset=\u00bbdefault\u00bb header_4_font=\u00bbMulish|600|||||||\u00bb header_4_font_size=\u00bb19px\u00bb custom_margin=\u00bb-8px|||||\u00bb custom_padding=\u00bb||1px|||\u00bb global_colors_info=\u00bb{}\u00bb]<\/p>\n<h4>Cabernet Sauvignon y merlot<\/h4>\n<p>[\/et_pb_text][et_pb_text _builder_version=\u00bb4.16&#8243; _module_preset=\u00bbdefault\u00bb global_colors_info=\u00bb{}\u00bb]<\/p>\n<div class=\"col-md-8\">\n<h5>Notas de Cata<\/h5>\n<p><span>L\u00edmpido, brillante con abundante l\u00e1grima. Crianza en barricas de roble franc\u00e9s. Color rojo picota bien cubierto. De aroma intenso con notas de vainilla y coco. Paladar estructurado, elegante y con personalidad que le aporta el car\u00e1cter de nuestra tierra.    <\/span><\/p>\n<h5>Variedad &#8211; Cosecha &#8211; Origen<\/h5>\n<p>Denominaci\u00f3n de origen Pened\u00e8s (DO PENEDES)<br \/> Fontrub\u00ed y El Pl\u00e0 del Pened\u00e8s (Alt Pened\u00e8s)<\/p>\n<p>Cosecha 2013 Lote. 01-0114<br \/> 50% Merlot, 50% Cabernet Sauvignon. <\/p>\n<p>Vendimia manual en Cajas de 15 Kg. Neto. <\/p>\n<h5>Crianza &#8211; Elaboraci\u00f3n<\/h5>\n<p><span>Crianza en barricas de roble franc\u00e9s durante 10 meses, y posterior envejecimiento en botella.<\/span><\/p>\n<\/div>\n<p>[\/et_pb_text][et_pb_button button_url=\u00bbhttps:\/\/torrensmoliner.com\/botiga\/cava\/gran-seleccio\/\u00bb button_text=\u00bbComprar\u00bb button_alignment=\u00bbright\u00bb _builder_version=\u00bb4.16&#8243; _module_preset=\u00bbdefault\u00bb global_colors_info=\u00bb{}\u00bb][\/et_pb_button][\/et_pb_column][\/et_pb_row][et_pb_row column_structure=\u00bb1_2,1_2&#8243; use_custom_gutter=\u00bbon\u00bb gutter_width=\u00bb1&#8243; make_equal=\u00bbon\u00bb module_id=\u00bbgran-seleccio\u00bb _builder_version=\u00bb4.16&#8243; _module_preset=\u00bbdefault\u00bb custom_margin=\u00bb30px||30px||true|false\u00bb global_colors_info=\u00bb{}\u00bb][et_pb_column type=\u00bb1_2&#8243; _builder_version=\u00bb4.16&#8243; _module_preset=\u00bbdefault\u00bb background_color=\u00bb#f4f4f4&#8243; custom_padding=\u00bb25px|25px|25px|25px|true|true\u00bb custom_css_main_element=\u00bbdisplay: flex;||flex-direction: column;||justify-content: center;\u00bb border_radii=\u00bbon|25px|25px|25px|25px\u00bb global_colors_info=\u00bb{}\u00bb][et_pb_text _builder_version=\u00bb4.16&#8243; _module_preset=\u00bbdefault\u00bb header_3_font_size=\u00bb38px\u00bb custom_margin=\u00bb||0px||false|false\u00bb custom_padding=\u00bb||0px|||\u00bb global_colors_info=\u00bb{}\u00bb]<\/p>\n<div class=\"et_pb_module et_pb_text et_pb_text_0 et_pb_text_align_left et_pb_bg_layout_light\">\n<div class=\"et_pb_text_inner\">\n<h3>Vino Tinto Crianza 2015<\/h3>\n<\/div>\n<\/div>\n<p>[\/et_pb_text][et_pb_divider color=\u00bb#5A0C1C\u00bb divider_weight=\u00bb3px\u00bb _builder_version=\u00bb4.17.6&#8243; _module_preset=\u00bbdefault\u00bb width=\u00bb100%\u00bb custom_margin=\u00bb||3px|||\u00bb global_colors_info=\u00bb{}\u00bb][\/et_pb_divider][et_pb_text _builder_version=\u00bb4.17.6&#8243; _module_preset=\u00bbdefault\u00bb header_4_font=\u00bbMulish|600|||||||\u00bb header_4_font_size=\u00bb19px\u00bb custom_margin=\u00bb-8px|||||\u00bb global_colors_info=\u00bb{}\u00bb]<\/p>\n<div class=\"et_pb_module et_pb_text et_pb_text_1 et_pb_text_align_left et_pb_bg_layout_light\">\n<div class=\"et_pb_text_inner\">\n<h4>Cabernet Sauvignon, Merlot y Syrah<\/h4>\n<\/div>\n<\/div>\n<p>[\/et_pb_text][et_pb_text _builder_version=\u00bb4.16&#8243; _module_preset=\u00bbdefault\u00bb global_colors_info=\u00bb{}\u00bb]<\/p>\n<div class=\"col-md-8\">\n<h5>Notas de Cata<\/h5>\n<p><span>Color rojo rub\u00ed. Aroma n\u00edtido e intenso, con paladar muy rico, redondo y de gran evoluci\u00f3n. Maceraci\u00f3n de la uva durante 15 d\u00edas. Crianza en barricas de roble franc\u00e9s a lo largo de 6 meses, y posterior reposo en botella.   <\/span><\/p>\n<h5>Variedad &#8211; Cosecha &#8211; Origen<\/h5>\n<p>Denominaci\u00f3n de origen Pened\u00e8s (DO PENEDES)<br \/> Fontrub\u00ed y El Pl\u00e0 del Pened\u00e8s (Alt Pened\u00e8s)<\/p>\n<p>Cosecha 2014 Lote. 01-0215<br \/> 25% Merlot, 25% Syrah, y 50% Cabernet Sauvignon. <\/p>\n<p>Vendimia manual en Cajas de 15 Kg. Neto. <\/p>\n<h5>Crianza &#8211; Elaboraci\u00f3n<\/h5>\n<p><span>Crianza en barricas de roble franc\u00e9s durante 6 meses, y posterior envejecimiento en botella.<\/span><\/p>\n<\/div>\n<p>[\/et_pb_text][et_pb_button button_url=\u00bbhttps:\/\/torrensmoliner.com\/botiga\/cava\/gran-reserva\/\u00bb button_text=\u00bbComprar\u00bb button_alignment=\u00bbright\u00bb _builder_version=\u00bb4.16&#8243; _module_preset=\u00bbdefault\u00bb global_colors_info=\u00bb{}\u00bb][\/et_pb_button][\/et_pb_column][et_pb_column type=\u00bb1_2&#8243; _builder_version=\u00bb4.16&#8243; _module_preset=\u00bbdefault\u00bb global_colors_info=\u00bb{}\u00bb][et_pb_image src=\u00bbhttps:\/\/torrensmoliner.com\/wp-content\/uploads\/2022\/04\/Image_0071-01-copia.jpg\u00bb title_text=\u00bbImage_0071-01 copia\u00bb align=\u00bbcenter\u00bb _builder_version=\u00bb4.20.0&#8243; _module_preset=\u00bbdefault\u00bb width=\u00bb200px\u00bb global_colors_info=\u00bb{}\u00bb][\/et_pb_image][\/et_pb_column][\/et_pb_row][et_pb_row column_structure=\u00bb1_2,1_2&#8243; use_custom_gutter=\u00bbon\u00bb gutter_width=\u00bb1&#8243; make_equal=\u00bbon\u00bb module_id=\u00bbgran-seleccio\u00bb _builder_version=\u00bb4.16&#8243; _module_preset=\u00bbdefault\u00bb custom_margin=\u00bb30px||30px||true|false\u00bb global_colors_info=\u00bb{}\u00bb][et_pb_column type=\u00bb1_2&#8243; _builder_version=\u00bb4.16&#8243; _module_preset=\u00bbdefault\u00bb global_colors_info=\u00bb{}\u00bb][et_pb_image src=\u00bbhttps:\/\/torrensmoliner.com\/wp-content\/uploads\/2022\/04\/Image_0091-01-copia.jpg\u00bb title_text=\u00bbImage_0091-01 copia\u00bb align=\u00bbcenter\u00bb _builder_version=\u00bb4.20.0&#8243; _module_preset=\u00bbdefault\u00bb width=\u00bb200px\u00bb global_colors_info=\u00bb{}\u00bb][\/et_pb_image][\/et_pb_column][et_pb_column type=\u00bb1_2&#8243; _builder_version=\u00bb4.16&#8243; _module_preset=\u00bbdefault\u00bb background_color=\u00bb#f4f4f4&#8243; custom_padding=\u00bb25px|25px|25px|25px|true|true\u00bb custom_css_main_element=\u00bbdisplay: flex;||flex-direction: column;||justify-content: center;\u00bb border_radii=\u00bbon|25px|25px|25px|25px\u00bb global_colors_info=\u00bb{}\u00bb][et_pb_text _builder_version=\u00bb4.16&#8243; _module_preset=\u00bbdefault\u00bb header_3_font_size=\u00bb38px\u00bb custom_margin=\u00bb||0px||false|false\u00bb custom_padding=\u00bb||0px|||\u00bb global_colors_info=\u00bb{}\u00bb]<\/p>\n<h3>Blanc d&#8217;Anyada<\/h3>\n<p>[\/et_pb_text][et_pb_divider color=\u00bb#398263&#8243; divider_weight=\u00bb3px\u00bb _builder_version=\u00bb4.17.6&#8243; _module_preset=\u00bbdefault\u00bb width=\u00bb100%\u00bb custom_margin=\u00bb||3px|||\u00bb global_colors_info=\u00bb{}\u00bb][\/et_pb_divider][et_pb_text _builder_version=\u00bb4.16&#8243; _module_preset=\u00bbdefault\u00bb header_4_font=\u00bbMulish|600|||||||\u00bb header_4_font_size=\u00bb19px\u00bb custom_margin=\u00bb-8px|||||\u00bb global_colors_info=\u00bb{}\u00bb]<\/p>\n<h4>Xarel.lo 100%<\/h4>\n<p>[\/et_pb_text][et_pb_text _builder_version=\u00bb4.16&#8243; _module_preset=\u00bbdefault\u00bb global_colors_info=\u00bb{}\u00bb]<\/p>\n<div class=\"col-md-8\">\n<h5>Notas de Cata<\/h5>\n<p><span>Joven, fresco, de interesante aroma y bouquet, seco y fresco cm corresponde a un vino de a\u00f1ada. Equilibrado, lleno y persistente en boca. <\/span><\/p>\n<h5>Variedad &#8211; Cosecha &#8211; Origen<\/h5>\n<p>Denominaci\u00f3n de origen Pened\u00e8s (DO PENEDES)<br \/> La Fortesa \u2013 Anoia (Alt Pened\u00e8s)<\/p>\n<p>Cosecha 2021 Lote. 03-0222 <\/p>\n<p>100% Xarel.lo<\/p>\n<p><span>Vendimia manual en Cajas de 15 Kg. Neto. <\/span><\/p>\n<h5>Crianza &#8211; Elaboraci\u00f3n<\/h5>\n<p><span>Maceraci\u00f3n en prensa y posterior en las propias l\u00edas, encontrando un equilibrio en frescura y potencialidad arom\u00e1tica.<\/span><\/p>\n<\/div>\n<p>[\/et_pb_text][et_pb_button button_url=\u00bbhttps:\/\/torrensmoliner.com\/botiga\/cava\/reserva\/\u00bb button_text=\u00bbComprar\u00bb button_alignment=\u00bbright\u00bb _builder_version=\u00bb4.16&#8243; _module_preset=\u00bbdefault\u00bb global_colors_info=\u00bb{}\u00bb][\/et_pb_button][\/et_pb_column][\/et_pb_row][\/et_pb_section]<\/p>\n","protected":false},"excerpt":{"rendered":"<p>Vino Tinto Reserva 2014Cabernet Sauvignon y merlot Notas de Cata L\u00edmpido, brillante con abundante l\u00e1grima. Crianza en barricas de roble franc\u00e9s. Color rojo picota bien cubierto. De aroma intenso con notas de vainilla y coco. Paladar estructurado, elegante y con personalidad que le aporta el car\u00e1cter de nuestra tierra. Variedad &#8211; Cosecha &#8211; Origen Denominaci\u00f3n [&hellip;]<\/p>\n","protected":false},"author":1,"featured_media":0,"parent":922,"menu_order":7,"comment_status":"closed","ping_status":"closed","template":"","meta":{"_acf_changed":false,"_et_pb_use_builder":"on","_et_pb_old_content":"","_et_gb_content_width":"","footnotes":""},"class_list":["post-933","page","type-page","status-publish","hentry"],"acf":[],"yoast_head":"<!-- This site is optimized with the Yoast SEO plugin v23.3 - https:\/\/yoast.com\/wordpress\/plugins\/seo\/ -->\n<title>Vinos - Torrens Moliner<\/title>\n<meta name=\"robots\" content=\"index, follow, max-snippet:-1, max-image-preview:large, max-video-preview:-1\" \/>\n<link rel=\"canonical\" href=\"https:\/\/torrensmoliner.com\/es\/coleccion\/vinos\/\" \/>\n<meta property=\"og:locale\" content=\"es_ES\" \/>\n<meta property=\"og:type\" content=\"article\" \/>\n<meta property=\"og:title\" content=\"Vinos - Torrens Moliner\" \/>\n<meta property=\"og:description\" content=\"Vino Tinto Reserva 2014Cabernet Sauvignon y merlot Notas de Cata L\u00edmpido, brillante con abundante l\u00e1grima. Crianza en barricas de roble franc\u00e9s. Color rojo picota bien cubierto. De aroma intenso con notas de vainilla y coco. Paladar estructurado, elegante y con personalidad que le aporta el car\u00e1cter de nuestra tierra. Variedad - Cosecha - Origen Denominaci\u00f3n [&hellip;]\" \/>\n<meta property=\"og:url\" content=\"https:\/\/torrensmoliner.com\/es\/coleccion\/vinos\/\" \/>\n<meta property=\"og:site_name\" content=\"Torrens Moliner\" \/>\n<meta property=\"article:modified_time\" content=\"2024-09-02T22:24:33+00:00\" \/>\n<meta name=\"twitter:card\" content=\"summary_large_image\" \/>\n<meta name=\"twitter:label1\" content=\"Tiempo de lectura\" \/>\n\t<meta name=\"twitter:data1\" content=\"6 minutos\" \/>\n<script type=\"application\/ld+json\" class=\"yoast-schema-graph\">{\"@context\":\"https:\/\/schema.org\",\"@graph\":[{\"@type\":\"WebPage\",\"@id\":\"https:\/\/torrensmoliner.com\/es\/coleccion\/vinos\/\",\"url\":\"https:\/\/torrensmoliner.com\/es\/coleccion\/vinos\/\",\"name\":\"Vinos - Torrens Moliner\",\"isPartOf\":{\"@id\":\"https:\/\/torrensmoliner.com\/es\/#website\"},\"datePublished\":\"2021-09-18T20:41:30+00:00\",\"dateModified\":\"2024-09-02T22:24:33+00:00\",\"breadcrumb\":{\"@id\":\"https:\/\/torrensmoliner.com\/es\/coleccion\/vinos\/#breadcrumb\"},\"inLanguage\":\"es\",\"potentialAction\":[{\"@type\":\"ReadAction\",\"target\":[\"https:\/\/torrensmoliner.com\/es\/coleccion\/vinos\/\"]}]},{\"@type\":\"BreadcrumbList\",\"@id\":\"https:\/\/torrensmoliner.com\/es\/coleccion\/vinos\/#breadcrumb\",\"itemListElement\":[{\"@type\":\"ListItem\",\"position\":1,\"name\":\"Portada\",\"item\":\"https:\/\/torrensmoliner.com\/es\/\"},{\"@type\":\"ListItem\",\"position\":2,\"name\":\"Colecci\u00f3n\",\"item\":\"https:\/\/torrensmoliner.com\/es\/coleccion\/\"},{\"@type\":\"ListItem\",\"position\":3,\"name\":\"Vinos\"}]},{\"@type\":\"WebSite\",\"@id\":\"https:\/\/torrensmoliner.com\/es\/#website\",\"url\":\"https:\/\/torrensmoliner.com\/es\/\",\"name\":\"Torrens Moliner\",\"description\":\"Vins i Caves a la Fortesa\",\"potentialAction\":[{\"@type\":\"SearchAction\",\"target\":{\"@type\":\"EntryPoint\",\"urlTemplate\":\"https:\/\/torrensmoliner.com\/es\/?s={search_term_string}\"},\"query-input\":\"required name=search_term_string\"}],\"inLanguage\":\"es\"}]}<\/script>\n<!-- \/ Yoast SEO plugin. -->","yoast_head_json":{"title":"Vinos - Torrens Moliner","robots":{"index":"index","follow":"follow","max-snippet":"max-snippet:-1","max-image-preview":"max-image-preview:large","max-video-preview":"max-video-preview:-1"},"canonical":"https:\/\/torrensmoliner.com\/es\/coleccion\/vinos\/","og_locale":"es_ES","og_type":"article","og_title":"Vinos - Torrens Moliner","og_description":"Vino Tinto Reserva 2014Cabernet Sauvignon y merlot Notas de Cata L\u00edmpido, brillante con abundante l\u00e1grima. Crianza en barricas de roble franc\u00e9s. Color rojo picota bien cubierto. De aroma intenso con notas de vainilla y coco. Paladar estructurado, elegante y con personalidad que le aporta el car\u00e1cter de nuestra tierra. Variedad - Cosecha - Origen Denominaci\u00f3n [&hellip;]","og_url":"https:\/\/torrensmoliner.com\/es\/coleccion\/vinos\/","og_site_name":"Torrens Moliner","article_modified_time":"2024-09-02T22:24:33+00:00","twitter_card":"summary_large_image","twitter_misc":{"Tiempo de lectura":"6 minutos"},"schema":{"@context":"https:\/\/schema.org","@graph":[{"@type":"WebPage","@id":"https:\/\/torrensmoliner.com\/es\/coleccion\/vinos\/","url":"https:\/\/torrensmoliner.com\/es\/coleccion\/vinos\/","name":"Vinos - Torrens Moliner","isPartOf":{"@id":"https:\/\/torrensmoliner.com\/es\/#website"},"datePublished":"2021-09-18T20:41:30+00:00","dateModified":"2024-09-02T22:24:33+00:00","breadcrumb":{"@id":"https:\/\/torrensmoliner.com\/es\/coleccion\/vinos\/#breadcrumb"},"inLanguage":"es","potentialAction":[{"@type":"ReadAction","target":["https:\/\/torrensmoliner.com\/es\/coleccion\/vinos\/"]}]},{"@type":"BreadcrumbList","@id":"https:\/\/torrensmoliner.com\/es\/coleccion\/vinos\/#breadcrumb","itemListElement":[{"@type":"ListItem","position":1,"name":"Portada","item":"https:\/\/torrensmoliner.com\/es\/"},{"@type":"ListItem","position":2,"name":"Colecci\u00f3n","item":"https:\/\/torrensmoliner.com\/es\/coleccion\/"},{"@type":"ListItem","position":3,"name":"Vinos"}]},{"@type":"WebSite","@id":"https:\/\/torrensmoliner.com\/es\/#website","url":"https:\/\/torrensmoliner.com\/es\/","name":"Torrens Moliner","description":"Vins i Caves a la Fortesa","potentialAction":[{"@type":"SearchAction","target":{"@type":"EntryPoint","urlTemplate":"https:\/\/torrensmoliner.com\/es\/?s={search_term_string}"},"query-input":"required name=search_term_string"}],"inLanguage":"es"}]}},"_links":{"self":[{"href":"https:\/\/torrensmoliner.com\/es\/wp-json\/wp\/v2\/pages\/933","targetHints":{"allow":["GET"]}}],"collection":[{"href":"https:\/\/torrensmoliner.com\/es\/wp-json\/wp\/v2\/pages"}],"about":[{"href":"https:\/\/torrensmoliner.com\/es\/wp-json\/wp\/v2\/types\/page"}],"author":[{"embeddable":true,"href":"https:\/\/torrensmoliner.com\/es\/wp-json\/wp\/v2\/users\/1"}],"replies":[{"embeddable":true,"href":"https:\/\/torrensmoliner.com\/es\/wp-json\/wp\/v2\/comments?post=933"}],"version-history":[{"count":2,"href":"https:\/\/torrensmoliner.com\/es\/wp-json\/wp\/v2\/pages\/933\/revisions"}],"predecessor-version":[{"id":977,"href":"https:\/\/torrensmoliner.com\/es\/wp-json\/wp\/v2\/pages\/933\/revisions\/977"}],"up":[{"embeddable":true,"href":"https:\/\/torrensmoliner.com\/es\/wp-json\/wp\/v2\/pages\/922"}],"wp:attachment":[{"href":"https:\/\/torrensmoliner.com\/es\/wp-json\/wp\/v2\/media?parent=933"}],"curies":[{"name":"wp","href":"https:\/\/api.w.org\/{rel}","templated":true}]}}